{"id":5198,"date":"2022-08-08T16:45:58","date_gmt":"2022-08-08T16:45:58","guid":{"rendered":"https:\/\/globaltaxjustice.org\/?post_type=event&#038;p=5198"},"modified":"2022-08-08T16:45:58","modified_gmt":"2022-08-08T16:45:58","slug":"we-need-to-talk-debt20-meets-g20","status":"publish","type":"event","link":"https:\/\/globaltaxjustice.org\/es\/eventos\/we-need-to-talk-debt20-meets-g20\/","title":{"rendered":"\u00abWe need to talk: Debt20 meets G20\u00bb"},"content":{"rendered":"<p><span style=\"font-weight: 400;\">Website<\/span><a href=\"http:\/\/erlassjahr.de\/termin\/wir-muessen-reden-debt20-meets-g20\/\"><span style=\"font-weight: 400;\">http:\/\/erlassjahr.de\/termin\/wir-muessen-reden-debt20-meets-g20\/<\/span><\/a><span style=\"font-weight: 400;\">\u00a0\u00a0\u00a0<\/span><\/p>\n<h1><span style=\"font-weight: 400;\">Ank\u00fcndigung<\/span><\/h1>\n<p><span style=\"font-weight: 400;\">116 L\u00e4nder im Globalen S\u00fcden sind aktuell kritisch verschuldet. Schuldenkrisen bedrohen die Zukunftsf\u00e4higkeit von Volkswirtschaften und stellen eine Gefahr f\u00fcr das Erreichen der globalen Entwicklungsziele dar.<\/span><\/p>\n<p><span style=\"font-weight: 400;\">Die G20 schreiben sich eine zentrale Rolle in der Sicherstellung eines stabilen globalen Finanzsystems zu. Sie wollen zu inklusivem Wirtschaftswachstum und Stabilit\u00e4t beitragen und nachhaltige Entwicklung erm\u00f6glichen. Dazu m\u00fcssen sie sich der Frage stellen, wie sie mit heutigen und zuk\u00fcnftigen Schuldenkrisen umgehen wollen.<\/span><\/p>\n<p><span style=\"font-weight: 400;\">Die Debt20 sind zwanzig Menschen aus kritisch verschuldeten L\u00e4ndern. Damit sich die dramatischen Krisen der Vergangenheit nicht wiederholen, wollen sie mit den G20 \u00fcber ihre Erfahrungen und Perspektiven sprechen und gemeinsam diskutieren, wie Schuldenkrisen in Zukunft schnell und effizient gel\u00f6st werden k\u00f6nnen.<\/span><\/p>\n<p><span style=\"font-weight: 400;\">Wir m\u00fcssen reden!<\/span><\/p>\n<p><img loading=\"lazy\" decoding=\"async\" class=\"wp-image-5200 alignnone\" src=\"http:\/\/globaltaxjustice.org\/wp-content\/uploads\/2022\/08\/2017-07-07-We-need-to-talk-Debt20-meets-G20-IMAGEM-2-300x136.png\" alt=\"\" width=\"448\" height=\"203\" srcset=\"https:\/\/globaltaxjustice.org\/wp-content\/uploads\/2022\/08\/2017-07-07-We-need-to-talk-Debt20-meets-G20-IMAGEM-2-300x136.png 300w, https:\/\/globaltaxjustice.org\/wp-content\/uploads\/2022\/08\/2017-07-07-We-need-to-talk-Debt20-meets-G20-IMAGEM-2-1024x463.png 1024w, https:\/\/globaltaxjustice.org\/wp-content\/uploads\/2022\/08\/2017-07-07-We-need-to-talk-Debt20-meets-G20-IMAGEM-2-768x347.png 768w, https:\/\/globaltaxjustice.org\/wp-content\/uploads\/2022\/08\/2017-07-07-We-need-to-talk-Debt20-meets-G20-IMAGEM-2-1536x694.png 1536w, https:\/\/globaltaxjustice.org\/wp-content\/uploads\/2022\/08\/2017-07-07-We-need-to-talk-Debt20-meets-G20-IMAGEM-2.png 1900w\" sizes=\"auto, (max-width: 448px) 100vw, 448px\" \/><\/p>\n<h1><span style=\"font-weight: 400;\">Programm<\/span><\/h1>\n<h3><span style=\"font-weight: 400;\">15:00 Uhr:\u00a0Er\u00f6ffnung und Begr\u00fc\u00dfung:<\/span><\/h3>\n<ul>\n<li style=\"font-weight: 400;\" aria-level=\"1\"><span style=\"font-weight: 400;\">Thomas M\u00e4ttig, Friedrich-Ebert-Stiftung<\/span><\/li>\n<li style=\"font-weight: 400;\" aria-level=\"1\"><span style=\"font-weight: 400;\">Eva Hanfst\u00e4ngl, Brot f\u00fcr die Welt<\/span><\/li>\n<li style=\"font-weight: 400;\" aria-level=\"1\"><span style=\"font-weight: 400;\">Kristina Rehbein, erlassjahr.de<\/span><\/li>\n<\/ul>\n<h3><span style=\"font-weight: 400;\">15:15 \u2013 17:00 Uhr:\u00a0Globale Schuldenkrisen \u2013 (K)Ein Ding der Vergangenheit?<\/span><\/h3>\n<p><span style=\"font-weight: 400;\">Es diskutieren:<\/span><\/p>\n<ul>\n<li style=\"font-weight: 400;\" aria-level=\"1\"><span style=\"font-weight: 400;\">Dr. Eufrigina dos Reis (Koordinatorin der Grupo da Divida Mozambique)<\/span><\/li>\n<li style=\"font-weight: 400;\" aria-level=\"1\"><span style=\"font-weight: 400;\">Dr. Fanwell Bokosi (Direktor African Forum and Network on Debt and Development, Simbabwe)<\/span><\/li>\n<li style=\"font-weight: 400;\" aria-level=\"1\"><span style=\"font-weight: 400;\">Alberto Acosta (Ecuadorianischer Wirtschaftswissenschaftler)<\/span><\/li>\n<\/ul>\n<p><span style=\"font-weight: 400;\">mit<\/span><\/p>\n<ul>\n<li style=\"font-weight: 400;\" aria-level=\"1\"><span style=\"font-weight: 400;\">Dr. Elke Baumann (Leiterin Abteilung Umschuldung\/Pariser Club im Bundesministerium der Finanzen)<\/span><\/li>\n<li style=\"font-weight: 400;\" aria-level=\"1\"><span style=\"font-weight: 400;\">Elena Flores (Leiterin Abteilung Internationale Wirtschafts- und Finanzbeziehungen der GD Wirtschaft undFinanzen der Europ\u00e4ischen Kommission)<\/span><\/li>\n<\/ul>\n<p><span style=\"font-weight: 400;\">Moderatorin:\u00a0Ajda Pistotnik (Fachreferentin Enabanda Slowenien)<\/span><\/p>\n<h3><span style=\"font-weight: 400;\">17:15 \u2013 19:00 Uhr: Von roten und schwarzen Nullen: Strukturanpassung als Weg aus der Schuldenkrise?<\/span><\/h3>\n<p><span style=\"font-weight: 400;\">Es disktuieren<\/span><\/p>\n<ul>\n<li style=\"font-weight: 400;\" aria-level=\"1\"><span style=\"font-weight: 400;\">Zvezdan Kalmar (Koordinator Center for Ecology and Sustainable Development, Serbien)<\/span><\/li>\n<li style=\"font-weight: 400;\" aria-level=\"1\"><span style=\"font-weight: 400;\">Abdul Khaliq (Direktor Institute for Social and Economic Justice, Pakistan)<\/span><\/li>\n<\/ul>\n<p><span style=\"font-weight: 400;\">mit<\/span><\/p>\n<ul>\n<li style=\"font-weight: 400;\" aria-level=\"1\"><span style=\"font-weight: 400;\">Mark Flanagan (stellvertretender Direktor Abteilung \u201eStrategy, Policy and Review\u201d im Internationalen W\u00e4hrungsfonds)<\/span><\/li>\n<li style=\"font-weight: 400;\" aria-level=\"1\"><span style=\"font-weight: 400;\">Isabel Ortiz (Leiterin \u201eSocial Protection\u201c bei der International Labour Organization)<\/span><\/li>\n<\/ul>\n<p><span style=\"font-weight: 400;\">Moderatorin:\u00a0Irina Khantadze (Direktorin Center for Training and Consultancy, Georgien)<\/span><\/p>\n<h3><span style=\"font-weight: 400;\">19:30 \u2013 21:30 Uhr:\u00a0Globale Schuldenkrisen auf der G20-Agenda: Erwartungen von und an die G20<\/span><\/h3>\n<p><span style=\"font-weight: 400;\">Es diskutieren:<\/span><\/p>\n<ul>\n<li style=\"font-weight: 400;\" aria-level=\"1\"><span style=\"font-weight: 400;\">Dr. Fanwell Bokosi (Direktor African Forum and Network on Debt and Development, Simbabwe)<\/span><\/li>\n<li style=\"font-weight: 400;\" aria-level=\"1\"><span style=\"font-weight: 400;\">Minister Hon. Oliver Joseph (Minister f\u00fcr wirtschaftliche Entwicklung, Handel und Planung in Grenada)<\/span><\/li>\n<li style=\"font-weight: 400;\" aria-level=\"1\"><span style=\"font-weight: 400;\">Prof. Yuefen Li (Special Advisor on Economics and Development Finance im South Center Genf, Schweiz)<\/span><\/li>\n<\/ul>\n<p><span style=\"font-weight: 400;\">mit<\/span><\/p>\n<ul>\n<li style=\"font-weight: 400;\" aria-level=\"1\"><span style=\"font-weight: 400;\">Marianne Koth\u00e9 (Leiterin Unterabteilung Internationale Finanz- und W\u00e4hrungspolitik im Bundesministerium der Finanzen, stellvertretende Leiterin \u201eProjekt G20 2017\u201c,\u00a0<\/span><i><span style=\"font-weight: 400;\">angefragt<\/span><\/i><span style=\"font-weight: 400;\">)<\/span><\/li>\n<li style=\"font-weight: 400;\" aria-level=\"1\"><span style=\"font-weight: 400;\">Mark Flanagan (stellvertretender Direktor Abteilung \u201eStrategy, Policy and Review\u201d im Internationalen W\u00e4hrungsfonds)<\/span><\/li>\n<\/ul>\n<p><b>Moderator:<\/b><span style=\"font-weight: 400;\">\u00a0Jesse Griffiths (Direktor European Network on Debt and Development)<\/span><\/p>\n","protected":false},"excerpt":{"rendered":"<p>116 L\u00e4nder im Globalen S\u00fcden sind aktuell kritisch verschuldet. Schuldenkrisen bedrohen die Zukunftsf\u00e4higkeit von Volksw<\/p>\n","protected":false},"featured_media":5199,"template":"","thematic-area":[112],"year":[19],"class_list":["post-5198","event","type-event","status-publish","has-post-thumbnail","hentry","thematic-area-tax-and-human-rights","year-19"],"acf":[],"yoast_head":"<!-- This site is optimized with the Yoast SEO plugin v27.2 - https:\/\/yoast.com\/product\/yoast-seo-wordpress\/ -->\n<title>&quot;We need to talk: Debt20 meets G20&quot; - Global Tax Justice<\/title>\n<meta name=\"robots\" content=\"index, follow, max-snippet:-1, max-image-preview:large, max-video-preview:-1\" \/>\n<link rel=\"canonical\" href=\"https:\/\/globaltaxjustice.org\/es\/eventos\/we-need-to-talk-debt20-meets-g20\/\" \/>\n<meta property=\"og:locale\" content=\"es_ES\" \/>\n<meta property=\"og:type\" content=\"article\" \/>\n<meta property=\"og:title\" content=\"&quot;We need to talk: Debt20 meets G20&quot; - Global Tax Justice\" \/>\n<meta property=\"og:description\" content=\"116 L\u00e4nder im Globalen S\u00fcden sind aktuell kritisch verschuldet. Schuldenkrisen bedrohen die Zukunftsf\u00e4higkeit von Volksw\" \/>\n<meta property=\"og:url\" content=\"https:\/\/globaltaxjustice.org\/es\/eventos\/we-need-to-talk-debt20-meets-g20\/\" \/>\n<meta property=\"og:site_name\" content=\"Global Tax Justice\" \/>\n<meta property=\"og:image\" content=\"https:\/\/globaltaxjustice.org\/wp-content\/uploads\/2022\/08\/2017-07-07-We-need-to-talk-Debt20-meets-G20-IMAGEM-PRINCIPAL.jpg\" \/>\n\t<meta property=\"og:image:width\" content=\"731\" \/>\n\t<meta property=\"og:image:height\" content=\"412\" \/>\n\t<meta property=\"og:image:type\" content=\"image\/jpeg\" \/>\n<meta name=\"twitter:card\" content=\"summary_large_image\" \/>\n<meta name=\"twitter:label1\" content=\"Est. reading time\" \/>\n\t<meta name=\"twitter:data1\" content=\"2 minutos\" \/>\n<script type=\"application\/ld+json\" class=\"yoast-schema-graph\">{\"@context\":\"https:\/\/schema.org\",\"@graph\":[{\"@type\":\"WebPage\",\"@id\":\"https:\/\/globaltaxjustice.org\/es\/eventos\/we-need-to-talk-debt20-meets-g20\/\",\"url\":\"https:\/\/globaltaxjustice.org\/es\/eventos\/we-need-to-talk-debt20-meets-g20\/\",\"name\":\"\\\"We need to talk: Debt20 meets G20\\\" - Global Tax Justice\",\"isPartOf\":{\"@id\":\"https:\/\/globaltaxjustice.org\/es\/#website\"},\"primaryImageOfPage\":{\"@id\":\"https:\/\/globaltaxjustice.org\/es\/eventos\/we-need-to-talk-debt20-meets-g20\/#primaryimage\"},\"image\":{\"@id\":\"https:\/\/globaltaxjustice.org\/es\/eventos\/we-need-to-talk-debt20-meets-g20\/#primaryimage\"},\"thumbnailUrl\":\"https:\/\/globaltaxjustice.org\/wp-content\/uploads\/2022\/08\/2017-07-07-We-need-to-talk-Debt20-meets-G20-IMAGEM-PRINCIPAL.jpg\",\"datePublished\":\"2022-08-08T16:45:58+00:00\",\"breadcrumb\":{\"@id\":\"https:\/\/globaltaxjustice.org\/es\/eventos\/we-need-to-talk-debt20-meets-g20\/#breadcrumb\"},\"inLanguage\":\"es\",\"potentialAction\":[{\"@type\":\"ReadAction\",\"target\":[\"https:\/\/globaltaxjustice.org\/es\/eventos\/we-need-to-talk-debt20-meets-g20\/\"]}]},{\"@type\":\"ImageObject\",\"inLanguage\":\"es\",\"@id\":\"https:\/\/globaltaxjustice.org\/es\/eventos\/we-need-to-talk-debt20-meets-g20\/#primaryimage\",\"url\":\"https:\/\/globaltaxjustice.org\/wp-content\/uploads\/2022\/08\/2017-07-07-We-need-to-talk-Debt20-meets-G20-IMAGEM-PRINCIPAL.jpg\",\"contentUrl\":\"https:\/\/globaltaxjustice.org\/wp-content\/uploads\/2022\/08\/2017-07-07-We-need-to-talk-Debt20-meets-G20-IMAGEM-PRINCIPAL.jpg\",\"width\":731,\"height\":412},{\"@type\":\"BreadcrumbList\",\"@id\":\"https:\/\/globaltaxjustice.org\/es\/eventos\/we-need-to-talk-debt20-meets-g20\/#breadcrumb\",\"itemListElement\":[{\"@type\":\"ListItem\",\"position\":1,\"name\":\"Home\",\"item\":\"https:\/\/globaltaxjustice.org\/es\/\"},{\"@type\":\"ListItem\",\"position\":2,\"name\":\"Events\",\"item\":\"https:\/\/globaltaxjustice.org\/es\/eventos\/\"},{\"@type\":\"ListItem\",\"position\":3,\"name\":\"&#8220;We need to talk: Debt20 meets G20&#8221;\"}]},{\"@type\":\"WebSite\",\"@id\":\"https:\/\/globaltaxjustice.org\/es\/#website\",\"url\":\"https:\/\/globaltaxjustice.org\/es\/\",\"name\":\"Global Tax Justice\",\"description\":\"Just another WordPress site\",\"publisher\":{\"@id\":\"https:\/\/globaltaxjustice.org\/es\/#organization\"},\"potentialAction\":[{\"@type\":\"SearchAction\",\"target\":{\"@type\":\"EntryPoint\",\"urlTemplate\":\"https:\/\/globaltaxjustice.org\/es\/?s={search_term_string}\"},\"query-input\":{\"@type\":\"PropertyValueSpecification\",\"valueRequired\":true,\"valueName\":\"search_term_string\"}}],\"inLanguage\":\"es\"},{\"@type\":\"Organization\",\"@id\":\"https:\/\/globaltaxjustice.org\/es\/#organization\",\"name\":\"Global Tax Justice\",\"url\":\"https:\/\/globaltaxjustice.org\/es\/\",\"logo\":{\"@type\":\"ImageObject\",\"inLanguage\":\"es\",\"@id\":\"https:\/\/globaltaxjustice.org\/es\/#\/schema\/logo\/image\/\",\"url\":\"https:\/\/globaltaxjustice.org\/wp-content\/uploads\/2024\/10\/logo_header.svg\",\"contentUrl\":\"https:\/\/globaltaxjustice.org\/wp-content\/uploads\/2024\/10\/logo_header.svg\",\"width\":229,\"height\":40,\"caption\":\"Global Tax Justice\"},\"image\":{\"@id\":\"https:\/\/globaltaxjustice.org\/es\/#\/schema\/logo\/image\/\"}}]}<\/script>\n<!-- \/ Yoast SEO plugin. -->","yoast_head_json":{"title":"\"We need to talk: Debt20 meets G20\" - Global Tax Justice","robots":{"index":"index","follow":"follow","max-snippet":"max-snippet:-1","max-image-preview":"max-image-preview:large","max-video-preview":"max-video-preview:-1"},"canonical":"https:\/\/globaltaxjustice.org\/es\/eventos\/we-need-to-talk-debt20-meets-g20\/","og_locale":"es_ES","og_type":"article","og_title":"\"We need to talk: Debt20 meets G20\" - Global Tax Justice","og_description":"116 L\u00e4nder im Globalen S\u00fcden sind aktuell kritisch verschuldet. Schuldenkrisen bedrohen die Zukunftsf\u00e4higkeit von Volksw","og_url":"https:\/\/globaltaxjustice.org\/es\/eventos\/we-need-to-talk-debt20-meets-g20\/","og_site_name":"Global Tax Justice","og_image":[{"width":731,"height":412,"url":"https:\/\/globaltaxjustice.org\/wp-content\/uploads\/2022\/08\/2017-07-07-We-need-to-talk-Debt20-meets-G20-IMAGEM-PRINCIPAL.jpg","type":"image\/jpeg"}],"twitter_card":"summary_large_image","twitter_misc":{"Est. reading time":"2 minutos"},"schema":{"@context":"https:\/\/schema.org","@graph":[{"@type":"WebPage","@id":"https:\/\/globaltaxjustice.org\/es\/eventos\/we-need-to-talk-debt20-meets-g20\/","url":"https:\/\/globaltaxjustice.org\/es\/eventos\/we-need-to-talk-debt20-meets-g20\/","name":"\"We need to talk: Debt20 meets G20\" - Global Tax Justice","isPartOf":{"@id":"https:\/\/globaltaxjustice.org\/es\/#website"},"primaryImageOfPage":{"@id":"https:\/\/globaltaxjustice.org\/es\/eventos\/we-need-to-talk-debt20-meets-g20\/#primaryimage"},"image":{"@id":"https:\/\/globaltaxjustice.org\/es\/eventos\/we-need-to-talk-debt20-meets-g20\/#primaryimage"},"thumbnailUrl":"https:\/\/globaltaxjustice.org\/wp-content\/uploads\/2022\/08\/2017-07-07-We-need-to-talk-Debt20-meets-G20-IMAGEM-PRINCIPAL.jpg","datePublished":"2022-08-08T16:45:58+00:00","breadcrumb":{"@id":"https:\/\/globaltaxjustice.org\/es\/eventos\/we-need-to-talk-debt20-meets-g20\/#breadcrumb"},"inLanguage":"es","potentialAction":[{"@type":"ReadAction","target":["https:\/\/globaltaxjustice.org\/es\/eventos\/we-need-to-talk-debt20-meets-g20\/"]}]},{"@type":"ImageObject","inLanguage":"es","@id":"https:\/\/globaltaxjustice.org\/es\/eventos\/we-need-to-talk-debt20-meets-g20\/#primaryimage","url":"https:\/\/globaltaxjustice.org\/wp-content\/uploads\/2022\/08\/2017-07-07-We-need-to-talk-Debt20-meets-G20-IMAGEM-PRINCIPAL.jpg","contentUrl":"https:\/\/globaltaxjustice.org\/wp-content\/uploads\/2022\/08\/2017-07-07-We-need-to-talk-Debt20-meets-G20-IMAGEM-PRINCIPAL.jpg","width":731,"height":412},{"@type":"BreadcrumbList","@id":"https:\/\/globaltaxjustice.org\/es\/eventos\/we-need-to-talk-debt20-meets-g20\/#breadcrumb","itemListElement":[{"@type":"ListItem","position":1,"name":"Home","item":"https:\/\/globaltaxjustice.org\/es\/"},{"@type":"ListItem","position":2,"name":"Events","item":"https:\/\/globaltaxjustice.org\/es\/eventos\/"},{"@type":"ListItem","position":3,"name":"&#8220;We need to talk: Debt20 meets G20&#8221;"}]},{"@type":"WebSite","@id":"https:\/\/globaltaxjustice.org\/es\/#website","url":"https:\/\/globaltaxjustice.org\/es\/","name":"Global Tax Justice","description":"Just another WordPress site","publisher":{"@id":"https:\/\/globaltaxjustice.org\/es\/#organization"},"potentialAction":[{"@type":"SearchAction","target":{"@type":"EntryPoint","urlTemplate":"https:\/\/globaltaxjustice.org\/es\/?s={search_term_string}"},"query-input":{"@type":"PropertyValueSpecification","valueRequired":true,"valueName":"search_term_string"}}],"inLanguage":"es"},{"@type":"Organization","@id":"https:\/\/globaltaxjustice.org\/es\/#organization","name":"Global Tax Justice","url":"https:\/\/globaltaxjustice.org\/es\/","logo":{"@type":"ImageObject","inLanguage":"es","@id":"https:\/\/globaltaxjustice.org\/es\/#\/schema\/logo\/image\/","url":"https:\/\/globaltaxjustice.org\/wp-content\/uploads\/2024\/10\/logo_header.svg","contentUrl":"https:\/\/globaltaxjustice.org\/wp-content\/uploads\/2024\/10\/logo_header.svg","width":229,"height":40,"caption":"Global Tax Justice"},"image":{"@id":"https:\/\/globaltaxjustice.org\/es\/#\/schema\/logo\/image\/"}}]}},"_links":{"self":[{"href":"https:\/\/globaltaxjustice.org\/es\/wp-json\/wp\/v2\/event\/5198","targetHints":{"allow":["GET"]}}],"collection":[{"href":"https:\/\/globaltaxjustice.org\/es\/wp-json\/wp\/v2\/event"}],"about":[{"href":"https:\/\/globaltaxjustice.org\/es\/wp-json\/wp\/v2\/types\/event"}],"version-history":[{"count":0,"href":"https:\/\/globaltaxjustice.org\/es\/wp-json\/wp\/v2\/event\/5198\/revisions"}],"wp:featuredmedia":[{"embeddable":true,"href":"https:\/\/globaltaxjustice.org\/es\/wp-json\/wp\/v2\/media\/5199"}],"wp:attachment":[{"href":"https:\/\/globaltaxjustice.org\/es\/wp-json\/wp\/v2\/media?parent=5198"}],"wp:term":[{"taxonomy":"thematic-area","embeddable":true,"href":"https:\/\/globaltaxjustice.org\/es\/wp-json\/wp\/v2\/thematic-area?post=5198"},{"taxonomy":"year","embeddable":true,"href":"https:\/\/globaltaxjustice.org\/es\/wp-json\/wp\/v2\/year?post=5198"}],"curies":[{"name":"wp","href":"https:\/\/api.w.org\/{rel}","templated":true}]}}