{"id":6664,"date":"2022-08-11T18:49:15","date_gmt":"2022-08-11T18:49:15","guid":{"rendered":"https:\/\/globaltaxjustice.org\/?post_type=event&#038;p=6664"},"modified":"2022-08-11T18:49:15","modified_gmt":"2022-08-11T18:49:15","slug":"2018-conference-of-the-tax-justice-network-paraiso-perdido","status":"publish","type":"event","link":"https:\/\/globaltaxjustice.org\/es\/eventos\/2018-conference-of-the-tax-justice-network-paraiso-perdido\/","title":{"rendered":"2018 conference of the Tax Justice Network: \u00bfPara\u00edso perdido?"},"content":{"rendered":"<p><i><span style=\"font-weight: 400;\">Espa\u00f1ol abajo<\/span><\/i><\/p>\n<h3><span style=\"font-weight: 400;\">#tjn18<\/span><\/h3>\n<h3><span style=\"font-weight: 400;\">\u00bfPara\u00edso perdido?<\/span><\/h3>\n<h3><span style=\"font-weight: 400;\">DESIGUALDAD E INJUSTICIA FISCAL<\/span><\/h3>\n<p><span style=\"font-weight: 400;\">The 2018 conference of the Tax Justice Network, part of an annual series dating back to 2003 and co-organised with the Friedrich-Ebert-Stiftung (FES) and Latindadd, will showcase cutting-edge research from the region and beyond, bringing together researchers, academics, journalists, policy staff of civil society organisations, consultants and professionals, elected politicians and their researchers, government and international organisation officials. The purpose is to facilitate research, open-minded debate and discussion, and to generate ideas and proposals to inform and shape political initiatives and mobilisation. The conference will be held in both Spanish and English, with dual translation.<\/span><\/p>\n<p><span style=\"font-weight: 400;\">\u00a0<\/span><\/p>\n<p><span style=\"font-weight: 400;\">&#8212;<\/span><\/p>\n<p><span style=\"font-weight: 400;\">La conferencia 2018 de la Tax Justice Network, que forma parte de una serie anual de conferencias que se remonta al 2003 y que es organizada conjuntamente con la\u00a0<\/span><b>Friedrich-EbertStiftung (FES)<\/b><span style=\"font-weight: 400;\">\u00a0y la\u00a0<\/span><b>Red Latinoamericana sobre Deuda, Desarrollo y Derechos (Latindadd)<\/b><span style=\"font-weight: 400;\">, mostrar\u00e1 la investigaci\u00f3n de vanguardia de la regi\u00f3n y otras latitudes, reuniendo a investigadores, acad\u00e9micos, periodistas, personal pol\u00edtico de organizaciones de la sociedad civil, consultores y profesionales, pol\u00edticos electos y sus investigadores, funcionarios gubernamentales y de organizaciones internacionales. El prop\u00f3sito es facilitar la investigaci\u00f3n, el debate y la discusi\u00f3n de mentalidad abierta, generar ideas y propuestas para informar y dar forma a las iniciativas pol\u00edticas y a la movilizaci\u00f3n. La conferencia se llevar\u00e1 a cabo en espa\u00f1ol e ingl\u00e9s, con interpretaci\u00f3n directa e inversa.<\/span><\/p>\n<p><span style=\"font-weight: 400;\">\u00a0<\/span><\/p>\n<p><span style=\"font-weight: 400;\">&#8212;<\/span><\/p>\n<p><b>Registration<\/b><\/p>\n<p><i><span style=\"font-weight: 400;\">Registration is now open for our annual conference:\u00a0<\/span><\/i><a href=\"https:\/\/www.eventbrite.co.uk\/e\/paradise-lost-inequality-and-tax-injustice-eng-registration-tickets-43888237901\"><b><i>Sign up now<\/i><\/b><\/a><i><span style=\"font-weight: 400;\">, and we\u2019ll see you there! Full details including the programme are below, along with contacts for any questions or comments.<\/span><\/i><\/p>\n<p><i><span style=\"font-weight: 400;\">El plazo de inscripci\u00f3n est\u00e1 ahora abierto para nuestra conferencia anual: \u00a1<\/span><\/i><a href=\"https:\/\/www.eventbrite.co.uk\/e\/paraiso-perdidodesigualdad-e-injusticia-fiscal-esp-registro-tickets-44017360109\"><b><i>Reg\u00edstrese ahora<\/i><\/b><\/a><i><span style=\"font-weight: 400;\">\u00a0y lo veremos all\u00ed! Los detalles completos, incluido el programa, est\u00e1n a continuaci\u00f3n, junto con los contactos para cualquier pregunta o comentario.<\/span><\/i><\/p>\n<p><b>For more information contact:\u00a0<\/b><a href=\"mailto:fariya@taxjustice.net\"><span style=\"font-weight: 400;\">Fariya Mohiuddin<\/span><\/a><span style=\"font-weight: 400;\">\u00a0(English)<\/span><\/p>\n<p><b>Para m\u00e1s informaci\u00f3n contactar:\u00a0<\/b><a href=\"mailto:ckremer@latindadd.org\"><span style=\"font-weight: 400;\">Claudia Kremer<\/span><\/a><span style=\"font-weight: 400;\">\u00a0,\u00a0<\/span><a href=\"mailto:luismoreno@latindadd.org\"><span style=\"font-weight: 400;\">Luis Moreno<\/span><\/a><span style=\"font-weight: 400;\">\u00a0 (espa\u00f1ol)<\/span><\/p>\n<p><span style=\"font-weight: 400;\">Agenda\u00a0<\/span><a href=\"https:\/\/www.taxjustice.net\/es-ES\/2018\/03\/09\/tjn18-plazo-abierto\/\"><span style=\"font-weight: 400;\">aqu\u00ed en espa\u00f1ol<\/span><\/a><span style=\"font-weight: 400;\">\u00a0&#8211;\u00a0<\/span><a href=\"http:\/\/taxjustice.wpengine.com\/2018\/03\/09\/tjn18-registration-open\/\"><span style=\"font-weight: 400;\">here in English<\/span><\/a><\/p>\n\n","protected":false},"excerpt":{"rendered":"<p>The 2018 conference of the Tax Justice Network, part of an annual series dating back to 2003 and co-organised with the F<\/p>\n","protected":false},"featured_media":6665,"template":"","thematic-area":[111],"year":[20],"class_list":["post-6664","event","type-event","status-publish","has-post-thumbnail","hentry","thematic-area-tax-and-transparency","year-20"],"acf":[],"yoast_head":"<!-- This site is optimized with the Yoast SEO plugin v27.2 - https:\/\/yoast.com\/product\/yoast-seo-wordpress\/ -->\n<title>2018 conference of the Tax Justice Network: \u00bfPara\u00edso perdido? - Global Tax Justice<\/title>\n<meta name=\"robots\" content=\"index, follow, max-snippet:-1, max-image-preview:large, max-video-preview:-1\" \/>\n<link rel=\"canonical\" href=\"https:\/\/globaltaxjustice.org\/es\/eventos\/2018-conference-of-the-tax-justice-network-paraiso-perdido\/\" \/>\n<meta property=\"og:locale\" content=\"es_ES\" \/>\n<meta property=\"og:type\" content=\"article\" \/>\n<meta property=\"og:title\" content=\"2018 conference of the Tax Justice Network: \u00bfPara\u00edso perdido? - Global Tax Justice\" \/>\n<meta property=\"og:description\" content=\"The 2018 conference of the Tax Justice Network, part of an annual series dating back to 2003 and co-organised with the F\" \/>\n<meta property=\"og:url\" content=\"https:\/\/globaltaxjustice.org\/es\/eventos\/2018-conference-of-the-tax-justice-network-paraiso-perdido\/\" \/>\n<meta property=\"og:site_name\" content=\"Global Tax Justice\" \/>\n<meta property=\"og:image\" content=\"https:\/\/globaltaxjustice.org\/wp-content\/uploads\/2022\/08\/2018-06-13-2018-conference-of-the-Tax-Justice-Network-\u00bfParaiso-perdido-ES-IMAGEM-PRINCIPAL.png\" \/>\n\t<meta property=\"og:image:width\" content=\"731\" \/>\n\t<meta property=\"og:image:height\" content=\"412\" \/>\n\t<meta property=\"og:image:type\" content=\"image\/png\" \/>\n<meta name=\"twitter:card\" content=\"summary_large_image\" \/>\n<meta name=\"twitter:label1\" content=\"Est. reading time\" \/>\n\t<meta name=\"twitter:data1\" content=\"2 minutos\" \/>\n<script type=\"application\/ld+json\" class=\"yoast-schema-graph\">{\"@context\":\"https:\/\/schema.org\",\"@graph\":[{\"@type\":\"WebPage\",\"@id\":\"https:\/\/globaltaxjustice.org\/es\/eventos\/2018-conference-of-the-tax-justice-network-paraiso-perdido\/\",\"url\":\"https:\/\/globaltaxjustice.org\/es\/eventos\/2018-conference-of-the-tax-justice-network-paraiso-perdido\/\",\"name\":\"2018 conference of the Tax Justice Network: \u00bfPara\u00edso perdido? - Global Tax Justice\",\"isPartOf\":{\"@id\":\"https:\/\/globaltaxjustice.org\/es\/#website\"},\"primaryImageOfPage\":{\"@id\":\"https:\/\/globaltaxjustice.org\/es\/eventos\/2018-conference-of-the-tax-justice-network-paraiso-perdido\/#primaryimage\"},\"image\":{\"@id\":\"https:\/\/globaltaxjustice.org\/es\/eventos\/2018-conference-of-the-tax-justice-network-paraiso-perdido\/#primaryimage\"},\"thumbnailUrl\":\"https:\/\/globaltaxjustice.org\/wp-content\/uploads\/2022\/08\/2018-06-13-2018-conference-of-the-Tax-Justice-Network-\u00bfParaiso-perdido-ES-IMAGEM-PRINCIPAL.png\",\"datePublished\":\"2022-08-11T18:49:15+00:00\",\"breadcrumb\":{\"@id\":\"https:\/\/globaltaxjustice.org\/es\/eventos\/2018-conference-of-the-tax-justice-network-paraiso-perdido\/#breadcrumb\"},\"inLanguage\":\"es\",\"potentialAction\":[{\"@type\":\"ReadAction\",\"target\":[\"https:\/\/globaltaxjustice.org\/es\/eventos\/2018-conference-of-the-tax-justice-network-paraiso-perdido\/\"]}]},{\"@type\":\"ImageObject\",\"inLanguage\":\"es\",\"@id\":\"https:\/\/globaltaxjustice.org\/es\/eventos\/2018-conference-of-the-tax-justice-network-paraiso-perdido\/#primaryimage\",\"url\":\"https:\/\/globaltaxjustice.org\/wp-content\/uploads\/2022\/08\/2018-06-13-2018-conference-of-the-Tax-Justice-Network-\u00bfParaiso-perdido-ES-IMAGEM-PRINCIPAL.png\",\"contentUrl\":\"https:\/\/globaltaxjustice.org\/wp-content\/uploads\/2022\/08\/2018-06-13-2018-conference-of-the-Tax-Justice-Network-\u00bfParaiso-perdido-ES-IMAGEM-PRINCIPAL.png\",\"width\":731,\"height\":412},{\"@type\":\"BreadcrumbList\",\"@id\":\"https:\/\/globaltaxjustice.org\/es\/eventos\/2018-conference-of-the-tax-justice-network-paraiso-perdido\/#breadcrumb\",\"itemListElement\":[{\"@type\":\"ListItem\",\"position\":1,\"name\":\"Home\",\"item\":\"https:\/\/globaltaxjustice.org\/es\/\"},{\"@type\":\"ListItem\",\"position\":2,\"name\":\"Events\",\"item\":\"https:\/\/globaltaxjustice.org\/es\/eventos\/\"},{\"@type\":\"ListItem\",\"position\":3,\"name\":\"2018 conference of the Tax Justice Network: \u00bfPara\u00edso perdido?\"}]},{\"@type\":\"WebSite\",\"@id\":\"https:\/\/globaltaxjustice.org\/es\/#website\",\"url\":\"https:\/\/globaltaxjustice.org\/es\/\",\"name\":\"Global Tax Justice\",\"description\":\"Just another WordPress site\",\"publisher\":{\"@id\":\"https:\/\/globaltaxjustice.org\/es\/#organization\"},\"potentialAction\":[{\"@type\":\"SearchAction\",\"target\":{\"@type\":\"EntryPoint\",\"urlTemplate\":\"https:\/\/globaltaxjustice.org\/es\/?s={search_term_string}\"},\"query-input\":{\"@type\":\"PropertyValueSpecification\",\"valueRequired\":true,\"valueName\":\"search_term_string\"}}],\"inLanguage\":\"es\"},{\"@type\":\"Organization\",\"@id\":\"https:\/\/globaltaxjustice.org\/es\/#organization\",\"name\":\"Global Tax Justice\",\"url\":\"https:\/\/globaltaxjustice.org\/es\/\",\"logo\":{\"@type\":\"ImageObject\",\"inLanguage\":\"es\",\"@id\":\"https:\/\/globaltaxjustice.org\/es\/#\/schema\/logo\/image\/\",\"url\":\"https:\/\/globaltaxjustice.org\/wp-content\/uploads\/2024\/10\/logo_header.svg\",\"contentUrl\":\"https:\/\/globaltaxjustice.org\/wp-content\/uploads\/2024\/10\/logo_header.svg\",\"width\":229,\"height\":40,\"caption\":\"Global Tax Justice\"},\"image\":{\"@id\":\"https:\/\/globaltaxjustice.org\/es\/#\/schema\/logo\/image\/\"}}]}<\/script>\n<!-- \/ Yoast SEO plugin. -->","yoast_head_json":{"title":"2018 conference of the Tax Justice Network: \u00bfPara\u00edso perdido? - Global Tax Justice","robots":{"index":"index","follow":"follow","max-snippet":"max-snippet:-1","max-image-preview":"max-image-preview:large","max-video-preview":"max-video-preview:-1"},"canonical":"https:\/\/globaltaxjustice.org\/es\/eventos\/2018-conference-of-the-tax-justice-network-paraiso-perdido\/","og_locale":"es_ES","og_type":"article","og_title":"2018 conference of the Tax Justice Network: \u00bfPara\u00edso perdido? - Global Tax Justice","og_description":"The 2018 conference of the Tax Justice Network, part of an annual series dating back to 2003 and co-organised with the F","og_url":"https:\/\/globaltaxjustice.org\/es\/eventos\/2018-conference-of-the-tax-justice-network-paraiso-perdido\/","og_site_name":"Global Tax Justice","og_image":[{"width":731,"height":412,"url":"https:\/\/globaltaxjustice.org\/wp-content\/uploads\/2022\/08\/2018-06-13-2018-conference-of-the-Tax-Justice-Network-\u00bfParaiso-perdido-ES-IMAGEM-PRINCIPAL.png","type":"image\/png"}],"twitter_card":"summary_large_image","twitter_misc":{"Est. reading time":"2 minutos"},"schema":{"@context":"https:\/\/schema.org","@graph":[{"@type":"WebPage","@id":"https:\/\/globaltaxjustice.org\/es\/eventos\/2018-conference-of-the-tax-justice-network-paraiso-perdido\/","url":"https:\/\/globaltaxjustice.org\/es\/eventos\/2018-conference-of-the-tax-justice-network-paraiso-perdido\/","name":"2018 conference of the Tax Justice Network: \u00bfPara\u00edso perdido? - Global Tax Justice","isPartOf":{"@id":"https:\/\/globaltaxjustice.org\/es\/#website"},"primaryImageOfPage":{"@id":"https:\/\/globaltaxjustice.org\/es\/eventos\/2018-conference-of-the-tax-justice-network-paraiso-perdido\/#primaryimage"},"image":{"@id":"https:\/\/globaltaxjustice.org\/es\/eventos\/2018-conference-of-the-tax-justice-network-paraiso-perdido\/#primaryimage"},"thumbnailUrl":"https:\/\/globaltaxjustice.org\/wp-content\/uploads\/2022\/08\/2018-06-13-2018-conference-of-the-Tax-Justice-Network-\u00bfParaiso-perdido-ES-IMAGEM-PRINCIPAL.png","datePublished":"2022-08-11T18:49:15+00:00","breadcrumb":{"@id":"https:\/\/globaltaxjustice.org\/es\/eventos\/2018-conference-of-the-tax-justice-network-paraiso-perdido\/#breadcrumb"},"inLanguage":"es","potentialAction":[{"@type":"ReadAction","target":["https:\/\/globaltaxjustice.org\/es\/eventos\/2018-conference-of-the-tax-justice-network-paraiso-perdido\/"]}]},{"@type":"ImageObject","inLanguage":"es","@id":"https:\/\/globaltaxjustice.org\/es\/eventos\/2018-conference-of-the-tax-justice-network-paraiso-perdido\/#primaryimage","url":"https:\/\/globaltaxjustice.org\/wp-content\/uploads\/2022\/08\/2018-06-13-2018-conference-of-the-Tax-Justice-Network-\u00bfParaiso-perdido-ES-IMAGEM-PRINCIPAL.png","contentUrl":"https:\/\/globaltaxjustice.org\/wp-content\/uploads\/2022\/08\/2018-06-13-2018-conference-of-the-Tax-Justice-Network-\u00bfParaiso-perdido-ES-IMAGEM-PRINCIPAL.png","width":731,"height":412},{"@type":"BreadcrumbList","@id":"https:\/\/globaltaxjustice.org\/es\/eventos\/2018-conference-of-the-tax-justice-network-paraiso-perdido\/#breadcrumb","itemListElement":[{"@type":"ListItem","position":1,"name":"Home","item":"https:\/\/globaltaxjustice.org\/es\/"},{"@type":"ListItem","position":2,"name":"Events","item":"https:\/\/globaltaxjustice.org\/es\/eventos\/"},{"@type":"ListItem","position":3,"name":"2018 conference of the Tax Justice Network: \u00bfPara\u00edso perdido?"}]},{"@type":"WebSite","@id":"https:\/\/globaltaxjustice.org\/es\/#website","url":"https:\/\/globaltaxjustice.org\/es\/","name":"Global Tax Justice","description":"Just another WordPress site","publisher":{"@id":"https:\/\/globaltaxjustice.org\/es\/#organization"},"potentialAction":[{"@type":"SearchAction","target":{"@type":"EntryPoint","urlTemplate":"https:\/\/globaltaxjustice.org\/es\/?s={search_term_string}"},"query-input":{"@type":"PropertyValueSpecification","valueRequired":true,"valueName":"search_term_string"}}],"inLanguage":"es"},{"@type":"Organization","@id":"https:\/\/globaltaxjustice.org\/es\/#organization","name":"Global Tax Justice","url":"https:\/\/globaltaxjustice.org\/es\/","logo":{"@type":"ImageObject","inLanguage":"es","@id":"https:\/\/globaltaxjustice.org\/es\/#\/schema\/logo\/image\/","url":"https:\/\/globaltaxjustice.org\/wp-content\/uploads\/2024\/10\/logo_header.svg","contentUrl":"https:\/\/globaltaxjustice.org\/wp-content\/uploads\/2024\/10\/logo_header.svg","width":229,"height":40,"caption":"Global Tax Justice"},"image":{"@id":"https:\/\/globaltaxjustice.org\/es\/#\/schema\/logo\/image\/"}}]}},"_links":{"self":[{"href":"https:\/\/globaltaxjustice.org\/es\/wp-json\/wp\/v2\/event\/6664","targetHints":{"allow":["GET"]}}],"collection":[{"href":"https:\/\/globaltaxjustice.org\/es\/wp-json\/wp\/v2\/event"}],"about":[{"href":"https:\/\/globaltaxjustice.org\/es\/wp-json\/wp\/v2\/types\/event"}],"version-history":[{"count":0,"href":"https:\/\/globaltaxjustice.org\/es\/wp-json\/wp\/v2\/event\/6664\/revisions"}],"wp:featuredmedia":[{"embeddable":true,"href":"https:\/\/globaltaxjustice.org\/es\/wp-json\/wp\/v2\/media\/6665"}],"wp:attachment":[{"href":"https:\/\/globaltaxjustice.org\/es\/wp-json\/wp\/v2\/media?parent=6664"}],"wp:term":[{"taxonomy":"thematic-area","embeddable":true,"href":"https:\/\/globaltaxjustice.org\/es\/wp-json\/wp\/v2\/thematic-area?post=6664"},{"taxonomy":"year","embeddable":true,"href":"https:\/\/globaltaxjustice.org\/es\/wp-json\/wp\/v2\/year?post=6664"}],"curies":[{"name":"wp","href":"https:\/\/api.w.org\/{rel}","templated":true}]}}