{"id":8073,"date":"2022-08-23T18:43:51","date_gmt":"2022-08-23T18:43:51","guid":{"rendered":"https:\/\/globaltaxjustice.org\/?post_type=event&#038;p=8073"},"modified":"2022-08-23T18:43:51","modified_gmt":"2022-08-23T18:43:51","slug":"tax-justice-for-a-feminist-and-transformative-recovery","status":"publish","type":"event","link":"https:\/\/globaltaxjustice.org\/es\/eventos\/tax-justice-for-a-feminist-and-transformative-recovery\/","title":{"rendered":"Tax justice for a feminist and transformative recovery"},"content":{"rendered":"<p><span style=\"font-weight: 400;\">Website<\/span><a href=\"https:\/\/bit.ly\/GDOA22-kickoff\"><span style=\"font-weight: 400;\">https:\/\/bit.ly\/GDOA22-kickoff<\/span><\/a><\/p>\n<p><span style=\"font-weight: 400;\">[ENGLISH] To kick-off the\u00a0<\/span><b>Global Days of Action on Tax Justice for Women&#8217;s Rights 2022<\/b><span style=\"font-weight: 400;\">, the Global Alliance for Tax Justice (GATJ) invite civil society organisations, academics, pratictioners and activists for a discussion on how to advance tax justice to foster a feminist and transformative economic recovery, and achieve gender equality and women\u2019s rights.<\/span><\/p>\n<p><span style=\"font-weight: 400;\">\u00a0<\/span><\/p>\n<p><span style=\"font-weight: 400;\">[ESPA\u00d1OL] Para dar inicio a los\u00a0<\/span><b>D\u00edas de Acci\u00f3n Global por Justicia Fiscal por los Derechos de las Mujeres 2022<\/b><span style=\"font-weight: 400;\">, la Alianza Global por la Justicia Fiscal (GATJ) invita a organizaciones de la sociedad civil, acad\u00e9micos, practicantes y activistas a un debate sobre c\u00f3mo promover la justicia fiscal para fomentar una recuperaci\u00f3n econ\u00f3mica feminista y transformadora, y lograr la igualdad de g\u00e9nero y los derechos de las mujeres.<\/span><\/p>\n<p><span style=\"font-weight: 400;\">\u00a0<\/span><\/p>\n<p><span style=\"font-weight: 400;\">[FRAN\u00c7AIS] Pour lancer les\u00a0<\/span><b>Journ\u00e9es Mondiales d&#8217;Action sur la Justice Fiscale pour les Droits des Femmes 2022<\/b><span style=\"font-weight: 400;\">, l&#8217;Alliance Mondiale pour la Justice Fiscale (GATJ) invite les organisations de la soci\u00e9t\u00e9 civile, les universitaires, les praticiens et les militants \u00e0 une discussion sur la fa\u00e7on de faire progresser la justice fiscale pour favoriser une reprise \u00e9conomique f\u00e9ministe et transformatrice, et atteindre l&#8217;\u00e9galit\u00e9 des sexes et les droits des femmes.<\/span><\/p>\n<p><span style=\"font-weight: 400;\">\u00a0<\/span><\/p>\n<p><b>Speakers | Panelistas | Orateurs<\/b><\/p>\n<p><span style=\"font-weight: 400;\">&#8211; Jayati Ghosh<\/span><\/p>\n<p><span style=\"font-weight: 400;\">&#8211; Caroline Othim (Global Alliance for Tax Justice)<\/span><span style=\"font-weight: 400;\"><br \/>\n<\/span><span style=\"font-weight: 400;\">&#8211; Chenai Mukumba (Tax Justice Network Africa)<\/span><\/p>\n<p><span style=\"font-weight: 400;\">&#8211; Ian Gary (FACT Coalition)<\/span><\/p>\n<p><span style=\"font-weight: 400;\">&#8211; Jeannie Manipon (Tax and Fiscal Justice Asia)<\/span><\/p>\n<p><span style=\"font-weight: 400;\">&#8211; Tove Maria Ryding (Tax Justice-Europe)<\/span><\/p>\n<p><span style=\"font-weight: 400;\">&#8211; Ver\u00f3nica Serafini (Red de Justicia Fiscal de Am\u00e9rica Latina y el Caribe)<\/span><\/p>\n<h3><span style=\"font-weight: 400;\">Tax justice for a feminist and transformative recovery<\/span><span style=\"font-weight: 400;\"><br \/>\n<\/span><span style=\"font-weight: 400;\">Date: Monday, 14 March 2022<\/span><span style=\"font-weight: 400;\"><br \/>\n<\/span><span style=\"font-weight: 400;\">Time: 5 pm East Africa Time<\/span><span style=\"font-weight: 400;\"><br \/>\n<\/span><span style=\"font-weight: 400;\">Registration link:\u00a0<\/span><a href=\"https:\/\/bit.ly\/GDOA22-kickoff%C2%A0\"><span style=\"font-weight: 400;\">https:\/\/bit.ly\/GDOA22-kickoff\u00a0<\/span><\/a><\/h3>\n\n","protected":false},"excerpt":{"rendered":"<p>To kick-off the Global Days of Action on Tax Justice for Women&#8217;s Rights 2022, the Global Alliance for Tax Justice (GATJ)<\/p>\n","protected":false},"featured_media":8074,"template":"","thematic-area":[109,112],"year":[24],"class_list":["post-8073","event","type-event","status-publish","has-post-thumbnail","hentry","thematic-area-tax-and-gender","thematic-area-tax-and-human-rights","year-2021-2"],"acf":[],"yoast_head":"<!-- This site is optimized with the Yoast SEO plugin v27.2 - https:\/\/yoast.com\/product\/yoast-seo-wordpress\/ -->\n<title>Tax justice for a feminist and transformative recovery - Global Tax Justice<\/title>\n<meta name=\"robots\" content=\"index, follow, max-snippet:-1, max-image-preview:large, max-video-preview:-1\" \/>\n<link rel=\"canonical\" href=\"https:\/\/globaltaxjustice.org\/es\/eventos\/tax-justice-for-a-feminist-and-transformative-recovery\/\" \/>\n<meta property=\"og:locale\" content=\"es_ES\" \/>\n<meta property=\"og:type\" content=\"article\" \/>\n<meta property=\"og:title\" content=\"Tax justice for a feminist and transformative recovery - Global Tax Justice\" \/>\n<meta property=\"og:description\" content=\"To kick-off the Global Days of Action on Tax Justice for Women&#039;s Rights 2022, the Global Alliance for Tax Justice (GATJ)\" \/>\n<meta property=\"og:url\" content=\"https:\/\/globaltaxjustice.org\/es\/eventos\/tax-justice-for-a-feminist-and-transformative-recovery\/\" \/>\n<meta property=\"og:site_name\" content=\"Global Tax Justice\" \/>\n<meta property=\"og:image\" content=\"https:\/\/globaltaxjustice.org\/wp-content\/uploads\/2022\/08\/2022-03-14-Tax-justice-for-a-feminist-and-transformative-recovery-EN-IMAGEM-PRINCIPAL.png\" \/>\n\t<meta property=\"og:image:width\" content=\"731\" \/>\n\t<meta property=\"og:image:height\" content=\"412\" \/>\n\t<meta property=\"og:image:type\" content=\"image\/png\" \/>\n<meta name=\"twitter:card\" content=\"summary_large_image\" \/>\n<meta name=\"twitter:label1\" content=\"Est. reading time\" \/>\n\t<meta name=\"twitter:data1\" content=\"1 minuto\" \/>\n<script type=\"application\/ld+json\" class=\"yoast-schema-graph\">{\"@context\":\"https:\/\/schema.org\",\"@graph\":[{\"@type\":\"WebPage\",\"@id\":\"https:\/\/globaltaxjustice.org\/es\/eventos\/tax-justice-for-a-feminist-and-transformative-recovery\/\",\"url\":\"https:\/\/globaltaxjustice.org\/es\/eventos\/tax-justice-for-a-feminist-and-transformative-recovery\/\",\"name\":\"Tax justice for a feminist and transformative recovery - Global Tax Justice\",\"isPartOf\":{\"@id\":\"https:\/\/globaltaxjustice.org\/es\/#website\"},\"primaryImageOfPage\":{\"@id\":\"https:\/\/globaltaxjustice.org\/es\/eventos\/tax-justice-for-a-feminist-and-transformative-recovery\/#primaryimage\"},\"image\":{\"@id\":\"https:\/\/globaltaxjustice.org\/es\/eventos\/tax-justice-for-a-feminist-and-transformative-recovery\/#primaryimage\"},\"thumbnailUrl\":\"https:\/\/globaltaxjustice.org\/wp-content\/uploads\/2022\/08\/2022-03-14-Tax-justice-for-a-feminist-and-transformative-recovery-EN-IMAGEM-PRINCIPAL.png\",\"datePublished\":\"2022-08-23T18:43:51+00:00\",\"breadcrumb\":{\"@id\":\"https:\/\/globaltaxjustice.org\/es\/eventos\/tax-justice-for-a-feminist-and-transformative-recovery\/#breadcrumb\"},\"inLanguage\":\"es\",\"potentialAction\":[{\"@type\":\"ReadAction\",\"target\":[\"https:\/\/globaltaxjustice.org\/es\/eventos\/tax-justice-for-a-feminist-and-transformative-recovery\/\"]}]},{\"@type\":\"ImageObject\",\"inLanguage\":\"es\",\"@id\":\"https:\/\/globaltaxjustice.org\/es\/eventos\/tax-justice-for-a-feminist-and-transformative-recovery\/#primaryimage\",\"url\":\"https:\/\/globaltaxjustice.org\/wp-content\/uploads\/2022\/08\/2022-03-14-Tax-justice-for-a-feminist-and-transformative-recovery-EN-IMAGEM-PRINCIPAL.png\",\"contentUrl\":\"https:\/\/globaltaxjustice.org\/wp-content\/uploads\/2022\/08\/2022-03-14-Tax-justice-for-a-feminist-and-transformative-recovery-EN-IMAGEM-PRINCIPAL.png\",\"width\":731,\"height\":412},{\"@type\":\"BreadcrumbList\",\"@id\":\"https:\/\/globaltaxjustice.org\/es\/eventos\/tax-justice-for-a-feminist-and-transformative-recovery\/#breadcrumb\",\"itemListElement\":[{\"@type\":\"ListItem\",\"position\":1,\"name\":\"Home\",\"item\":\"https:\/\/globaltaxjustice.org\/es\/\"},{\"@type\":\"ListItem\",\"position\":2,\"name\":\"Events\",\"item\":\"https:\/\/globaltaxjustice.org\/es\/eventos\/\"},{\"@type\":\"ListItem\",\"position\":3,\"name\":\"Tax justice for a feminist and transformative recovery\"}]},{\"@type\":\"WebSite\",\"@id\":\"https:\/\/globaltaxjustice.org\/es\/#website\",\"url\":\"https:\/\/globaltaxjustice.org\/es\/\",\"name\":\"Global Tax Justice\",\"description\":\"Just another WordPress site\",\"publisher\":{\"@id\":\"https:\/\/globaltaxjustice.org\/es\/#organization\"},\"potentialAction\":[{\"@type\":\"SearchAction\",\"target\":{\"@type\":\"EntryPoint\",\"urlTemplate\":\"https:\/\/globaltaxjustice.org\/es\/?s={search_term_string}\"},\"query-input\":{\"@type\":\"PropertyValueSpecification\",\"valueRequired\":true,\"valueName\":\"search_term_string\"}}],\"inLanguage\":\"es\"},{\"@type\":\"Organization\",\"@id\":\"https:\/\/globaltaxjustice.org\/es\/#organization\",\"name\":\"Global Tax Justice\",\"url\":\"https:\/\/globaltaxjustice.org\/es\/\",\"logo\":{\"@type\":\"ImageObject\",\"inLanguage\":\"es\",\"@id\":\"https:\/\/globaltaxjustice.org\/es\/#\/schema\/logo\/image\/\",\"url\":\"https:\/\/globaltaxjustice.org\/wp-content\/uploads\/2024\/10\/logo_header.svg\",\"contentUrl\":\"https:\/\/globaltaxjustice.org\/wp-content\/uploads\/2024\/10\/logo_header.svg\",\"width\":229,\"height\":40,\"caption\":\"Global Tax Justice\"},\"image\":{\"@id\":\"https:\/\/globaltaxjustice.org\/es\/#\/schema\/logo\/image\/\"}}]}<\/script>\n<!-- \/ Yoast SEO plugin. -->","yoast_head_json":{"title":"Tax justice for a feminist and transformative recovery - Global Tax Justice","robots":{"index":"index","follow":"follow","max-snippet":"max-snippet:-1","max-image-preview":"max-image-preview:large","max-video-preview":"max-video-preview:-1"},"canonical":"https:\/\/globaltaxjustice.org\/es\/eventos\/tax-justice-for-a-feminist-and-transformative-recovery\/","og_locale":"es_ES","og_type":"article","og_title":"Tax justice for a feminist and transformative recovery - Global Tax Justice","og_description":"To kick-off the Global Days of Action on Tax Justice for Women's Rights 2022, the Global Alliance for Tax Justice (GATJ)","og_url":"https:\/\/globaltaxjustice.org\/es\/eventos\/tax-justice-for-a-feminist-and-transformative-recovery\/","og_site_name":"Global Tax Justice","og_image":[{"width":731,"height":412,"url":"https:\/\/globaltaxjustice.org\/wp-content\/uploads\/2022\/08\/2022-03-14-Tax-justice-for-a-feminist-and-transformative-recovery-EN-IMAGEM-PRINCIPAL.png","type":"image\/png"}],"twitter_card":"summary_large_image","twitter_misc":{"Est. reading time":"1 minuto"},"schema":{"@context":"https:\/\/schema.org","@graph":[{"@type":"WebPage","@id":"https:\/\/globaltaxjustice.org\/es\/eventos\/tax-justice-for-a-feminist-and-transformative-recovery\/","url":"https:\/\/globaltaxjustice.org\/es\/eventos\/tax-justice-for-a-feminist-and-transformative-recovery\/","name":"Tax justice for a feminist and transformative recovery - Global Tax Justice","isPartOf":{"@id":"https:\/\/globaltaxjustice.org\/es\/#website"},"primaryImageOfPage":{"@id":"https:\/\/globaltaxjustice.org\/es\/eventos\/tax-justice-for-a-feminist-and-transformative-recovery\/#primaryimage"},"image":{"@id":"https:\/\/globaltaxjustice.org\/es\/eventos\/tax-justice-for-a-feminist-and-transformative-recovery\/#primaryimage"},"thumbnailUrl":"https:\/\/globaltaxjustice.org\/wp-content\/uploads\/2022\/08\/2022-03-14-Tax-justice-for-a-feminist-and-transformative-recovery-EN-IMAGEM-PRINCIPAL.png","datePublished":"2022-08-23T18:43:51+00:00","breadcrumb":{"@id":"https:\/\/globaltaxjustice.org\/es\/eventos\/tax-justice-for-a-feminist-and-transformative-recovery\/#breadcrumb"},"inLanguage":"es","potentialAction":[{"@type":"ReadAction","target":["https:\/\/globaltaxjustice.org\/es\/eventos\/tax-justice-for-a-feminist-and-transformative-recovery\/"]}]},{"@type":"ImageObject","inLanguage":"es","@id":"https:\/\/globaltaxjustice.org\/es\/eventos\/tax-justice-for-a-feminist-and-transformative-recovery\/#primaryimage","url":"https:\/\/globaltaxjustice.org\/wp-content\/uploads\/2022\/08\/2022-03-14-Tax-justice-for-a-feminist-and-transformative-recovery-EN-IMAGEM-PRINCIPAL.png","contentUrl":"https:\/\/globaltaxjustice.org\/wp-content\/uploads\/2022\/08\/2022-03-14-Tax-justice-for-a-feminist-and-transformative-recovery-EN-IMAGEM-PRINCIPAL.png","width":731,"height":412},{"@type":"BreadcrumbList","@id":"https:\/\/globaltaxjustice.org\/es\/eventos\/tax-justice-for-a-feminist-and-transformative-recovery\/#breadcrumb","itemListElement":[{"@type":"ListItem","position":1,"name":"Home","item":"https:\/\/globaltaxjustice.org\/es\/"},{"@type":"ListItem","position":2,"name":"Events","item":"https:\/\/globaltaxjustice.org\/es\/eventos\/"},{"@type":"ListItem","position":3,"name":"Tax justice for a feminist and transformative recovery"}]},{"@type":"WebSite","@id":"https:\/\/globaltaxjustice.org\/es\/#website","url":"https:\/\/globaltaxjustice.org\/es\/","name":"Global Tax Justice","description":"Just another WordPress site","publisher":{"@id":"https:\/\/globaltaxjustice.org\/es\/#organization"},"potentialAction":[{"@type":"SearchAction","target":{"@type":"EntryPoint","urlTemplate":"https:\/\/globaltaxjustice.org\/es\/?s={search_term_string}"},"query-input":{"@type":"PropertyValueSpecification","valueRequired":true,"valueName":"search_term_string"}}],"inLanguage":"es"},{"@type":"Organization","@id":"https:\/\/globaltaxjustice.org\/es\/#organization","name":"Global Tax Justice","url":"https:\/\/globaltaxjustice.org\/es\/","logo":{"@type":"ImageObject","inLanguage":"es","@id":"https:\/\/globaltaxjustice.org\/es\/#\/schema\/logo\/image\/","url":"https:\/\/globaltaxjustice.org\/wp-content\/uploads\/2024\/10\/logo_header.svg","contentUrl":"https:\/\/globaltaxjustice.org\/wp-content\/uploads\/2024\/10\/logo_header.svg","width":229,"height":40,"caption":"Global Tax Justice"},"image":{"@id":"https:\/\/globaltaxjustice.org\/es\/#\/schema\/logo\/image\/"}}]}},"_links":{"self":[{"href":"https:\/\/globaltaxjustice.org\/es\/wp-json\/wp\/v2\/event\/8073","targetHints":{"allow":["GET"]}}],"collection":[{"href":"https:\/\/globaltaxjustice.org\/es\/wp-json\/wp\/v2\/event"}],"about":[{"href":"https:\/\/globaltaxjustice.org\/es\/wp-json\/wp\/v2\/types\/event"}],"version-history":[{"count":0,"href":"https:\/\/globaltaxjustice.org\/es\/wp-json\/wp\/v2\/event\/8073\/revisions"}],"wp:featuredmedia":[{"embeddable":true,"href":"https:\/\/globaltaxjustice.org\/es\/wp-json\/wp\/v2\/media\/8074"}],"wp:attachment":[{"href":"https:\/\/globaltaxjustice.org\/es\/wp-json\/wp\/v2\/media?parent=8073"}],"wp:term":[{"taxonomy":"thematic-area","embeddable":true,"href":"https:\/\/globaltaxjustice.org\/es\/wp-json\/wp\/v2\/thematic-area?post=8073"},{"taxonomy":"year","embeddable":true,"href":"https:\/\/globaltaxjustice.org\/es\/wp-json\/wp\/v2\/year?post=8073"}],"curies":[{"name":"wp","href":"https:\/\/api.w.org\/{rel}","templated":true}]}}