{"id":14379,"date":"2024-09-24T14:57:13","date_gmt":"2024-09-24T14:57:13","guid":{"rendered":"https:\/\/globaltaxjusticestaging.local\/our-team\/"},"modified":"2025-06-24T20:22:08","modified_gmt":"2025-06-24T20:22:08","slug":"comite-de-coordinacion-y-secretaria","status":"publish","type":"page","link":"https:\/\/globaltaxjustice.org\/es\/comite-de-coordinacion-y-secretaria\/","title":{"rendered":"Comit\u00e9 de Coordinaci\u00f3n y Secretar\u00eda"},"content":{"rendered":"\n<div class=\"wp-block-getwid-section team\"><div class=\"wp-block-getwid-section__wrapper\" style=\"padding-left:5px;padding-right:5px\"><div class=\"wp-block-getwid-section__inner-wrapper\"><div class=\"wp-block-getwid-section__background-holder\"><div class=\"wp-block-getwid-section__background\"><\/div><div class=\"wp-block-getwid-section__foreground\"><\/div><\/div><div class=\"wp-block-getwid-section__content\"><div class=\"wp-block-getwid-section__inner-content\">\n<div class=\"wp-block-getwid-advanced-heading\" style=\"margin-bottom:-2px\"><h2 class=\"wp-block-getwid-advanced-heading__content\">Comit\u00e9 de Coordinaci\u00f3n<\/h2><\/div>\n\n\n\n<p class=\"has-text-color has-link-color wp-elements-a02a92fc3c808e6e614759efa519ebe3\" style=\"color:#607d8b\">El Comit\u00e9 de Coordinaci\u00f3n est\u00e1 formado por dos miembros de cada una de las redes regionales del GATJ para dirigir el trabajo del equipo.<\/p>\n\n\n\n<div class=\"wp-block-getwid-section people\"><div class=\"wp-block-getwid-section__wrapper getwid-padding-top-none getwid-padding-bottom-none getwid-padding-left-none getwid-padding-right-none\"><div class=\"wp-block-getwid-section__inner-wrapper\"><div class=\"wp-block-getwid-section__background-holder\"><div class=\"wp-block-getwid-section__background\"><\/div><div class=\"wp-block-getwid-section__foreground\"><\/div><\/div><div class=\"wp-block-getwid-section__content\"><div class=\"wp-block-getwid-section__inner-content\">\n<div class=\"wp-block-getwid-section person getwid-section-content-full-width\"><div class=\"wp-block-getwid-section__wrapper getwid-padding-top-none getwid-padding-bottom-none getwid-padding-left-none getwid-padding-right-none\"><div class=\"wp-block-getwid-section__inner-wrapper\"><div class=\"wp-block-getwid-section__background-holder\"><div class=\"wp-block-getwid-section__background\"><\/div><div class=\"wp-block-getwid-section__foreground\"><\/div><\/div><div class=\"wp-block-getwid-section__content\"><div class=\"wp-block-getwid-section__inner-content\">\n<div class=\"wp-block-getwid-image-box has-text-left has-mobile-layout-default has-mobile-alignment-default\"><div style=\"margin-bottom:14px\" class=\"wp-block-getwid-image-box__image-container is-position-top\"><div class=\"wp-block-getwid-image-box__image-wrapper\"><img loading=\"lazy\" decoding=\"async\" width=\"2324\" height=\"1779\" src=\"https:\/\/globaltaxjustice.org\/wp-content\/uploads\/2024\/10\/luis_moreno-scaled-e1733944715355.jpg\" class=\"wp-block-getwid-image-box__image wp-image-14643\" srcset=\"https:\/\/globaltaxjustice.org\/wp-content\/uploads\/2024\/10\/luis_moreno-scaled-e1733944715355.jpg 2324w, https:\/\/globaltaxjustice.org\/wp-content\/uploads\/2024\/10\/luis_moreno-scaled-e1733944715355-300x230.jpg 300w, https:\/\/globaltaxjustice.org\/wp-content\/uploads\/2024\/10\/luis_moreno-scaled-e1733944715355-1024x784.jpg 1024w, https:\/\/globaltaxjustice.org\/wp-content\/uploads\/2024\/10\/luis_moreno-scaled-e1733944715355-768x588.jpg 768w, https:\/\/globaltaxjustice.org\/wp-content\/uploads\/2024\/10\/luis_moreno-scaled-e1733944715355-1536x1176.jpg 1536w, https:\/\/globaltaxjustice.org\/wp-content\/uploads\/2024\/10\/luis_moreno-scaled-e1733944715355-2048x1568.jpg 2048w, https:\/\/globaltaxjustice.org\/wp-content\/uploads\/2024\/10\/luis_moreno-scaled-e1733944715355-938x718.jpg 938w, https:\/\/globaltaxjustice.org\/wp-content\/uploads\/2024\/10\/luis_moreno-scaled-e1733944715355-1130x865.jpg 1130w\" sizes=\"auto, (max-width: 2324px) 100vw, 2324px\" \/><\/div><\/div><div class=\"wp-block-getwid-image-box__content\">\n<div class=\"wp-block-columns is-not-stacked-on-mobile is-layout-flex wp-container-core-columns-is-layout-9d6595d7 wp-block-columns-is-layout-flex\">\n<div class=\"wp-block-column is-layout-flow wp-block-column-is-layout-flow\" style=\"flex-basis:50%\">\n<p class=\"has-text-align-left has-text-color has-link-color wp-elements-402247fdab387dab8d3cbcabd4dc750b\" style=\"color:#607d8b;font-size:16px\">PERU<\/p>\n<\/div>\n\n\n\n<div class=\"wp-block-column is-layout-flow wp-block-column-is-layout-flow\">\n<ul class=\"wp-block-social-links is-layout-flex wp-block-social-links-is-layout-flex\"><li class=\"wp-social-link wp-social-link-linkedin  wp-block-social-link\"><a href=\"http:\/\/www.linkedin.com\/in\/luismorenomontoya\/\" class=\"wp-block-social-link-anchor\"><svg width=\"24\" height=\"24\" viewBox=\"0 0 24 24\" version=\"1.1\" xmlns=\"http:\/\/www.w3.org\/2000\/svg\" aria-hidden=\"true\" focusable=\"false\"><path d=\"M19.7,3H4.3C3.582,3,3,3.582,3,4.3v15.4C3,20.418,3.582,21,4.3,21h15.4c0.718,0,1.3-0.582,1.3-1.3V4.3 C21,3.582,20.418,3,19.7,3z M8.339,18.338H5.667v-8.59h2.672V18.338z M7.004,8.574c-0.857,0-1.549-0.694-1.549-1.548 c0-0.855,0.691-1.548,1.549-1.548c0.854,0,1.547,0.694,1.547,1.548C8.551,7.881,7.858,8.574,7.004,8.574z M18.339,18.338h-2.669 v-4.177c0-0.996-0.017-2.278-1.387-2.278c-1.389,0-1.601,1.086-1.601,2.206v4.249h-2.667v-8.59h2.559v1.174h0.037 c0.356-0.675,1.227-1.387,2.526-1.387c2.703,0,3.203,1.779,3.203,4.092V18.338z\"><\/path><\/svg><span class=\"wp-block-social-link-label screen-reader-text\">LinkedIn<\/span><\/a><\/li>\n\n<li class=\"wp-social-link wp-social-link-x  wp-block-social-link\"><a href=\"https:\/\/twitter.com\/MorenoLuis_T\" class=\"wp-block-social-link-anchor\"><svg width=\"24\" height=\"24\" viewBox=\"0 0 24 24\" version=\"1.1\" xmlns=\"http:\/\/www.w3.org\/2000\/svg\" aria-hidden=\"true\" focusable=\"false\"><path d=\"M13.982 10.622 20.54 3h-1.554l-5.693 6.618L8.745 3H3.5l6.876 10.007L3.5 21h1.554l6.012-6.989L15.868 21h5.245l-7.131-10.378Zm-2.128 2.474-.697-.997-5.543-7.93H8l4.474 6.4.697.996 5.815 8.318h-2.387l-4.745-6.787Z\" \/><\/svg><span class=\"wp-block-social-link-label screen-reader-text\">X<\/span><\/a><\/li><\/ul>\n<\/div>\n<\/div>\n\n\n\n<div class=\"wp-block-getwid-advanced-heading has-custom-font-size\" style=\"font-size:35px;margin-bottom:0px\"><h3 class=\"wp-block-getwid-advanced-heading__content\" style=\"font-weight:300;line-height:1.65em;letter-spacing:0px\">Luis Moreno<\/h3><\/div>\n\n\n\n<div class=\"wp-block-getwid-advanced-heading has-custom-font-size\" style=\"font-size:20px;margin-bottom:12px;margin-top:-4px\"><p class=\"wp-block-getwid-advanced-heading__content has-text-color\" style=\"text-align:left;font-weight:300;line-height:1.65em;letter-spacing:0px;color:#bf1b1b\">Presidente del Comit\u00e9 de Coordinaci\u00f3n del GATJ<\/p><\/div>\n\n\n\n<p class=\"has-text-align-left\">Luis es economista y m\u00e1ster en Gesti\u00f3n P\u00fablica (Universidad Complutense de Madrid) y en Desarrollo Local y Econom\u00eda Social (Universidad de Huelva). Luis es miembro del \u00c1rea de Justicia Fiscal de la Red Latinoamericana por Justicia Econ\u00f3mica y Social (Latindadd) y es miembro del Comit\u00e9 de Coordinaci\u00f3n de la Red de Justicia Fiscal de Am\u00e9rica Latina y el Caribe (RJFALC).<\/p>\n<\/div><\/div>\n<\/div><\/div><\/div><\/div><\/div>\n\n\n\n<div class=\"wp-block-getwid-section person getwid-section-content-full-width\"><div class=\"wp-block-getwid-section__wrapper getwid-padding-top-none getwid-padding-bottom-none getwid-padding-left-none getwid-padding-right-none\"><div class=\"wp-block-getwid-section__inner-wrapper\"><div class=\"wp-block-getwid-section__background-holder\"><div class=\"wp-block-getwid-section__background\"><\/div><div class=\"wp-block-getwid-section__foreground\"><\/div><\/div><div class=\"wp-block-getwid-section__content\"><div class=\"wp-block-getwid-section__inner-content\">\n<div class=\"wp-block-getwid-image-box has-text-left has-mobile-layout-default has-mobile-alignment-default\"><div style=\"margin-bottom:14px\" class=\"wp-block-getwid-image-box__image-container is-position-top\"><div class=\"wp-block-getwid-image-box__image-wrapper\"><img loading=\"lazy\" decoding=\"async\" width=\"225\" height=\"225\" src=\"https:\/\/globaltaxjustice.org\/wp-content\/uploads\/2024\/10\/dennis_howlett.jpg\" class=\"wp-block-getwid-image-box__image wp-image-14621\" srcset=\"https:\/\/globaltaxjustice.org\/wp-content\/uploads\/2024\/10\/dennis_howlett.jpg 225w, https:\/\/globaltaxjustice.org\/wp-content\/uploads\/2024\/10\/dennis_howlett-150x150.jpg 150w\" sizes=\"auto, (max-width: 225px) 100vw, 225px\" \/><\/div><\/div><div class=\"wp-block-getwid-image-box__content\">\n<div class=\"wp-block-columns is-not-stacked-on-mobile is-layout-flex wp-container-core-columns-is-layout-9d6595d7 wp-block-columns-is-layout-flex\">\n<div class=\"wp-block-column is-layout-flow wp-block-column-is-layout-flow\" style=\"flex-basis:50%\">\n<p class=\"has-text-align-left has-text-color has-link-color wp-elements-459daabf364bdc2005187af5ec762efa\" style=\"color:#607d8b;font-size:16px\">CANADA<\/p>\n<\/div>\n\n\n\n<div class=\"wp-block-column is-layout-flow wp-block-column-is-layout-flow\">\n<ul class=\"wp-block-social-links is-layout-flex wp-block-social-links-is-layout-flex\"><li class=\"wp-social-link wp-social-link-linkedin  wp-block-social-link\"><a href=\"https:\/\/www.linkedin.com\/in\/dennis-howlett-56926326\/\" class=\"wp-block-social-link-anchor\"><svg width=\"24\" height=\"24\" viewBox=\"0 0 24 24\" version=\"1.1\" xmlns=\"http:\/\/www.w3.org\/2000\/svg\" aria-hidden=\"true\" focusable=\"false\"><path d=\"M19.7,3H4.3C3.582,3,3,3.582,3,4.3v15.4C3,20.418,3.582,21,4.3,21h15.4c0.718,0,1.3-0.582,1.3-1.3V4.3 C21,3.582,20.418,3,19.7,3z M8.339,18.338H5.667v-8.59h2.672V18.338z M7.004,8.574c-0.857,0-1.549-0.694-1.549-1.548 c0-0.855,0.691-1.548,1.549-1.548c0.854,0,1.547,0.694,1.547,1.548C8.551,7.881,7.858,8.574,7.004,8.574z M18.339,18.338h-2.669 v-4.177c0-0.996-0.017-2.278-1.387-2.278c-1.389,0-1.601,1.086-1.601,2.206v4.249h-2.667v-8.59h2.559v1.174h0.037 c0.356-0.675,1.227-1.387,2.526-1.387c2.703,0,3.203,1.779,3.203,4.092V18.338z\"><\/path><\/svg><span class=\"wp-block-social-link-label screen-reader-text\">LinkedIn<\/span><\/a><\/li>\n\n<\/ul>\n<\/div>\n<\/div>\n\n\n\n<div class=\"wp-block-getwid-advanced-heading has-custom-font-size\" style=\"font-size:34px\"><h3 class=\"wp-block-getwid-advanced-heading__content\" style=\"font-weight:300;line-height:1.65em;letter-spacing:0px\">Dennis Howlett<\/h3><\/div>\n\n\n\n<div class=\"wp-block-getwid-advanced-heading has-custom-font-size\" style=\"font-size:20px;margin-bottom:12px;margin-top:-4px\"><p class=\"wp-block-getwid-advanced-heading__content has-text-color\" style=\"text-align:left;font-weight:300;line-height:1.65em;color:#bf1b1b\">Tesorero de GATJ<\/p><\/div>\n\n\n\n<p class=\"has-text-align-left\">Dennis trabaj\u00f3 como Director Ejecutivo de Canadians for Tax Fairness y dirigi\u00f3 campa\u00f1as exitosas para revertir los recortes de impuestos corporativos y cerrar lagunas fiscales. A lo largo de sus 30 a\u00f1os de carrera, trabaj\u00f3 para varias coaliciones de justicia social y fue Director Ejecutivo de la Organizaci\u00f3n Nacional Antipobreza.<\/p>\n<\/div><\/div>\n<\/div><\/div><\/div><\/div><\/div>\n\n\n\n<div class=\"wp-block-getwid-section person getwid-section-content-full-width\"><div class=\"wp-block-getwid-section__wrapper getwid-padding-top-none getwid-padding-bottom-none getwid-padding-left-none getwid-padding-right-none\"><div class=\"wp-block-getwid-section__inner-wrapper\"><div class=\"wp-block-getwid-section__background-holder\"><div class=\"wp-block-getwid-section__background\"><\/div><div class=\"wp-block-getwid-section__foreground\"><\/div><\/div><div class=\"wp-block-getwid-section__content\"><div class=\"wp-block-getwid-section__inner-content\">\n<div class=\"wp-block-getwid-image-box has-text-left has-mobile-layout-default has-mobile-alignment-default\"><div style=\"margin-bottom:14px\" class=\"wp-block-getwid-image-box__image-container is-position-top\"><div class=\"wp-block-getwid-image-box__image-wrapper\"><img loading=\"lazy\" decoding=\"async\" width=\"768\" height=\"898\" src=\"https:\/\/globaltaxjustice.org\/wp-content\/uploads\/2024\/10\/jorge_coronado-768x898.jpg\" class=\"wp-block-getwid-image-box__image wp-image-14645\" srcset=\"https:\/\/globaltaxjustice.org\/wp-content\/uploads\/2024\/10\/jorge_coronado-768x898.jpg 768w, https:\/\/globaltaxjustice.org\/wp-content\/uploads\/2024\/10\/jorge_coronado-256x300.jpg 256w, https:\/\/globaltaxjustice.org\/wp-content\/uploads\/2024\/10\/jorge_coronado-875x1024.jpg 875w, https:\/\/globaltaxjustice.org\/wp-content\/uploads\/2024\/10\/jorge_coronado-1313x1536.jpg 1313w, https:\/\/globaltaxjustice.org\/wp-content\/uploads\/2024\/10\/jorge_coronado-1751x2048.jpg 1751w, https:\/\/globaltaxjustice.org\/wp-content\/uploads\/2024\/10\/jorge_coronado-938x1097.jpg 938w, https:\/\/globaltaxjustice.org\/wp-content\/uploads\/2024\/10\/jorge_coronado-1130x1322.jpg 1130w\" sizes=\"auto, (max-width: 768px) 100vw, 768px\" \/><\/div><\/div><div class=\"wp-block-getwid-image-box__content\">\n<div class=\"wp-block-columns is-not-stacked-on-mobile is-layout-flex wp-container-core-columns-is-layout-9d6595d7 wp-block-columns-is-layout-flex\">\n<div class=\"wp-block-column is-layout-flow wp-block-column-is-layout-flow\" style=\"flex-basis:50%\">\n<p class=\"has-text-align-left has-text-color has-link-color wp-elements-b232483c25b12ffdf502f9d4ef35d4fd\" style=\"color:#607d8b;font-size:16px\">COSTA RICA<\/p>\n<\/div>\n\n\n\n<div class=\"wp-block-column is-layout-flow wp-block-column-is-layout-flow\">\n<ul class=\"wp-block-social-links is-layout-flex wp-block-social-links-is-layout-flex\">\n\n<li class=\"wp-social-link wp-social-link-x  wp-block-social-link\"><a href=\"https:\/\/twitter.com\/CoronadoJorgeCR\" class=\"wp-block-social-link-anchor\"><svg width=\"24\" height=\"24\" viewBox=\"0 0 24 24\" version=\"1.1\" xmlns=\"http:\/\/www.w3.org\/2000\/svg\" aria-hidden=\"true\" focusable=\"false\"><path d=\"M13.982 10.622 20.54 3h-1.554l-5.693 6.618L8.745 3H3.5l6.876 10.007L3.5 21h1.554l6.012-6.989L15.868 21h5.245l-7.131-10.378Zm-2.128 2.474-.697-.997-5.543-7.93H8l4.474 6.4.697.996 5.815 8.318h-2.387l-4.745-6.787Z\" \/><\/svg><span class=\"wp-block-social-link-label screen-reader-text\">X<\/span><\/a><\/li><\/ul>\n<\/div>\n<\/div>\n\n\n\n<div class=\"wp-block-getwid-advanced-heading has-custom-font-size\" style=\"font-size:34px\"><h3 class=\"wp-block-getwid-advanced-heading__content\" style=\"font-weight:300;line-height:1.65em;letter-spacing:0px\">Jorge Coronado<\/h3><\/div>\n\n\n\n<p class=\"has-text-align-left\">Soci\u00f3logo especializado en Econom\u00eda Pol\u00edtica, Jorge es experto en tributaci\u00f3n, pobreza y protecci\u00f3n social. Asesor sindical y activista social, forma parte de la Comisi\u00f3n Nacional de Enlace en Costa Rica y es miembro de la Red de Justicia Fiscal de Am\u00e9rica Latina y el Caribe (RJFALC) y de la Red Latinoamericana por Justicia Econ\u00f3mica y Social (Latindadd).<\/p>\n<\/div><\/div>\n<\/div><\/div><\/div><\/div><\/div>\n\n\n\n<div class=\"wp-block-getwid-section person getwid-section-content-full-width\"><div class=\"wp-block-getwid-section__wrapper getwid-padding-top-none getwid-padding-bottom-none getwid-padding-left-none getwid-padding-right-none\"><div class=\"wp-block-getwid-section__inner-wrapper\"><div class=\"wp-block-getwid-section__background-holder\"><div class=\"wp-block-getwid-section__background\"><\/div><div class=\"wp-block-getwid-section__foreground\"><\/div><\/div><div class=\"wp-block-getwid-section__content\"><div class=\"wp-block-getwid-section__inner-content\">\n<div class=\"wp-block-getwid-image-box has-text-left has-mobile-layout-default has-mobile-alignment-default\"><div style=\"margin-bottom:14px\" class=\"wp-block-getwid-image-box__image-container is-position-top\"><div class=\"wp-block-getwid-image-box__image-wrapper\"><img loading=\"lazy\" decoding=\"async\" width=\"400\" height=\"400\" src=\"https:\/\/globaltaxjustice.org\/wp-content\/uploads\/2024\/10\/jane_nalunga.jpg\" class=\"wp-block-getwid-image-box__image wp-image-14627\" srcset=\"https:\/\/globaltaxjustice.org\/wp-content\/uploads\/2024\/10\/jane_nalunga.jpg 400w, https:\/\/globaltaxjustice.org\/wp-content\/uploads\/2024\/10\/jane_nalunga-300x300.jpg 300w, https:\/\/globaltaxjustice.org\/wp-content\/uploads\/2024\/10\/jane_nalunga-150x150.jpg 150w\" sizes=\"auto, (max-width: 400px) 100vw, 400px\" \/><\/div><\/div><div class=\"wp-block-getwid-image-box__content\">\n<div class=\"wp-block-columns is-not-stacked-on-mobile is-layout-flex wp-container-core-columns-is-layout-9d6595d7 wp-block-columns-is-layout-flex\">\n<div class=\"wp-block-column is-layout-flow wp-block-column-is-layout-flow\" style=\"flex-basis:50%\">\n<p class=\"has-text-align-left has-text-color has-link-color wp-elements-18e191f20d0dc4c98c9f10b936f40eb3\" style=\"color:#607d8b;font-size:16px\">UGANDA<\/p>\n<\/div>\n\n\n\n<div class=\"wp-block-column is-layout-flow wp-block-column-is-layout-flow\">\n<ul class=\"wp-block-social-links is-layout-flex wp-block-social-links-is-layout-flex\">\n\n<\/ul>\n<\/div>\n<\/div>\n\n\n\n<div class=\"wp-block-getwid-advanced-heading has-custom-font-size\" style=\"font-size:34px\"><h3 class=\"wp-block-getwid-advanced-heading__content\" style=\"font-weight:300;line-height:1.65em;letter-spacing:0px\">Jane Nalunga<\/h3><\/div>\n\n\n\n<p class=\"has-text-align-left\">Experta en cuestiones relacionadas con el comercio, los impuestos y la inversi\u00f3n, Jane tiene m\u00e1s de 20 a\u00f1os de experiencia en investigaci\u00f3n, an\u00e1lisis y promoci\u00f3n de pol\u00edticas y es autora de numerosos estudios y art\u00edculos orientados a la formulaci\u00f3n de pol\u00edticas. Forma parte de varios organismos nacionales de formulaci\u00f3n de pol\u00edticas y asesora al gobierno y al Parlamento sobre estos temas.<\/p>\n<\/div><\/div>\n<\/div><\/div><\/div><\/div><\/div>\n\n\n\n<div class=\"wp-block-getwid-section person getwid-section-content-full-width\"><div class=\"wp-block-getwid-section__wrapper getwid-padding-top-none getwid-padding-bottom-none getwid-padding-left-none getwid-padding-right-none\"><div class=\"wp-block-getwid-section__inner-wrapper\"><div class=\"wp-block-getwid-section__background-holder\"><div class=\"wp-block-getwid-section__background\"><\/div><div class=\"wp-block-getwid-section__foreground\"><\/div><\/div><div class=\"wp-block-getwid-section__content\"><div class=\"wp-block-getwid-section__inner-content\">\n<div class=\"wp-block-getwid-image-box has-text-left has-mobile-layout-default has-mobile-alignment-default\"><div style=\"margin-bottom:14px\" class=\"wp-block-getwid-image-box__image-container is-position-top\"><div class=\"wp-block-getwid-image-box__image-wrapper\"><img loading=\"lazy\" decoding=\"async\" width=\"282\" height=\"300\" src=\"https:\/\/globaltaxjustice.org\/wp-content\/uploads\/2024\/10\/arjun_kumar_karki.jpg\" class=\"wp-block-getwid-image-box__image wp-image-14617\"\/><\/div><\/div><div class=\"wp-block-getwid-image-box__content\">\n<div class=\"wp-block-columns is-not-stacked-on-mobile is-layout-flex wp-container-core-columns-is-layout-9d6595d7 wp-block-columns-is-layout-flex\">\n<div class=\"wp-block-column is-layout-flow wp-block-column-is-layout-flow\" style=\"flex-basis:50%\">\n<p class=\"has-text-align-left has-text-color has-link-color wp-elements-b6a8daff1aeacc0d7911e8aca503617e\" style=\"color:#607d8b;font-size:16px\">NEPAL<\/p>\n<\/div>\n\n\n\n<div class=\"wp-block-column is-layout-flow wp-block-column-is-layout-flow\">\n<ul class=\"wp-block-social-links is-layout-flex wp-block-social-links-is-layout-flex\">\n\n<\/ul>\n<\/div>\n<\/div>\n\n\n\n<div class=\"wp-block-getwid-advanced-heading has-custom-font-size\" style=\"font-size:34px\"><h3 class=\"wp-block-getwid-advanced-heading__content\" style=\"font-weight:300;line-height:1.65em\">Arjun Kumar Karki<\/h3><\/div>\n\n\n\n<p class=\"has-text-align-left\">El Dr. Karki es el Coordinador de Justicia Fiscal y Tributaria en Asia (TAFJA). Tambi\u00e9n es el Presidente de Rural Reconstruction Nepal (RRN). El Dr. Arjun Kumar Karki es el ex Embajador Extraordinario y Plenipotenciario del Gobierno de Nepal en los Estados Unidos de Am\u00e9rica. El Dr. Karki tambi\u00e9n ha trabajado como Embajador en Colombia, Costa Rica, Guatemala, Honduras, Nicaragua, M\u00e9xico y Guyana.<\/p>\n<\/div><\/div>\n<\/div><\/div><\/div><\/div><\/div>\n\n\n\n<div class=\"wp-block-getwid-section person getwid-section-content-full-width\"><div class=\"wp-block-getwid-section__wrapper getwid-padding-top-none getwid-padding-bottom-none getwid-padding-left-none getwid-padding-right-none\"><div class=\"wp-block-getwid-section__inner-wrapper\"><div class=\"wp-block-getwid-section__background-holder\"><div class=\"wp-block-getwid-section__background\"><\/div><div class=\"wp-block-getwid-section__foreground\"><\/div><\/div><div class=\"wp-block-getwid-section__content\"><div class=\"wp-block-getwid-section__inner-content\">\n<div class=\"wp-block-getwid-image-box has-text-left has-mobile-layout-default has-mobile-alignment-default\"><div style=\"margin-bottom:14px\" class=\"wp-block-getwid-image-box__image-container is-position-top\"><div class=\"wp-block-getwid-image-box__image-wrapper\"><img loading=\"lazy\" decoding=\"async\" width=\"300\" height=\"300\" src=\"https:\/\/globaltaxjustice.org\/wp-content\/uploads\/2024\/10\/Jeannie-Manipon.webp\" class=\"wp-block-getwid-image-box__image wp-image-14629\" srcset=\"https:\/\/globaltaxjustice.org\/wp-content\/uploads\/2024\/10\/Jeannie-Manipon.webp 300w, https:\/\/globaltaxjustice.org\/wp-content\/uploads\/2024\/10\/Jeannie-Manipon-150x150.webp 150w\" sizes=\"auto, (max-width: 300px) 100vw, 300px\" \/><\/div><\/div><div class=\"wp-block-getwid-image-box__content\">\n<div class=\"wp-block-columns is-not-stacked-on-mobile is-layout-flex wp-container-core-columns-is-layout-9d6595d7 wp-block-columns-is-layout-flex\">\n<div class=\"wp-block-column is-layout-flow wp-block-column-is-layout-flow\" style=\"flex-basis:50%\">\n<p class=\"has-text-align-left has-text-color has-link-color wp-elements-13e2da81dddccaed2a4bce2ca8db1a06\" style=\"color:#607d8b;font-size:16px\">FILIPINAS<\/p>\n<\/div>\n\n\n\n<div class=\"wp-block-column is-layout-flow wp-block-column-is-layout-flow\">\n<ul class=\"wp-block-social-links is-layout-flex wp-block-social-links-is-layout-flex\">\n\n<li class=\"wp-social-link wp-social-link-x  wp-block-social-link\"><a href=\"https:\/\/twitter.com\/JeannieManipon\" class=\"wp-block-social-link-anchor\"><svg width=\"24\" height=\"24\" viewBox=\"0 0 24 24\" version=\"1.1\" xmlns=\"http:\/\/www.w3.org\/2000\/svg\" aria-hidden=\"true\" focusable=\"false\"><path d=\"M13.982 10.622 20.54 3h-1.554l-5.693 6.618L8.745 3H3.5l6.876 10.007L3.5 21h1.554l6.012-6.989L15.868 21h5.245l-7.131-10.378Zm-2.128 2.474-.697-.997-5.543-7.93H8l4.474 6.4.697.996 5.815 8.318h-2.387l-4.745-6.787Z\" \/><\/svg><span class=\"wp-block-social-link-label screen-reader-text\">X<\/span><\/a><\/li><\/ul>\n<\/div>\n<\/div>\n\n\n\n<div class=\"wp-block-getwid-advanced-heading has-custom-font-size\" style=\"font-size:34px\"><h3 class=\"wp-block-getwid-advanced-heading__content\" style=\"font-weight:300;line-height:1.65em;letter-spacing:0px\">Jeannie Manipon<\/h3><\/div>\n\n\n\n<p class=\"has-text-align-left\">Jeannie Manipon es la coordinadora del programa Justicia Fiscal e Impositiva en Asia (TAFJA). Jeannie es la directora s\u00e9nior del programa de financiaci\u00f3n para el desarrollo del Movimiento de los Pueblos Asi\u00e1ticos sobre Deuda y Desarrollo (AMPDD), donde promueve los derechos humanos y la justicia econ\u00f3mica.<\/p>\n<\/div><\/div>\n<\/div><\/div><\/div><\/div><\/div>\n\n\n\n<div class=\"wp-block-getwid-section person getwid-section-content-full-width\"><div class=\"wp-block-getwid-section__wrapper getwid-padding-top-none getwid-padding-bottom-none getwid-padding-left-none getwid-padding-right-none\"><div class=\"wp-block-getwid-section__inner-wrapper\"><div class=\"wp-block-getwid-section__background-holder\"><div class=\"wp-block-getwid-section__background\"><\/div><div class=\"wp-block-getwid-section__foreground\"><\/div><\/div><div class=\"wp-block-getwid-section__content\"><div class=\"wp-block-getwid-section__inner-content\">\n<div class=\"wp-block-getwid-image-box has-text-left has-mobile-layout-default has-mobile-alignment-default\"><div style=\"margin-bottom:14px\" class=\"wp-block-getwid-image-box__image-container is-position-top\"><div class=\"wp-block-getwid-image-box__image-wrapper\"><img loading=\"lazy\" decoding=\"async\" width=\"720\" height=\"480\" src=\"https:\/\/globaltaxjustice.org\/wp-content\/uploads\/2024\/10\/chenai_mukumba.jpg\" class=\"wp-block-getwid-image-box__image wp-image-14619\" srcset=\"https:\/\/globaltaxjustice.org\/wp-content\/uploads\/2024\/10\/chenai_mukumba.jpg 720w, https:\/\/globaltaxjustice.org\/wp-content\/uploads\/2024\/10\/chenai_mukumba-300x200.jpg 300w\" sizes=\"auto, (max-width: 720px) 100vw, 720px\" \/><\/div><\/div><div class=\"wp-block-getwid-image-box__content\">\n<div class=\"wp-block-columns is-not-stacked-on-mobile is-layout-flex wp-container-core-columns-is-layout-9d6595d7 wp-block-columns-is-layout-flex\">\n<div class=\"wp-block-column is-layout-flow wp-block-column-is-layout-flow\" style=\"flex-basis:50%\">\n<p class=\"has-text-align-left has-text-color has-link-color wp-elements-037a395790855ed895a76274a317d0f2\" style=\"color:#607d8b;font-size:16px\">KENIA<\/p>\n<\/div>\n\n\n\n<div class=\"wp-block-column is-layout-flow wp-block-column-is-layout-flow\">\n<ul class=\"wp-block-social-links is-layout-flex wp-block-social-links-is-layout-flex\"><li class=\"wp-social-link wp-social-link-linkedin  wp-block-social-link\"><a href=\"https:\/\/www.linkedin.com\/in\/chenai-c-mukumba-bb000225\/\" class=\"wp-block-social-link-anchor\"><svg width=\"24\" height=\"24\" viewBox=\"0 0 24 24\" version=\"1.1\" xmlns=\"http:\/\/www.w3.org\/2000\/svg\" aria-hidden=\"true\" focusable=\"false\"><path d=\"M19.7,3H4.3C3.582,3,3,3.582,3,4.3v15.4C3,20.418,3.582,21,4.3,21h15.4c0.718,0,1.3-0.582,1.3-1.3V4.3 C21,3.582,20.418,3,19.7,3z M8.339,18.338H5.667v-8.59h2.672V18.338z M7.004,8.574c-0.857,0-1.549-0.694-1.549-1.548 c0-0.855,0.691-1.548,1.549-1.548c0.854,0,1.547,0.694,1.547,1.548C8.551,7.881,7.858,8.574,7.004,8.574z M18.339,18.338h-2.669 v-4.177c0-0.996-0.017-2.278-1.387-2.278c-1.389,0-1.601,1.086-1.601,2.206v4.249h-2.667v-8.59h2.559v1.174h0.037 c0.356-0.675,1.227-1.387,2.526-1.387c2.703,0,3.203,1.779,3.203,4.092V18.338z\"><\/path><\/svg><span class=\"wp-block-social-link-label screen-reader-text\">LinkedIn<\/span><\/a><\/li>\n\n<li class=\"wp-social-link wp-social-link-x  wp-block-social-link\"><a href=\"https:\/\/x.com\/chenaimukumba\" class=\"wp-block-social-link-anchor\"><svg width=\"24\" height=\"24\" viewBox=\"0 0 24 24\" version=\"1.1\" xmlns=\"http:\/\/www.w3.org\/2000\/svg\" aria-hidden=\"true\" focusable=\"false\"><path d=\"M13.982 10.622 20.54 3h-1.554l-5.693 6.618L8.745 3H3.5l6.876 10.007L3.5 21h1.554l6.012-6.989L15.868 21h5.245l-7.131-10.378Zm-2.128 2.474-.697-.997-5.543-7.93H8l4.474 6.4.697.996 5.815 8.318h-2.387l-4.745-6.787Z\" \/><\/svg><span class=\"wp-block-social-link-label screen-reader-text\">X<\/span><\/a><\/li><\/ul>\n<\/div>\n<\/div>\n\n\n\n<div class=\"wp-block-getwid-advanced-heading\"><h3 class=\"wp-block-getwid-advanced-heading__content\" style=\"font-weight:300;line-height:1.65em;letter-spacing:0px\">Chenai Mukumba<\/h3><\/div>\n\n\n\n<p class=\"has-text-align-left\">Chenai Mukumba es directora ejecutiva de Tax Justice Network Africa (TJNA). Forma parte de la junta directiva de African Tax in Women Network de ATAF y es miembro del grupo asesor del proyecto International Lawyers&#8217; Project. Anteriormente trabaj\u00f3 como directora de Consumer Unity and Trust Society (CUTS) International, Lusaka. Chenai tiene una maestr\u00eda en Relaciones Internacionales de la Universidad de Wits, Johannesburgo, y una maestr\u00eda en Tributaci\u00f3n en la Universidad de Oxford.<\/p>\n<\/div><\/div>\n<\/div><\/div><\/div><\/div><\/div>\n\n\n\n<div class=\"wp-block-getwid-section person getwid-section-content-full-width\"><div class=\"wp-block-getwid-section__wrapper getwid-padding-top-none getwid-padding-bottom-none getwid-padding-left-none getwid-padding-right-none\"><div class=\"wp-block-getwid-section__inner-wrapper\"><div class=\"wp-block-getwid-section__background-holder\"><div class=\"wp-block-getwid-section__background\"><\/div><div class=\"wp-block-getwid-section__foreground\"><\/div><\/div><div class=\"wp-block-getwid-section__content\"><div class=\"wp-block-getwid-section__inner-content\">\n<div class=\"wp-block-getwid-image-box has-text-left has-mobile-layout-default has-mobile-alignment-default\"><div style=\"margin-bottom:14px\" class=\"wp-block-getwid-image-box__image-container is-position-top\"><div class=\"wp-block-getwid-image-box__image-wrapper\"><img loading=\"lazy\" decoding=\"async\" width=\"401\" height=\"401\" src=\"https:\/\/globaltaxjustice.org\/wp-content\/uploads\/2024\/10\/tove_maria_ryding.jpg\" class=\"wp-block-getwid-image-box__image wp-image-14635\" srcset=\"https:\/\/globaltaxjustice.org\/wp-content\/uploads\/2024\/10\/tove_maria_ryding.jpg 401w, https:\/\/globaltaxjustice.org\/wp-content\/uploads\/2024\/10\/tove_maria_ryding-300x300.jpg 300w, https:\/\/globaltaxjustice.org\/wp-content\/uploads\/2024\/10\/tove_maria_ryding-150x150.jpg 150w\" sizes=\"auto, (max-width: 401px) 100vw, 401px\" \/><\/div><\/div><div class=\"wp-block-getwid-image-box__content\">\n<div class=\"wp-block-columns is-not-stacked-on-mobile is-layout-flex wp-container-core-columns-is-layout-9d6595d7 wp-block-columns-is-layout-flex\">\n<div class=\"wp-block-column is-layout-flow wp-block-column-is-layout-flow\" style=\"flex-basis:50%\">\n<p class=\"has-text-align-left has-text-color has-link-color wp-elements-8a04b525a7f5ed89891c300ad6d63dcf\" style=\"color:#607d8b;font-size:16px\">BELGICA<\/p>\n<\/div>\n\n\n\n<div class=\"wp-block-column is-layout-flow wp-block-column-is-layout-flow\">\n<ul class=\"wp-block-social-links is-layout-flex wp-block-social-links-is-layout-flex\"><li class=\"wp-social-link wp-social-link-linkedin  wp-block-social-link\"><a href=\"https:\/\/be.linkedin.com\/in\/tove-maria-ryding-62a3351\" class=\"wp-block-social-link-anchor\"><svg width=\"24\" height=\"24\" viewBox=\"0 0 24 24\" version=\"1.1\" xmlns=\"http:\/\/www.w3.org\/2000\/svg\" aria-hidden=\"true\" focusable=\"false\"><path d=\"M19.7,3H4.3C3.582,3,3,3.582,3,4.3v15.4C3,20.418,3.582,21,4.3,21h15.4c0.718,0,1.3-0.582,1.3-1.3V4.3 C21,3.582,20.418,3,19.7,3z M8.339,18.338H5.667v-8.59h2.672V18.338z M7.004,8.574c-0.857,0-1.549-0.694-1.549-1.548 c0-0.855,0.691-1.548,1.549-1.548c0.854,0,1.547,0.694,1.547,1.548C8.551,7.881,7.858,8.574,7.004,8.574z M18.339,18.338h-2.669 v-4.177c0-0.996-0.017-2.278-1.387-2.278c-1.389,0-1.601,1.086-1.601,2.206v4.249h-2.667v-8.59h2.559v1.174h0.037 c0.356-0.675,1.227-1.387,2.526-1.387c2.703,0,3.203,1.779,3.203,4.092V18.338z\"><\/path><\/svg><span class=\"wp-block-social-link-label screen-reader-text\">LinkedIn<\/span><\/a><\/li>\n\n<li class=\"wp-social-link wp-social-link-x  wp-block-social-link\"><a href=\"https:\/\/twitter.com\/toveryding\" class=\"wp-block-social-link-anchor\"><svg width=\"24\" height=\"24\" viewBox=\"0 0 24 24\" version=\"1.1\" xmlns=\"http:\/\/www.w3.org\/2000\/svg\" aria-hidden=\"true\" focusable=\"false\"><path d=\"M13.982 10.622 20.54 3h-1.554l-5.693 6.618L8.745 3H3.5l6.876 10.007L3.5 21h1.554l6.012-6.989L15.868 21h5.245l-7.131-10.378Zm-2.128 2.474-.697-.997-5.543-7.93H8l4.474 6.4.697.996 5.815 8.318h-2.387l-4.745-6.787Z\" \/><\/svg><span class=\"wp-block-social-link-label screen-reader-text\">X<\/span><\/a><\/li><\/ul>\n<\/div>\n<\/div>\n\n\n\n<div class=\"wp-block-getwid-advanced-heading has-custom-font-size\" style=\"font-size:34px\"><h3 class=\"wp-block-getwid-advanced-heading__content\" style=\"font-weight:300;line-height:1.65em;letter-spacing:0px\">Tove Maria Ryding<\/h3><\/div>\n\n\n\n<p class=\"has-text-align-left\">Tove es directora de promoci\u00f3n de Eurodad y tambi\u00e9n es miembro del comit\u00e9 de coordinaci\u00f3n de la Coalici\u00f3n para la Transparencia Financiera. Antes de unirse a Eurodad, trabaj\u00f3 como coordinadora de pol\u00edtica clim\u00e1tica en Greenpeace, presidenta del Grupo 92 dan\u00e9s y directora de la ONG danesa Forests.<\/p>\n<\/div><\/div>\n<\/div><\/div><\/div><\/div><\/div>\n\n\n\n<div class=\"wp-block-getwid-section person getwid-section-content-full-width\"><div class=\"wp-block-getwid-section__wrapper getwid-padding-top-none getwid-padding-bottom-none getwid-padding-left-none getwid-padding-right-none\"><div class=\"wp-block-getwid-section__inner-wrapper\"><div class=\"wp-block-getwid-section__background-holder\"><div class=\"wp-block-getwid-section__background\"><\/div><div class=\"wp-block-getwid-section__foreground\"><\/div><\/div><div class=\"wp-block-getwid-section__content\"><div class=\"wp-block-getwid-section__inner-content\">\n<div class=\"wp-block-getwid-image-box has-text-left has-mobile-layout-default has-mobile-alignment-default\"><div style=\"margin-bottom:14px\" class=\"wp-block-getwid-image-box__image-container is-position-top\"><div class=\"wp-block-getwid-image-box__image-wrapper\"><img loading=\"lazy\" decoding=\"async\" width=\"800\" height=\"800\" src=\"https:\/\/globaltaxjustice.org\/wp-content\/uploads\/2024\/12\/siro_221101_alliancesud_68878_bearb_jpeg_kl.jpg\" alt=\"\" class=\"wp-block-getwid-image-box__image wp-image-14860\" srcset=\"https:\/\/globaltaxjustice.org\/wp-content\/uploads\/2024\/12\/siro_221101_alliancesud_68878_bearb_jpeg_kl.jpg 800w, https:\/\/globaltaxjustice.org\/wp-content\/uploads\/2024\/12\/siro_221101_alliancesud_68878_bearb_jpeg_kl-300x300.jpg 300w, https:\/\/globaltaxjustice.org\/wp-content\/uploads\/2024\/12\/siro_221101_alliancesud_68878_bearb_jpeg_kl-150x150.jpg 150w, https:\/\/globaltaxjustice.org\/wp-content\/uploads\/2024\/12\/siro_221101_alliancesud_68878_bearb_jpeg_kl-768x768.jpg 768w\" sizes=\"auto, (max-width: 800px) 100vw, 800px\" \/><\/div><\/div><div class=\"wp-block-getwid-image-box__content\">\n<div class=\"wp-block-columns is-not-stacked-on-mobile is-layout-flex wp-container-core-columns-is-layout-9d6595d7 wp-block-columns-is-layout-flex\">\n<div class=\"wp-block-column is-layout-flow wp-block-column-is-layout-flow\" style=\"flex-basis:50%\">\n<p class=\"has-text-align-left has-text-color has-link-color wp-elements-381d4d362c669e732e767c23e2d6e2c3\" style=\"color:#607d8b;font-size:16px\">SUIZA<\/p>\n<\/div>\n\n\n\n<div class=\"wp-block-column is-layout-flow wp-block-column-is-layout-flow\">\n<ul class=\"wp-block-social-links is-layout-flex wp-block-social-links-is-layout-flex\"><li class=\"wp-social-link wp-social-link-linkedin  wp-block-social-link\"><a href=\"https:\/\/www.linkedin.com\/in\/dominik-gross-001299159\/\" class=\"wp-block-social-link-anchor\"><svg width=\"24\" height=\"24\" viewBox=\"0 0 24 24\" version=\"1.1\" xmlns=\"http:\/\/www.w3.org\/2000\/svg\" aria-hidden=\"true\" focusable=\"false\"><path d=\"M19.7,3H4.3C3.582,3,3,3.582,3,4.3v15.4C3,20.418,3.582,21,4.3,21h15.4c0.718,0,1.3-0.582,1.3-1.3V4.3 C21,3.582,20.418,3,19.7,3z M8.339,18.338H5.667v-8.59h2.672V18.338z M7.004,8.574c-0.857,0-1.549-0.694-1.549-1.548 c0-0.855,0.691-1.548,1.549-1.548c0.854,0,1.547,0.694,1.547,1.548C8.551,7.881,7.858,8.574,7.004,8.574z M18.339,18.338h-2.669 v-4.177c0-0.996-0.017-2.278-1.387-2.278c-1.389,0-1.601,1.086-1.601,2.206v4.249h-2.667v-8.59h2.559v1.174h0.037 c0.356-0.675,1.227-1.387,2.526-1.387c2.703,0,3.203,1.779,3.203,4.092V18.338z\"><\/path><\/svg><span class=\"wp-block-social-link-label screen-reader-text\">LinkedIn<\/span><\/a><\/li>\n\n<li class=\"wp-social-link wp-social-link-x  wp-block-social-link\"><a href=\"https:\/\/twitter.com\/do_gross\" class=\"wp-block-social-link-anchor\"><svg width=\"24\" height=\"24\" viewBox=\"0 0 24 24\" version=\"1.1\" xmlns=\"http:\/\/www.w3.org\/2000\/svg\" aria-hidden=\"true\" focusable=\"false\"><path d=\"M13.982 10.622 20.54 3h-1.554l-5.693 6.618L8.745 3H3.5l6.876 10.007L3.5 21h1.554l6.012-6.989L15.868 21h5.245l-7.131-10.378Zm-2.128 2.474-.697-.997-5.543-7.93H8l4.474 6.4.697.996 5.815 8.318h-2.387l-4.745-6.787Z\" \/><\/svg><span class=\"wp-block-social-link-label screen-reader-text\">X<\/span><\/a><\/li><\/ul>\n<\/div>\n<\/div>\n\n\n\n<div class=\"wp-block-getwid-advanced-heading has-custom-font-size\" style=\"font-size:34px\"><h3 class=\"wp-block-getwid-advanced-heading__content\" style=\"font-weight:300;line-height:1.65em;letter-spacing:0px\">Dominik Gross<\/h3><\/div>\n\n\n\n<p class=\"has-text-align-left\">Dominik Gross es asesor s\u00e9nior en pol\u00edtica fiscal internacional en Alliance Sud, el centro suizo de excelencia para la cooperaci\u00f3n internacional y las pol\u00edticas de desarrollo. Es miembro de la junta directiva de Eurodad y del grupo directivo de ICRICT (Comisi\u00f3n Independiente para la Reforma de la Fiscalidad Corporativa Internacional).<\/p>\n<\/div><\/div>\n<\/div><\/div><\/div><\/div><\/div>\n\n\n\n<div class=\"wp-block-getwid-section person getwid-section-content-full-width\"><div class=\"wp-block-getwid-section__wrapper getwid-padding-top-none getwid-padding-bottom-none getwid-padding-left-none getwid-padding-right-none\"><div class=\"wp-block-getwid-section__inner-wrapper\"><div class=\"wp-block-getwid-section__background-holder\"><div class=\"wp-block-getwid-section__background\"><\/div><div class=\"wp-block-getwid-section__foreground\"><\/div><\/div><div class=\"wp-block-getwid-section__content\"><div class=\"wp-block-getwid-section__inner-content\">\n<div class=\"wp-block-getwid-image-box has-text-left has-mobile-layout-default has-mobile-alignment-default\"><div style=\"margin-bottom:14px\" class=\"wp-block-getwid-image-box__image-container is-position-top\"><div class=\"wp-block-getwid-image-box__image-wrapper\"><img loading=\"lazy\" decoding=\"async\" width=\"556\" height=\"567\" src=\"https:\/\/globaltaxjustice.org\/wp-content\/uploads\/2024\/10\/ian_gary.jpg\" class=\"wp-block-getwid-image-box__image wp-image-14625\" srcset=\"https:\/\/globaltaxjustice.org\/wp-content\/uploads\/2024\/10\/ian_gary.jpg 556w, https:\/\/globaltaxjustice.org\/wp-content\/uploads\/2024\/10\/ian_gary-294x300.jpg 294w\" sizes=\"auto, (max-width: 556px) 100vw, 556px\" \/><\/div><\/div><div class=\"wp-block-getwid-image-box__content\">\n<div class=\"wp-block-columns is-not-stacked-on-mobile is-layout-flex wp-container-core-columns-is-layout-9d6595d7 wp-block-columns-is-layout-flex\">\n<div class=\"wp-block-column is-layout-flow wp-block-column-is-layout-flow\" style=\"flex-basis:50%\">\n<p class=\"has-text-align-left has-text-color has-link-color wp-elements-c45fa42718504a7a42c4ea55725c85a2\" style=\"color:#607d8b;font-size:16px\">ESTADOS UNIDOS<\/p>\n<\/div>\n\n\n\n<div class=\"wp-block-column is-layout-flow wp-block-column-is-layout-flow\">\n<ul class=\"wp-block-social-links is-layout-flex wp-block-social-links-is-layout-flex\"><li class=\"wp-social-link wp-social-link-linkedin  wp-block-social-link\"><a href=\"https:\/\/www.linkedin.com\/in\/iangary\" class=\"wp-block-social-link-anchor\"><svg width=\"24\" height=\"24\" viewBox=\"0 0 24 24\" version=\"1.1\" xmlns=\"http:\/\/www.w3.org\/2000\/svg\" aria-hidden=\"true\" focusable=\"false\"><path d=\"M19.7,3H4.3C3.582,3,3,3.582,3,4.3v15.4C3,20.418,3.582,21,4.3,21h15.4c0.718,0,1.3-0.582,1.3-1.3V4.3 C21,3.582,20.418,3,19.7,3z M8.339,18.338H5.667v-8.59h2.672V18.338z M7.004,8.574c-0.857,0-1.549-0.694-1.549-1.548 c0-0.855,0.691-1.548,1.549-1.548c0.854,0,1.547,0.694,1.547,1.548C8.551,7.881,7.858,8.574,7.004,8.574z M18.339,18.338h-2.669 v-4.177c0-0.996-0.017-2.278-1.387-2.278c-1.389,0-1.601,1.086-1.601,2.206v4.249h-2.667v-8.59h2.559v1.174h0.037 c0.356-0.675,1.227-1.387,2.526-1.387c2.703,0,3.203,1.779,3.203,4.092V18.338z\"><\/path><\/svg><span class=\"wp-block-social-link-label screen-reader-text\">LinkedIn<\/span><\/a><\/li>\n\n<li class=\"wp-social-link wp-social-link-x  wp-block-social-link\"><a href=\"https:\/\/twitter.com\/Ianpgary\" class=\"wp-block-social-link-anchor\"><svg width=\"24\" height=\"24\" viewBox=\"0 0 24 24\" version=\"1.1\" xmlns=\"http:\/\/www.w3.org\/2000\/svg\" aria-hidden=\"true\" focusable=\"false\"><path d=\"M13.982 10.622 20.54 3h-1.554l-5.693 6.618L8.745 3H3.5l6.876 10.007L3.5 21h1.554l6.012-6.989L15.868 21h5.245l-7.131-10.378Zm-2.128 2.474-.697-.997-5.543-7.93H8l4.474 6.4.697.996 5.815 8.318h-2.387l-4.745-6.787Z\" \/><\/svg><span class=\"wp-block-social-link-label screen-reader-text\">X<\/span><\/a><\/li><\/ul>\n<\/div>\n<\/div>\n\n\n\n<div class=\"wp-block-getwid-advanced-heading has-custom-font-size\" style=\"font-size:34px\"><h3 class=\"wp-block-getwid-advanced-heading__content\" style=\"font-weight:300;line-height:1.65em;letter-spacing:0px\">Ian Gary<\/h3><\/div>\n\n\n\n<p class=\"has-text-align-left\">Director ejecutivo de la Coalici\u00f3n para la Responsabilidad Financiera y la Transparencia Corporativa (FACT Coalition) de Estados Unidos, que cuenta con m\u00e1s de 100 miembros, tiene m\u00e1s de 25 a\u00f1os de experiencia en la defensa de la justicia fiscal y tributaria, as\u00ed como de la reforma de la gobernanza de los recursos naturales. Anteriormente trabaj\u00f3 con Oxfam, la Fundaci\u00f3n Ford y ONG locales en Ghana y Zimbabue.<\/p>\n<\/div><\/div>\n<\/div><\/div><\/div><\/div><\/div>\n<\/div><\/div><\/div><\/div><\/div>\n\n\n\n<div class=\"wp-block-getwid-advanced-heading\" style=\"margin-bottom:-2px;margin-top:54px\"><h2 class=\"wp-block-getwid-advanced-heading__content\">Secretar\u00eda<\/h2><\/div>\n\n\n\n<p class=\"has-text-color has-link-color wp-elements-ef325004f3101d50af76f734eda38500\" style=\"color:#607d8b\">Cada regi\u00f3n alberga a un miembro de la Secretar\u00eda para coordinar las actividades de GATJ.<\/p>\n\n\n\n<div class=\"wp-block-getwid-section people\"><div class=\"wp-block-getwid-section__wrapper getwid-padding-top-none getwid-padding-bottom-none getwid-padding-left-none getwid-padding-right-none\"><div class=\"wp-block-getwid-section__inner-wrapper\"><div class=\"wp-block-getwid-section__background-holder\"><div class=\"wp-block-getwid-section__background\"><\/div><div class=\"wp-block-getwid-section__foreground\"><\/div><\/div><div class=\"wp-block-getwid-section__content\"><div class=\"wp-block-getwid-section__inner-content\">\n<div class=\"wp-block-getwid-section person getwid-section-content-full-width\"><div class=\"wp-block-getwid-section__wrapper getwid-padding-top-none getwid-padding-bottom-none getwid-padding-left-none getwid-padding-right-none\"><div class=\"wp-block-getwid-section__inner-wrapper\"><div class=\"wp-block-getwid-section__background-holder\"><div class=\"wp-block-getwid-section__background\"><\/div><div class=\"wp-block-getwid-section__foreground\"><\/div><\/div><div class=\"wp-block-getwid-section__content\"><div class=\"wp-block-getwid-section__inner-content\">\n<div class=\"wp-block-getwid-image-box has-text-left has-mobile-layout-default has-mobile-alignment-default\"><div style=\"margin-bottom:14px\" class=\"wp-block-getwid-image-box__image-container is-position-top\"><div class=\"wp-block-getwid-image-box__image-wrapper\"><img loading=\"lazy\" decoding=\"async\" width=\"756\" height=\"768\" src=\"https:\/\/globaltaxjustice.org\/wp-content\/uploads\/2024\/10\/dereje_alemayehu.png\" class=\"wp-block-getwid-image-box__image wp-image-14623\" srcset=\"https:\/\/globaltaxjustice.org\/wp-content\/uploads\/2024\/10\/dereje_alemayehu.png 756w, https:\/\/globaltaxjustice.org\/wp-content\/uploads\/2024\/10\/dereje_alemayehu-295x300.png 295w\" sizes=\"auto, (max-width: 756px) 100vw, 756px\" \/><\/div><\/div><div class=\"wp-block-getwid-image-box__content\">\n<div class=\"wp-block-columns is-not-stacked-on-mobile is-layout-flex wp-container-core-columns-is-layout-9d6595d7 wp-block-columns-is-layout-flex\">\n<div class=\"wp-block-column is-layout-flow wp-block-column-is-layout-flow\" style=\"flex-basis:50%\">\n<p class=\"has-text-align-left has-text-color has-link-color wp-elements-10b2517625f7946ad3bf48cacf5d6d05\" style=\"color:#607d8b;font-size:16px\"><\/p>\n<\/div>\n\n\n\n<div class=\"wp-block-column is-layout-flow wp-block-column-is-layout-flow\">\n<ul class=\"wp-block-social-links is-layout-flex wp-block-social-links-is-layout-flex\"><li class=\"wp-social-link wp-social-link-linkedin  wp-block-social-link\"><a href=\"https:\/\/ke.linkedin.com\/in\/dereje-alemayehu-a45a7222\" class=\"wp-block-social-link-anchor\"><svg width=\"24\" height=\"24\" viewBox=\"0 0 24 24\" version=\"1.1\" xmlns=\"http:\/\/www.w3.org\/2000\/svg\" aria-hidden=\"true\" focusable=\"false\"><path d=\"M19.7,3H4.3C3.582,3,3,3.582,3,4.3v15.4C3,20.418,3.582,21,4.3,21h15.4c0.718,0,1.3-0.582,1.3-1.3V4.3 C21,3.582,20.418,3,19.7,3z M8.339,18.338H5.667v-8.59h2.672V18.338z M7.004,8.574c-0.857,0-1.549-0.694-1.549-1.548 c0-0.855,0.691-1.548,1.549-1.548c0.854,0,1.547,0.694,1.547,1.548C8.551,7.881,7.858,8.574,7.004,8.574z M18.339,18.338h-2.669 v-4.177c0-0.996-0.017-2.278-1.387-2.278c-1.389,0-1.601,1.086-1.601,2.206v4.249h-2.667v-8.59h2.559v1.174h0.037 c0.356-0.675,1.227-1.387,2.526-1.387c2.703,0,3.203,1.779,3.203,4.092V18.338z\"><\/path><\/svg><span class=\"wp-block-social-link-label screen-reader-text\">LinkedIn<\/span><\/a><\/li>\n\n<li class=\"wp-social-link wp-social-link-x  wp-block-social-link\"><a href=\"https:\/\/twitter.com\/DerejeAlemay\" class=\"wp-block-social-link-anchor\"><svg width=\"24\" height=\"24\" viewBox=\"0 0 24 24\" version=\"1.1\" xmlns=\"http:\/\/www.w3.org\/2000\/svg\" aria-hidden=\"true\" focusable=\"false\"><path d=\"M13.982 10.622 20.54 3h-1.554l-5.693 6.618L8.745 3H3.5l6.876 10.007L3.5 21h1.554l6.012-6.989L15.868 21h5.245l-7.131-10.378Zm-2.128 2.474-.697-.997-5.543-7.93H8l4.474 6.4.697.996 5.815 8.318h-2.387l-4.745-6.787Z\" \/><\/svg><span class=\"wp-block-social-link-label screen-reader-text\">X<\/span><\/a><\/li><\/ul>\n<\/div>\n<\/div>\n\n\n\n<div class=\"wp-block-getwid-advanced-heading has-custom-font-size\" style=\"font-size:34px\"><h3 class=\"wp-block-getwid-advanced-heading__content\" style=\"font-weight:300;line-height:1.65em;letter-spacing:0px\">Dereje Alemayehu<\/h3><\/div>\n\n\n\n<div class=\"wp-block-getwid-advanced-heading has-custom-font-size\" style=\"font-size:20px;margin-bottom:12px;margin-top:-4px\"><p class=\"wp-block-getwid-advanced-heading__content has-text-color\" style=\"text-align:left;font-weight:300;line-height:1.65em;color:#bf1b1b\">Coordinador Ejecutivo<\/p><\/div>\n\n\n\n<p class=\"has-text-align-left\">Antes de su trabajo actual en GATJ, Dereje fue presidente fundador de Tax Justice Network Africa (2008-2016) y GATJ (2014-18). Mientras cumpl\u00eda estas funciones voluntarias, trabaj\u00f3 como asesor s\u00e9nior de justicia econ\u00f3mica en Christian Aid. Antes de eso, fue gerente de pa\u00eds de Christian Aid para \u00c1frica Oriental durante 15 a\u00f1os. Antes de unirse al sector de las OSC, trabaj\u00f3 como profesor en la Universidad Libre de Berl\u00edn entre 1987 y 1998. Tiene una maestr\u00eda en Estudios de Desarrollo y un doctorado en Econom\u00eda de la misma universidad.<\/p>\n<\/div><\/div>\n<\/div><\/div><\/div><\/div><\/div>\n\n\n\n<div class=\"wp-block-getwid-section person getwid-section-content-full-width\"><div class=\"wp-block-getwid-section__wrapper getwid-padding-top-none getwid-padding-bottom-none getwid-padding-left-none getwid-padding-right-none\"><div class=\"wp-block-getwid-section__inner-wrapper\"><div class=\"wp-block-getwid-section__background-holder\"><div class=\"wp-block-getwid-section__background\"><\/div><div class=\"wp-block-getwid-section__foreground\"><\/div><\/div><div class=\"wp-block-getwid-section__content\"><div class=\"wp-block-getwid-section__inner-content\">\n<div class=\"wp-block-getwid-image-box has-text-left has-mobile-layout-default has-mobile-alignment-default\"><div style=\"margin-bottom:14px\" class=\"wp-block-getwid-image-box__image-container is-position-top\"><div class=\"wp-block-getwid-image-box__image-wrapper\"><img loading=\"lazy\" decoding=\"async\" width=\"800\" height=\"800\" src=\"https:\/\/globaltaxjustice.org\/wp-content\/uploads\/2024\/12\/1700585792199.jpg\" alt=\"\" class=\"wp-block-getwid-image-box__image wp-image-14863\" srcset=\"https:\/\/globaltaxjustice.org\/wp-content\/uploads\/2024\/12\/1700585792199.jpg 800w, https:\/\/globaltaxjustice.org\/wp-content\/uploads\/2024\/12\/1700585792199-300x300.jpg 300w, https:\/\/globaltaxjustice.org\/wp-content\/uploads\/2024\/12\/1700585792199-150x150.jpg 150w, https:\/\/globaltaxjustice.org\/wp-content\/uploads\/2024\/12\/1700585792199-768x768.jpg 768w\" sizes=\"auto, (max-width: 800px) 100vw, 800px\" \/><\/div><\/div><div class=\"wp-block-getwid-image-box__content\">\n<div class=\"wp-block-columns is-not-stacked-on-mobile is-layout-flex wp-container-core-columns-is-layout-9d6595d7 wp-block-columns-is-layout-flex\">\n<div class=\"wp-block-column is-layout-flow wp-block-column-is-layout-flow\" style=\"flex-basis:50%\">\n<p class=\"has-text-align-left has-text-color has-link-color wp-elements-76defd6670a532df184f816fa7d2579d\" style=\"color:#607d8b;font-size:16px\">TJ-E<\/p>\n<\/div>\n\n\n\n<div class=\"wp-block-column is-layout-flow wp-block-column-is-layout-flow\">\n<ul class=\"wp-block-social-links is-layout-flex wp-block-social-links-is-layout-flex\"><li class=\"wp-social-link wp-social-link-linkedin  wp-block-social-link\"><a href=\"https:\/\/www.linkedin.com\/in\/laysushirobira\/\" class=\"wp-block-social-link-anchor\"><svg width=\"24\" height=\"24\" viewBox=\"0 0 24 24\" version=\"1.1\" xmlns=\"http:\/\/www.w3.org\/2000\/svg\" aria-hidden=\"true\" focusable=\"false\"><path d=\"M19.7,3H4.3C3.582,3,3,3.582,3,4.3v15.4C3,20.418,3.582,21,4.3,21h15.4c0.718,0,1.3-0.582,1.3-1.3V4.3 C21,3.582,20.418,3,19.7,3z M8.339,18.338H5.667v-8.59h2.672V18.338z M7.004,8.574c-0.857,0-1.549-0.694-1.549-1.548 c0-0.855,0.691-1.548,1.549-1.548c0.854,0,1.547,0.694,1.547,1.548C8.551,7.881,7.858,8.574,7.004,8.574z M18.339,18.338h-2.669 v-4.177c0-0.996-0.017-2.278-1.387-2.278c-1.389,0-1.601,1.086-1.601,2.206v4.249h-2.667v-8.59h2.559v1.174h0.037 c0.356-0.675,1.227-1.387,2.526-1.387c2.703,0,3.203,1.779,3.203,4.092V18.338z\"><\/path><\/svg><span class=\"wp-block-social-link-label screen-reader-text\">LinkedIn<\/span><\/a><\/li>\n\n<li class=\"wp-social-link wp-social-link-x  wp-block-social-link\"><a href=\"https:\/\/twitter.com\/laysushi\" class=\"wp-block-social-link-anchor\"><svg width=\"24\" height=\"24\" viewBox=\"0 0 24 24\" version=\"1.1\" xmlns=\"http:\/\/www.w3.org\/2000\/svg\" aria-hidden=\"true\" focusable=\"false\"><path d=\"M13.982 10.622 20.54 3h-1.554l-5.693 6.618L8.745 3H3.5l6.876 10.007L3.5 21h1.554l6.012-6.989L15.868 21h5.245l-7.131-10.378Zm-2.128 2.474-.697-.997-5.543-7.93H8l4.474 6.4.697.996 5.815 8.318h-2.387l-4.745-6.787Z\" \/><\/svg><span class=\"wp-block-social-link-label screen-reader-text\">X<\/span><\/a><\/li><\/ul>\n<\/div>\n<\/div>\n\n\n\n<div class=\"wp-block-getwid-advanced-heading has-custom-font-size\" style=\"font-size:34px\"><h3 class=\"wp-block-getwid-advanced-heading__content\" style=\"font-weight:300;line-height:1.65em;letter-spacing:0px\">Lison Rehbinder<\/h3><\/div>\n\n\n\n<div class=\"wp-block-getwid-advanced-heading has-custom-font-size\" style=\"font-size:20px;margin-bottom:12px;margin-top:-4px\"><p class=\"wp-block-getwid-advanced-heading__content has-text-color\" style=\"text-align:left;font-weight:300;line-height:1.65em;color:#bf1b1b\">Coordinadora de Campa\u00f1as Globales \u2013 Europa<\/p><\/div>\n\n\n\n<p class=\"has-text-align-left\">Lison se une al GATJ con experiencia en campa\u00f1as de justicia fiscal en Francia en CCFD-Terre Solidaire y ActionAid France. Lison ha formado parte de la junta directiva de Eurodad, donde apoy\u00f3 el movimiento regional y mundial por la justicia fiscal.<\/p>\n<\/div><\/div>\n<\/div><\/div><\/div><\/div><\/div>\n\n\n\n<div class=\"wp-block-getwid-section person getwid-section-content-full-width\"><div class=\"wp-block-getwid-section__wrapper getwid-padding-top-none getwid-padding-bottom-none getwid-padding-left-none getwid-padding-right-none\"><div class=\"wp-block-getwid-section__inner-wrapper\"><div class=\"wp-block-getwid-section__background-holder\"><div class=\"wp-block-getwid-section__background\"><\/div><div class=\"wp-block-getwid-section__foreground\"><\/div><\/div><div class=\"wp-block-getwid-section__content\"><div class=\"wp-block-getwid-section__inner-content\">\n<div class=\"wp-block-getwid-image-box has-text-left has-mobile-layout-default has-mobile-alignment-default\"><div style=\"margin-bottom:14px\" class=\"wp-block-getwid-image-box__image-container is-position-top\"><div class=\"wp-block-getwid-image-box__image-wrapper\"><img loading=\"lazy\" decoding=\"async\" width=\"768\" height=\"768\" src=\"https:\/\/globaltaxjustice.org\/wp-content\/uploads\/2024\/10\/tomas_lukin-768x768.png\" class=\"wp-block-getwid-image-box__image wp-image-14633\" srcset=\"https:\/\/globaltaxjustice.org\/wp-content\/uploads\/2024\/10\/tomas_lukin-768x768.png 768w, https:\/\/globaltaxjustice.org\/wp-content\/uploads\/2024\/10\/tomas_lukin-300x300.png 300w, https:\/\/globaltaxjustice.org\/wp-content\/uploads\/2024\/10\/tomas_lukin-150x150.png 150w, https:\/\/globaltaxjustice.org\/wp-content\/uploads\/2024\/10\/tomas_lukin.png 778w\" sizes=\"auto, (max-width: 768px) 100vw, 768px\" \/><\/div><\/div><div class=\"wp-block-getwid-image-box__content\">\n<div class=\"wp-block-columns is-not-stacked-on-mobile is-layout-flex wp-container-core-columns-is-layout-9d6595d7 wp-block-columns-is-layout-flex\">\n<div class=\"wp-block-column is-layout-flow wp-block-column-is-layout-flow\" style=\"flex-basis:50%\">\n<p class=\"has-text-align-left has-text-color has-link-color wp-elements-64380748489eef05661aee546b8d3fd2\" style=\"color:#607d8b;font-size:16px\">RJFALC<\/p>\n<\/div>\n\n\n\n<div class=\"wp-block-column is-layout-flow wp-block-column-is-layout-flow\">\n<ul class=\"wp-block-social-links is-layout-flex wp-block-social-links-is-layout-flex\"><li class=\"wp-social-link wp-social-link-linkedin  wp-block-social-link\"><a href=\"https:\/\/www.linkedin.com\/in\/laysushirobira\/\" class=\"wp-block-social-link-anchor\"><svg width=\"24\" height=\"24\" viewBox=\"0 0 24 24\" version=\"1.1\" xmlns=\"http:\/\/www.w3.org\/2000\/svg\" aria-hidden=\"true\" focusable=\"false\"><path d=\"M19.7,3H4.3C3.582,3,3,3.582,3,4.3v15.4C3,20.418,3.582,21,4.3,21h15.4c0.718,0,1.3-0.582,1.3-1.3V4.3 C21,3.582,20.418,3,19.7,3z M8.339,18.338H5.667v-8.59h2.672V18.338z M7.004,8.574c-0.857,0-1.549-0.694-1.549-1.548 c0-0.855,0.691-1.548,1.549-1.548c0.854,0,1.547,0.694,1.547,1.548C8.551,7.881,7.858,8.574,7.004,8.574z M18.339,18.338h-2.669 v-4.177c0-0.996-0.017-2.278-1.387-2.278c-1.389,0-1.601,1.086-1.601,2.206v4.249h-2.667v-8.59h2.559v1.174h0.037 c0.356-0.675,1.227-1.387,2.526-1.387c2.703,0,3.203,1.779,3.203,4.092V18.338z\"><\/path><\/svg><span class=\"wp-block-social-link-label screen-reader-text\">LinkedIn<\/span><\/a><\/li>\n\n<li class=\"wp-social-link wp-social-link-x  wp-block-social-link\"><a href=\"https:\/\/twitter.com\/laysushi\" class=\"wp-block-social-link-anchor\"><svg width=\"24\" height=\"24\" viewBox=\"0 0 24 24\" version=\"1.1\" xmlns=\"http:\/\/www.w3.org\/2000\/svg\" aria-hidden=\"true\" focusable=\"false\"><path d=\"M13.982 10.622 20.54 3h-1.554l-5.693 6.618L8.745 3H3.5l6.876 10.007L3.5 21h1.554l6.012-6.989L15.868 21h5.245l-7.131-10.378Zm-2.128 2.474-.697-.997-5.543-7.93H8l4.474 6.4.697.996 5.815 8.318h-2.387l-4.745-6.787Z\" \/><\/svg><span class=\"wp-block-social-link-label screen-reader-text\">X<\/span><\/a><\/li><\/ul>\n<\/div>\n<\/div>\n\n\n\n<div class=\"wp-block-getwid-advanced-heading has-custom-font-size\" style=\"font-size:34px\"><h3 class=\"wp-block-getwid-advanced-heading__content\" style=\"font-weight:300;line-height:1.65em;letter-spacing:0px\">Tom\u00e1s Lukin<\/h3><\/div>\n\n\n\n<div class=\"wp-block-getwid-advanced-heading has-custom-font-size\" style=\"font-size:20px;margin-bottom:12px;margin-top:-4px\"><p class=\"wp-block-getwid-advanced-heading__content has-text-color\" style=\"text-align:left;font-weight:300;line-height:1.65em;color:#bf1b1b\">Coordinador de Campa\u00f1as Globales<\/p><\/div>\n\n\n\n<p class=\"has-text-align-left\">Tom\u00e1s Lukin se une al GATJ con experiencia en justicia fiscal. Economista de formaci\u00f3n, Tom\u00e1s ha trabajado como periodista cubriendo finanzas internacionales desde 2007. Tambi\u00e9n ha trabajado para el gobierno de Argentina liderando comunicaciones sobre impuestos, asesorando pol\u00edticas y coordinando con ONG.<\/p>\n<\/div><\/div>\n<\/div><\/div><\/div><\/div><\/div>\n\n\n\n<div class=\"wp-block-getwid-section person getwid-section-content-full-width\"><div class=\"wp-block-getwid-section__wrapper getwid-padding-top-none getwid-padding-bottom-none getwid-padding-left-none getwid-padding-right-none\"><div class=\"wp-block-getwid-section__inner-wrapper\"><div class=\"wp-block-getwid-section__background-holder\"><div class=\"wp-block-getwid-section__background\"><\/div><div class=\"wp-block-getwid-section__foreground\"><\/div><\/div><div class=\"wp-block-getwid-section__content\"><div class=\"wp-block-getwid-section__inner-content\">\n<div class=\"wp-block-getwid-image-box has-text-left has-mobile-layout-default has-mobile-alignment-default\"><div style=\"margin-bottom:14px\" class=\"wp-block-getwid-image-box__image-container is-position-top\"><div class=\"wp-block-getwid-image-box__image-wrapper\"><img loading=\"lazy\" decoding=\"async\" width=\"768\" height=\"512\" src=\"https:\/\/globaltaxjustice.org\/wp-content\/uploads\/2024\/10\/maureen_mburu-768x512.jpg\" class=\"wp-block-getwid-image-box__image wp-image-14682\" srcset=\"https:\/\/globaltaxjustice.org\/wp-content\/uploads\/2024\/10\/maureen_mburu-768x512.jpg 768w, https:\/\/globaltaxjustice.org\/wp-content\/uploads\/2024\/10\/maureen_mburu-300x200.jpg 300w, https:\/\/globaltaxjustice.org\/wp-content\/uploads\/2024\/10\/maureen_mburu-1024x683.jpg 1024w, https:\/\/globaltaxjustice.org\/wp-content\/uploads\/2024\/10\/maureen_mburu-938x626.jpg 938w, https:\/\/globaltaxjustice.org\/wp-content\/uploads\/2024\/10\/maureen_mburu.jpg 1124w\" sizes=\"auto, (max-width: 768px) 100vw, 768px\" \/><\/div><\/div><div class=\"wp-block-getwid-image-box__content\">\n<div class=\"wp-block-columns is-not-stacked-on-mobile is-layout-flex wp-container-core-columns-is-layout-9d6595d7 wp-block-columns-is-layout-flex\">\n<div class=\"wp-block-column is-layout-flow wp-block-column-is-layout-flow\" style=\"flex-basis:50%\">\n<p class=\"has-text-align-left has-text-color has-link-color wp-elements-85cc2c8517b9bdae9dcf996eca520234\" style=\"color:#607d8b;font-size:16px\">TJNA<\/p>\n<\/div>\n\n\n\n<div class=\"wp-block-column is-layout-flow wp-block-column-is-layout-flow\">\n<ul class=\"wp-block-social-links is-layout-flex wp-block-social-links-is-layout-flex\"><li class=\"wp-social-link wp-social-link-linkedin  wp-block-social-link\"><a href=\"https:\/\/ke.linkedin.com\/in\/maureen-mburu-76618a22\" class=\"wp-block-social-link-anchor\"><svg width=\"24\" height=\"24\" viewBox=\"0 0 24 24\" version=\"1.1\" xmlns=\"http:\/\/www.w3.org\/2000\/svg\" aria-hidden=\"true\" focusable=\"false\"><path d=\"M19.7,3H4.3C3.582,3,3,3.582,3,4.3v15.4C3,20.418,3.582,21,4.3,21h15.4c0.718,0,1.3-0.582,1.3-1.3V4.3 C21,3.582,20.418,3,19.7,3z M8.339,18.338H5.667v-8.59h2.672V18.338z M7.004,8.574c-0.857,0-1.549-0.694-1.549-1.548 c0-0.855,0.691-1.548,1.549-1.548c0.854,0,1.547,0.694,1.547,1.548C8.551,7.881,7.858,8.574,7.004,8.574z M18.339,18.338h-2.669 v-4.177c0-0.996-0.017-2.278-1.387-2.278c-1.389,0-1.601,1.086-1.601,2.206v4.249h-2.667v-8.59h2.559v1.174h0.037 c0.356-0.675,1.227-1.387,2.526-1.387c2.703,0,3.203,1.779,3.203,4.092V18.338z\"><\/path><\/svg><span class=\"wp-block-social-link-label screen-reader-text\">LinkedIn<\/span><\/a><\/li><\/ul>\n<\/div>\n<\/div>\n\n\n\n<div class=\"wp-block-getwid-advanced-heading has-custom-font-size\" style=\"font-size:34px\"><h3 class=\"wp-block-getwid-advanced-heading__content\" style=\"font-weight:300;line-height:1.65em;letter-spacing:0px\">Maureen Mburu<\/h3><\/div>\n\n\n\n<div class=\"wp-block-getwid-advanced-heading has-custom-font-size\" style=\"font-size:20px;margin-bottom:12px;margin-top:-4px\"><p class=\"wp-block-getwid-advanced-heading__content has-text-color\" style=\"text-align:left;font-weight:300;line-height:1.65em;color:#bf1b1b\">GATJ Coordinadora de Campa\u00f1as de Impuestos y G\u00e9nero y Coordinadora de \u00c1frica<\/p><\/div>\n\n\n\n<p class=\"has-text-align-left\">Maureen se incorpora a GATJ con experiencia en derecho, justicia de g\u00e9nero y empoderamiento econ\u00f3mico de la mujer. Antes de unirse a GATJ, Maureen trabaj\u00f3 con varias organizaciones internacionales y su experiencia abarca la defensa de intereses, la influencia en pol\u00edticas y la gesti\u00f3n de programas. Maureen es abogada del Tribunal Superior de Kenia, profesional de PMP y actualmente cursa una maestr\u00eda en Planificaci\u00f3n y Gesti\u00f3n de Proyectos.<\/p>\n<\/div><\/div>\n<\/div><\/div><\/div><\/div><\/div>\n\n\n\n<div class=\"wp-block-getwid-section person getwid-section-content-full-width\"><div class=\"wp-block-getwid-section__wrapper getwid-padding-top-none getwid-padding-bottom-none getwid-padding-left-none getwid-padding-right-none\"><div class=\"wp-block-getwid-section__inner-wrapper\"><div class=\"wp-block-getwid-section__background-holder\"><div class=\"wp-block-getwid-section__background\"><\/div><div class=\"wp-block-getwid-section__foreground\"><\/div><\/div><div class=\"wp-block-getwid-section__content\"><div class=\"wp-block-getwid-section__inner-content\">\n<div class=\"wp-block-getwid-image-box has-text-left has-mobile-layout-default has-mobile-alignment-default\"><div style=\"margin-bottom:14px\" class=\"wp-block-getwid-image-box__image-container is-position-top\"><div class=\"wp-block-getwid-image-box__image-wrapper\"><img loading=\"lazy\" decoding=\"async\" width=\"768\" height=\"725\" src=\"https:\/\/globaltaxjustice.org\/wp-content\/uploads\/2024\/10\/alexandra_wenzel-768x725.jpg\" class=\"wp-block-getwid-image-box__image wp-image-14615\" srcset=\"https:\/\/globaltaxjustice.org\/wp-content\/uploads\/2024\/10\/alexandra_wenzel-768x725.jpg 768w, https:\/\/globaltaxjustice.org\/wp-content\/uploads\/2024\/10\/alexandra_wenzel-300x283.jpg 300w, https:\/\/globaltaxjustice.org\/wp-content\/uploads\/2024\/10\/alexandra_wenzel-1024x966.jpg 1024w, https:\/\/globaltaxjustice.org\/wp-content\/uploads\/2024\/10\/alexandra_wenzel-1536x1450.jpg 1536w, https:\/\/globaltaxjustice.org\/wp-content\/uploads\/2024\/10\/alexandra_wenzel-2048x1933.jpg 2048w, https:\/\/globaltaxjustice.org\/wp-content\/uploads\/2024\/10\/alexandra_wenzel-938x885.jpg 938w, https:\/\/globaltaxjustice.org\/wp-content\/uploads\/2024\/10\/alexandra_wenzel-1130x1066.jpg 1130w\" sizes=\"auto, (max-width: 768px) 100vw, 768px\" \/><\/div><\/div><div class=\"wp-block-getwid-image-box__content\">\n<div class=\"wp-block-columns is-not-stacked-on-mobile is-layout-flex wp-container-core-columns-is-layout-9d6595d7 wp-block-columns-is-layout-flex\">\n<div class=\"wp-block-column is-layout-flow wp-block-column-is-layout-flow\" style=\"flex-basis:50%\">\n<p class=\"has-text-align-left has-text-color has-link-color wp-elements-b0585715a2d18bb9d9075e4d8acf5244\" style=\"color:#607d8b;font-size:16px\">C4TF<\/p>\n<\/div>\n\n\n\n<div class=\"wp-block-column is-layout-flow wp-block-column-is-layout-flow\">\n<ul class=\"wp-block-social-links is-layout-flex wp-block-social-links-is-layout-flex\"><li class=\"wp-social-link wp-social-link-linkedin  wp-block-social-link\"><a href=\"https:\/\/www.linkedin.com\/in\/alexandrawenzel\/\" class=\"wp-block-social-link-anchor\"><svg width=\"24\" height=\"24\" viewBox=\"0 0 24 24\" version=\"1.1\" xmlns=\"http:\/\/www.w3.org\/2000\/svg\" aria-hidden=\"true\" focusable=\"false\"><path d=\"M19.7,3H4.3C3.582,3,3,3.582,3,4.3v15.4C3,20.418,3.582,21,4.3,21h15.4c0.718,0,1.3-0.582,1.3-1.3V4.3 C21,3.582,20.418,3,19.7,3z M8.339,18.338H5.667v-8.59h2.672V18.338z M7.004,8.574c-0.857,0-1.549-0.694-1.549-1.548 c0-0.855,0.691-1.548,1.549-1.548c0.854,0,1.547,0.694,1.547,1.548C8.551,7.881,7.858,8.574,7.004,8.574z M18.339,18.338h-2.669 v-4.177c0-0.996-0.017-2.278-1.387-2.278c-1.389,0-1.601,1.086-1.601,2.206v4.249h-2.667v-8.59h2.559v1.174h0.037 c0.356-0.675,1.227-1.387,2.526-1.387c2.703,0,3.203,1.779,3.203,4.092V18.338z\"><\/path><\/svg><span class=\"wp-block-social-link-label screen-reader-text\">LinkedIn<\/span><\/a><\/li>\n\n<li class=\"wp-social-link wp-social-link-x  wp-block-social-link\"><a href=\"https:\/\/x.com\/alexandrawenze\" class=\"wp-block-social-link-anchor\"><svg width=\"24\" height=\"24\" viewBox=\"0 0 24 24\" version=\"1.1\" xmlns=\"http:\/\/www.w3.org\/2000\/svg\" aria-hidden=\"true\" focusable=\"false\"><path d=\"M13.982 10.622 20.54 3h-1.554l-5.693 6.618L8.745 3H3.5l6.876 10.007L3.5 21h1.554l6.012-6.989L15.868 21h5.245l-7.131-10.378Zm-2.128 2.474-.697-.997-5.543-7.93H8l4.474 6.4.697.996 5.815 8.318h-2.387l-4.745-6.787Z\" \/><\/svg><span class=\"wp-block-social-link-label screen-reader-text\">X<\/span><\/a><\/li><\/ul>\n<\/div>\n<\/div>\n\n\n\n<div class=\"wp-block-getwid-advanced-heading has-custom-font-size\" style=\"font-size:34px\"><h3 class=\"wp-block-getwid-advanced-heading__content\" style=\"font-weight:300;line-height:1.65em;letter-spacing:0px\">Alexandra Wenzel<\/h3><\/div>\n\n\n\n<div class=\"wp-block-getwid-advanced-heading has-custom-font-size\" style=\"font-size:20px;margin-bottom:12px;margin-top:-4px\"><p class=\"wp-block-getwid-advanced-heading__content has-text-color\" style=\"text-align:left;font-weight:300;line-height:1.65em;color:#bf1b1b\">Coordinadora Global de Comunicaciones<\/p><\/div>\n\n\n\n<p class=\"has-text-align-left\">Alexandra se une a GATJ con experiencia en comunicaciones estrat\u00e9gicas y promoci\u00f3n. Antes de GATJ, Alexandra hizo campa\u00f1a sobre derechos humanos y justicia ambiental, incluido el reconocimiento exitoso del derecho a un medio ambiente saludable en la ONU. Tiene una Maestr\u00eda en Asuntos Internacionales del Instituto de Graduados de Ginebra.<\/p>\n<\/div><\/div>\n<\/div><\/div><\/div><\/div><\/div>\n\n\n\n<div class=\"wp-block-getwid-section person getwid-section-content-full-width\"><div class=\"wp-block-getwid-section__wrapper getwid-padding-top-none getwid-padding-bottom-none getwid-padding-left-none getwid-padding-right-none\"><div class=\"wp-block-getwid-section__inner-wrapper\"><div class=\"wp-block-getwid-section__background-holder\"><div class=\"wp-block-getwid-section__background\"><\/div><div class=\"wp-block-getwid-section__foreground\"><\/div><\/div><div class=\"wp-block-getwid-section__content\"><div class=\"wp-block-getwid-section__inner-content\">\n<div class=\"wp-block-getwid-image-box has-text-left has-mobile-layout-default has-mobile-alignment-default\"><div style=\"margin-bottom:14px\" class=\"wp-block-getwid-image-box__image-container is-position-top\"><div class=\"wp-block-getwid-image-box__image-wrapper\"><img loading=\"lazy\" decoding=\"async\" width=\"200\" height=\"200\" src=\"https:\/\/globaltaxjustice.org\/wp-content\/uploads\/2025\/04\/1666087010814.jpg\" alt=\"\" class=\"wp-block-getwid-image-box__image wp-image-15543\" srcset=\"https:\/\/globaltaxjustice.org\/wp-content\/uploads\/2025\/04\/1666087010814.jpg 200w, https:\/\/globaltaxjustice.org\/wp-content\/uploads\/2025\/04\/1666087010814-150x150.jpg 150w\" sizes=\"auto, (max-width: 200px) 100vw, 200px\" \/><\/div><\/div><div class=\"wp-block-getwid-image-box__content\">\n<div class=\"wp-block-columns is-not-stacked-on-mobile is-layout-flex wp-container-core-columns-is-layout-9d6595d7 wp-block-columns-is-layout-flex\">\n<div class=\"wp-block-column is-layout-flow wp-block-column-is-layout-flow\" style=\"flex-basis:50%\">\n<p class=\"has-text-align-left has-text-color has-link-color wp-elements-10b2517625f7946ad3bf48cacf5d6d05\" style=\"color:#607d8b;font-size:16px\"><\/p>\n<\/div>\n\n\n\n<div class=\"wp-block-column is-layout-flow wp-block-column-is-layout-flow\">\n<ul class=\"wp-block-social-links is-layout-flex wp-block-social-links-is-layout-flex\"><\/ul>\n<\/div>\n<\/div>\n\n\n\n<div class=\"wp-block-getwid-advanced-heading has-custom-font-size\" style=\"font-size:34px\"><h3 class=\"wp-block-getwid-advanced-heading__content\" style=\"font-weight:300;line-height:1.65em;letter-spacing:0px\">Balla Camara<\/h3><\/div>\n\n\n\n<div class=\"wp-block-getwid-advanced-heading has-custom-font-size\" style=\"font-size:20px;margin-bottom:12px;margin-top:-4px\"><p class=\"wp-block-getwid-advanced-heading__content has-text-color\" style=\"text-align:left;font-weight:300;line-height:1.65em;color:#bf1b1b\">Oficial de Finanzas y Administraci\u00f3n<\/p><\/div>\n\n\n\n<p class=\"has-text-align-left\"><\/p>\n<\/div><\/div>\n<\/div><\/div><\/div><\/div><\/div>\n<\/div><\/div><\/div><\/div><\/div>\n<\/div><\/div><\/div><\/div><\/div>\n","protected":false},"excerpt":{"rendered":"","protected":false},"author":3,"featured_media":0,"parent":0,"menu_order":0,"comment_status":"closed","ping_status":"closed","template":"","meta":{"_acf_changed":false,"footnotes":""},"class_list":["post-14379","page","type-page","status-publish","hentry"],"acf":[],"yoast_head":"<!-- This site is optimized with the Yoast SEO plugin v27.2 - https:\/\/yoast.com\/product\/yoast-seo-wordpress\/ -->\n<title>Comit\u00e9 de Coordinaci\u00f3n y Secretar\u00eda - Global Tax Justice<\/title>\n<meta name=\"robots\" content=\"index, follow, max-snippet:-1, max-image-preview:large, max-video-preview:-1\" \/>\n<link rel=\"canonical\" href=\"https:\/\/globaltaxjustice.org\/es\/comite-de-coordinacion-y-secretaria\/\" \/>\n<meta property=\"og:locale\" content=\"es_ES\" \/>\n<meta property=\"og:type\" content=\"article\" \/>\n<meta property=\"og:title\" content=\"Comit\u00e9 de Coordinaci\u00f3n y Secretar\u00eda - Global Tax Justice\" \/>\n<meta property=\"og:url\" content=\"https:\/\/globaltaxjustice.org\/es\/comite-de-coordinacion-y-secretaria\/\" \/>\n<meta property=\"og:site_name\" content=\"Global Tax Justice\" \/>\n<meta property=\"article:modified_time\" content=\"2025-06-24T20:22:08+00:00\" \/>\n<meta property=\"og:image\" content=\"https:\/\/globaltaxjustice.org\/wp-content\/uploads\/2024\/10\/luis_moreno-scaled-e1733944715355.jpg\" \/>\n\t<meta property=\"og:image:width\" content=\"2324\" \/>\n\t<meta property=\"og:image:height\" content=\"1779\" \/>\n\t<meta property=\"og:image:type\" content=\"image\/jpeg\" \/>\n<meta name=\"twitter:card\" content=\"summary_large_image\" \/>\n<meta name=\"twitter:label1\" content=\"Est. reading time\" \/>\n\t<meta name=\"twitter:data1\" content=\"8 minutos\" \/>\n<script type=\"application\/ld+json\" class=\"yoast-schema-graph\">{\"@context\":\"https:\/\/schema.org\",\"@graph\":[{\"@type\":\"WebPage\",\"@id\":\"https:\/\/globaltaxjustice.org\/es\/comite-de-coordinacion-y-secretaria\/\",\"url\":\"https:\/\/globaltaxjustice.org\/es\/comite-de-coordinacion-y-secretaria\/\",\"name\":\"Comit\u00e9 de Coordinaci\u00f3n y Secretar\u00eda - Global Tax Justice\",\"isPartOf\":{\"@id\":\"https:\/\/globaltaxjustice.org\/es\/#website\"},\"primaryImageOfPage\":{\"@id\":\"https:\/\/globaltaxjustice.org\/es\/comite-de-coordinacion-y-secretaria\/#primaryimage\"},\"image\":{\"@id\":\"https:\/\/globaltaxjustice.org\/es\/comite-de-coordinacion-y-secretaria\/#primaryimage\"},\"thumbnailUrl\":\"https:\/\/globaltaxjustice.org\/wp-content\/uploads\/2024\/10\/luis_moreno-scaled-e1733944715355.jpg\",\"datePublished\":\"2024-09-24T14:57:13+00:00\",\"dateModified\":\"2025-06-24T20:22:08+00:00\",\"breadcrumb\":{\"@id\":\"https:\/\/globaltaxjustice.org\/es\/comite-de-coordinacion-y-secretaria\/#breadcrumb\"},\"inLanguage\":\"es\",\"potentialAction\":[{\"@type\":\"ReadAction\",\"target\":[\"https:\/\/globaltaxjustice.org\/es\/comite-de-coordinacion-y-secretaria\/\"]}]},{\"@type\":\"ImageObject\",\"inLanguage\":\"es\",\"@id\":\"https:\/\/globaltaxjustice.org\/es\/comite-de-coordinacion-y-secretaria\/#primaryimage\",\"url\":\"https:\/\/globaltaxjustice.org\/wp-content\/uploads\/2024\/10\/luis_moreno-scaled-e1733944715355.jpg\",\"contentUrl\":\"https:\/\/globaltaxjustice.org\/wp-content\/uploads\/2024\/10\/luis_moreno-scaled-e1733944715355.jpg\"},{\"@type\":\"BreadcrumbList\",\"@id\":\"https:\/\/globaltaxjustice.org\/es\/comite-de-coordinacion-y-secretaria\/#breadcrumb\",\"itemListElement\":[{\"@type\":\"ListItem\",\"position\":1,\"name\":\"Home\",\"item\":\"https:\/\/globaltaxjustice.org\/es\/\"},{\"@type\":\"ListItem\",\"position\":2,\"name\":\"Comit\u00e9 de Coordinaci\u00f3n y Secretar\u00eda\"}]},{\"@type\":\"WebSite\",\"@id\":\"https:\/\/globaltaxjustice.org\/es\/#website\",\"url\":\"https:\/\/globaltaxjustice.org\/es\/\",\"name\":\"Global Tax Justice\",\"description\":\"Just another WordPress site\",\"publisher\":{\"@id\":\"https:\/\/globaltaxjustice.org\/es\/#organization\"},\"potentialAction\":[{\"@type\":\"SearchAction\",\"target\":{\"@type\":\"EntryPoint\",\"urlTemplate\":\"https:\/\/globaltaxjustice.org\/es\/?s={search_term_string}\"},\"query-input\":{\"@type\":\"PropertyValueSpecification\",\"valueRequired\":true,\"valueName\":\"search_term_string\"}}],\"inLanguage\":\"es\"},{\"@type\":\"Organization\",\"@id\":\"https:\/\/globaltaxjustice.org\/es\/#organization\",\"name\":\"Global Tax Justice\",\"url\":\"https:\/\/globaltaxjustice.org\/es\/\",\"logo\":{\"@type\":\"ImageObject\",\"inLanguage\":\"es\",\"@id\":\"https:\/\/globaltaxjustice.org\/es\/#\/schema\/logo\/image\/\",\"url\":\"https:\/\/globaltaxjustice.org\/wp-content\/uploads\/2024\/10\/logo_header.svg\",\"contentUrl\":\"https:\/\/globaltaxjustice.org\/wp-content\/uploads\/2024\/10\/logo_header.svg\",\"width\":229,\"height\":40,\"caption\":\"Global Tax Justice\"},\"image\":{\"@id\":\"https:\/\/globaltaxjustice.org\/es\/#\/schema\/logo\/image\/\"}}]}<\/script>\n<!-- \/ Yoast SEO plugin. -->","yoast_head_json":{"title":"Comit\u00e9 de Coordinaci\u00f3n y Secretar\u00eda - Global Tax Justice","robots":{"index":"index","follow":"follow","max-snippet":"max-snippet:-1","max-image-preview":"max-image-preview:large","max-video-preview":"max-video-preview:-1"},"canonical":"https:\/\/globaltaxjustice.org\/es\/comite-de-coordinacion-y-secretaria\/","og_locale":"es_ES","og_type":"article","og_title":"Comit\u00e9 de Coordinaci\u00f3n y Secretar\u00eda - Global Tax Justice","og_url":"https:\/\/globaltaxjustice.org\/es\/comite-de-coordinacion-y-secretaria\/","og_site_name":"Global Tax Justice","article_modified_time":"2025-06-24T20:22:08+00:00","og_image":[{"width":2324,"height":1779,"url":"https:\/\/globaltaxjustice.org\/wp-content\/uploads\/2024\/10\/luis_moreno-scaled-e1733944715355.jpg","type":"image\/jpeg"}],"twitter_card":"summary_large_image","twitter_misc":{"Est. reading time":"8 minutos"},"schema":{"@context":"https:\/\/schema.org","@graph":[{"@type":"WebPage","@id":"https:\/\/globaltaxjustice.org\/es\/comite-de-coordinacion-y-secretaria\/","url":"https:\/\/globaltaxjustice.org\/es\/comite-de-coordinacion-y-secretaria\/","name":"Comit\u00e9 de Coordinaci\u00f3n y Secretar\u00eda - Global Tax Justice","isPartOf":{"@id":"https:\/\/globaltaxjustice.org\/es\/#website"},"primaryImageOfPage":{"@id":"https:\/\/globaltaxjustice.org\/es\/comite-de-coordinacion-y-secretaria\/#primaryimage"},"image":{"@id":"https:\/\/globaltaxjustice.org\/es\/comite-de-coordinacion-y-secretaria\/#primaryimage"},"thumbnailUrl":"https:\/\/globaltaxjustice.org\/wp-content\/uploads\/2024\/10\/luis_moreno-scaled-e1733944715355.jpg","datePublished":"2024-09-24T14:57:13+00:00","dateModified":"2025-06-24T20:22:08+00:00","breadcrumb":{"@id":"https:\/\/globaltaxjustice.org\/es\/comite-de-coordinacion-y-secretaria\/#breadcrumb"},"inLanguage":"es","potentialAction":[{"@type":"ReadAction","target":["https:\/\/globaltaxjustice.org\/es\/comite-de-coordinacion-y-secretaria\/"]}]},{"@type":"ImageObject","inLanguage":"es","@id":"https:\/\/globaltaxjustice.org\/es\/comite-de-coordinacion-y-secretaria\/#primaryimage","url":"https:\/\/globaltaxjustice.org\/wp-content\/uploads\/2024\/10\/luis_moreno-scaled-e1733944715355.jpg","contentUrl":"https:\/\/globaltaxjustice.org\/wp-content\/uploads\/2024\/10\/luis_moreno-scaled-e1733944715355.jpg"},{"@type":"BreadcrumbList","@id":"https:\/\/globaltaxjustice.org\/es\/comite-de-coordinacion-y-secretaria\/#breadcrumb","itemListElement":[{"@type":"ListItem","position":1,"name":"Home","item":"https:\/\/globaltaxjustice.org\/es\/"},{"@type":"ListItem","position":2,"name":"Comit\u00e9 de Coordinaci\u00f3n y Secretar\u00eda"}]},{"@type":"WebSite","@id":"https:\/\/globaltaxjustice.org\/es\/#website","url":"https:\/\/globaltaxjustice.org\/es\/","name":"Global Tax Justice","description":"Just another WordPress site","publisher":{"@id":"https:\/\/globaltaxjustice.org\/es\/#organization"},"potentialAction":[{"@type":"SearchAction","target":{"@type":"EntryPoint","urlTemplate":"https:\/\/globaltaxjustice.org\/es\/?s={search_term_string}"},"query-input":{"@type":"PropertyValueSpecification","valueRequired":true,"valueName":"search_term_string"}}],"inLanguage":"es"},{"@type":"Organization","@id":"https:\/\/globaltaxjustice.org\/es\/#organization","name":"Global Tax Justice","url":"https:\/\/globaltaxjustice.org\/es\/","logo":{"@type":"ImageObject","inLanguage":"es","@id":"https:\/\/globaltaxjustice.org\/es\/#\/schema\/logo\/image\/","url":"https:\/\/globaltaxjustice.org\/wp-content\/uploads\/2024\/10\/logo_header.svg","contentUrl":"https:\/\/globaltaxjustice.org\/wp-content\/uploads\/2024\/10\/logo_header.svg","width":229,"height":40,"caption":"Global Tax Justice"},"image":{"@id":"https:\/\/globaltaxjustice.org\/es\/#\/schema\/logo\/image\/"}}]}},"_links":{"self":[{"href":"https:\/\/globaltaxjustice.org\/es\/wp-json\/wp\/v2\/pages\/14379","targetHints":{"allow":["GET"]}}],"collection":[{"href":"https:\/\/globaltaxjustice.org\/es\/wp-json\/wp\/v2\/pages"}],"about":[{"href":"https:\/\/globaltaxjustice.org\/es\/wp-json\/wp\/v2\/types\/page"}],"author":[{"embeddable":true,"href":"https:\/\/globaltaxjustice.org\/es\/wp-json\/wp\/v2\/users\/3"}],"replies":[{"embeddable":true,"href":"https:\/\/globaltaxjustice.org\/es\/wp-json\/wp\/v2\/comments?post=14379"}],"version-history":[{"count":0,"href":"https:\/\/globaltaxjustice.org\/es\/wp-json\/wp\/v2\/pages\/14379\/revisions"}],"wp:attachment":[{"href":"https:\/\/globaltaxjustice.org\/es\/wp-json\/wp\/v2\/media?parent=14379"}],"curies":[{"name":"wp","href":"https:\/\/api.w.org\/{rel}","templated":true}]}}