{"id":14456,"date":"2024-09-24T12:11:03","date_gmt":"2024-09-24T12:11:03","guid":{"rendered":"https:\/\/globaltaxjusticestaging.local\/home-page-2\/"},"modified":"2026-01-27T22:45:08","modified_gmt":"2026-01-27T22:45:08","slug":"pagina-principal","status":"publish","type":"page","link":"https:\/\/globaltaxjustice.org\/es\/","title":{"rendered":"P\u00e1gina principal"},"content":{"rendered":"\n<div class=\"wp-block-getwid-section home-hero alignfull alignfull getwid-section-content-full-width\"><div class=\"wp-block-getwid-section__wrapper getwid-padding-bottom-large getwid-padding-left-none getwid-padding-right-none\"><div class=\"wp-block-getwid-section__inner-wrapper\"><div class=\"wp-block-getwid-section__background-holder\"><div class=\"wp-block-getwid-section__background has-background\" style=\"background-color:#b43734\"><\/div><div class=\"wp-block-getwid-section__foreground\"><\/div><\/div><div class=\"wp-block-getwid-section__content\"><div class=\"wp-block-getwid-section__inner-content\">\n<div class=\"wp-block-getwid-section\"><div class=\"wp-block-getwid-section__wrapper\"><div class=\"wp-block-getwid-section__inner-wrapper\"><div class=\"wp-block-getwid-section__background-holder\"><div class=\"wp-block-getwid-section__background\"><\/div><div class=\"wp-block-getwid-section__foreground\"><\/div><\/div><div class=\"wp-block-getwid-section__content\"><div class=\"wp-block-getwid-section__inner-content\">\n<div class=\"wp-block-columns is-layout-flex wp-container-core-columns-is-layout-9d6595d7 wp-block-columns-is-layout-flex\">\n<div class=\"wp-block-column is-layout-flow wp-block-column-is-layout-flow\">\n<div class=\"wp-block-getwid-section\"><div class=\"wp-block-getwid-section__wrapper getwid-padding-right-none\" style=\"padding-left:0px\"><div class=\"wp-block-getwid-section__inner-wrapper\"><div class=\"wp-block-getwid-section__background-holder\"><div class=\"wp-block-getwid-section__background\"><\/div><div class=\"wp-block-getwid-section__foreground\"><\/div><\/div><div class=\"wp-block-getwid-section__content\"><div class=\"wp-block-getwid-section__inner-content\">\n<h1 class=\"wp-block-heading home-heading has-text-color has-link-color wp-elements-8d29d2e57c387a0f22c46c420f7e496a\" style=\"color:#ffffff;font-size:79px;font-style:normal;font-weight:700\">Juntos por la justicia fiscal global.<\/h1>\n<\/div><\/div><\/div><\/div><\/div>\n<\/div>\n\n\n\n<div class=\"wp-block-column is-layout-flow wp-block-column-is-layout-flow\">\n<div class=\"wp-block-getwid-section hero-text\"><div class=\"wp-block-getwid-section__wrapper getwid-padding-tablet-left-none getwid-padding-tablet-right-none\" style=\"padding-top:32px;padding-left:54px;padding-right:70px\"><div class=\"wp-block-getwid-section__inner-wrapper\"><div class=\"wp-block-getwid-section__background-holder\"><div class=\"wp-block-getwid-section__background\"><\/div><div class=\"wp-block-getwid-section__foreground\"><\/div><\/div><div class=\"wp-block-getwid-section__content\"><div class=\"wp-block-getwid-section__inner-content\">\n<p class=\"has-text-color has-link-color wp-elements-e56b63063500c51452b2213228019a62\" style=\"color:#ffffff;font-size:24px\">Trabajamos por un mundo donde las pol\u00edticas fiscales progresivas y redistributivas contrarresten las desigualdades dentro y entre pa\u00edses, y generen la financiaci\u00f3n p\u00fablica necesaria para garantizar los servicios esenciales y los derechos humanos.<\/p>\n\n\n\n<div class=\"wp-block-buttons is-layout-flex wp-block-buttons-is-layout-flex\">\n<div class=\"wp-block-button\"><a class=\"wp-block-button__link has-text-color has-background has-link-color wp-element-button\" href=\"\/es\/noticias\/\" style=\"border-radius:3px;color:#b43734;background-color:#ffffff\">Nuestra agenda<\/a><\/div>\n<\/div>\n\n\n\n<p class=\"has-text-color has-link-color wp-elements-9aac894f6793d97266561062ae5bf406\" style=\"color:#ffffff;font-size:16px\"><strong><a href=\"https:\/\/globaltaxjustice.org\/es\/acerca-de-gatj\/\">Lea m\u00e1s acerca de nuestra alianza \u00bb<\/a><\/strong><\/p>\n<\/div><\/div><\/div><\/div><\/div>\n<\/div>\n<\/div>\n<\/div><\/div><\/div><\/div><\/div>\n\n\n\n<div class=\"wp-block-getwid-section\"><div class=\"wp-block-getwid-section__wrapper\"><div class=\"wp-block-getwid-section__inner-wrapper\"><div class=\"wp-block-getwid-section__background-holder\"><div class=\"wp-block-getwid-section__background\"><\/div><div class=\"wp-block-getwid-section__foreground\"><\/div><\/div><div class=\"wp-block-getwid-section__content\"><div class=\"wp-block-getwid-section__inner-content\">\n        <div class=\"wp-block-getwid-post-slider custom-post-type-news has-arrows-none has-dots-inside\">\n            <div data-slider-option=\"{&quot;getwid_fade_effect&quot;:&quot;fade&quot;,&quot;getwid_autoplay&quot;:true,&quot;getwid_pause_on_hover&quot;:true,&quot;getwid_autoplay_speed&quot;:4000,&quot;getwid_infinite&quot;:true,&quot;getwid_animation_speed&quot;:800,&quot;getwid_arrows&quot;:&quot;none&quot;,&quot;getwid_dots&quot;:&quot;inside&quot;}\" class=\"wp-block-getwid-post-slider__content\">\n                \t\t\t\t\t\t\t<div class=\"wp-block-getwid-post-slider__slide\" style=\"\">\n\t\t\t\t\t\t\t\t\n<div class=\"wp-block-columns is-layout-flex wp-container-core-columns-is-layout-9d6595d7 wp-block-columns-is-layout-flex\">\n<div class=\"wp-block-column is-layout-flow wp-block-column-is-layout-flow\">\n<div class=\"wp-block-getwid-advanced-heading has-custom-font-size\" style=\"font-size:20px;margin-bottom:52px\"><span class=\"wp-block-getwid-advanced-heading__content has-text-color has-white-color\">LATEST NEWS<\/span><\/div>\n\n\n<div style=\"color:#ffffff; font-size:24px;text-transform:uppercase;\" class=\"has-link-color wp-elements-ba2c8ec68db11dacf7c8fddeddc62990 wp-block-post-date has-text-color\"><time datetime=\"2026-04-28T07:50:03+00:00\">28 abril<\/time><\/div>\n\n\n<h3 style=\"font-size: 24px;\" class=\"wp-block-getwid-template-post-title has-text-color has-white-color\"><a class=\"wp-block-getwid-template-post-title__link\" href=\"https:\/\/globaltaxjustice.org\/es\/noticias\/sindicatos-del-cono-sur-se-articulan-por-una-agenda-de-justicia-fiscal-y-aduanera-en-encuentro-regional\/\">Sindicatos del Cono Sur se articulan por una agenda de justicia fiscal y aduanera en encuentro regional<\/a><\/h3><\/div>\n\n\n\n<div class=\"wp-block-column is-layout-flow wp-block-column-is-layout-flow\">\n<div class=\"wp-block-getwid-template-post-featured-image\" >\n            <a href=\"https:\/\/globaltaxjustice.org\/es\/noticias\/sindicatos-del-cono-sur-se-articulan-por-una-agenda-de-justicia-fiscal-y-aduanera-en-encuentro-regional\/\">\n        <img loading=\"lazy\" decoding=\"async\" width=\"1024\" height=\"576\" src=\"https:\/\/globaltaxjustice.org\/wp-content\/uploads\/2026\/04\/WhatsApp-Image-2026-04-23-at-2.23.55-PM-2-1024x576.jpg\" class=\"attachment-large size-large wp-post-image\" alt=\"Sindicatos del Cono Sur se articulan por una agenda de justicia fiscal y aduanera en encuentro regional\" srcset=\"https:\/\/globaltaxjustice.org\/wp-content\/uploads\/2026\/04\/WhatsApp-Image-2026-04-23-at-2.23.55-PM-2-1024x576.jpg 1024w, https:\/\/globaltaxjustice.org\/wp-content\/uploads\/2026\/04\/WhatsApp-Image-2026-04-23-at-2.23.55-PM-2-300x169.jpg 300w, https:\/\/globaltaxjustice.org\/wp-content\/uploads\/2026\/04\/WhatsApp-Image-2026-04-23-at-2.23.55-PM-2-768x432.jpg 768w, https:\/\/globaltaxjustice.org\/wp-content\/uploads\/2026\/04\/WhatsApp-Image-2026-04-23-at-2.23.55-PM-2-1536x864.jpg 1536w, https:\/\/globaltaxjustice.org\/wp-content\/uploads\/2026\/04\/WhatsApp-Image-2026-04-23-at-2.23.55-PM-2-938x528.jpg 938w, https:\/\/globaltaxjustice.org\/wp-content\/uploads\/2026\/04\/WhatsApp-Image-2026-04-23-at-2.23.55-PM-2-1130x636.jpg 1130w, https:\/\/globaltaxjustice.org\/wp-content\/uploads\/2026\/04\/WhatsApp-Image-2026-04-23-at-2.23.55-PM-2.jpg 1600w\" sizes=\"auto, (max-width: 1024px) 100vw, 1024px\" \/>            <\/a>\n    <\/div>\n<\/div>\n<\/div>\n\n\n\n\n\t\t\t\t\t\t\t<\/div>\n\t\t\t\t\t\t\t\t\t\t\t\t\t<div class=\"wp-block-getwid-post-slider__slide\" style=\"\">\n\t\t\t\t\t\t\t\t\n<div class=\"wp-block-columns is-layout-flex wp-container-core-columns-is-layout-9d6595d7 wp-block-columns-is-layout-flex\">\n<div class=\"wp-block-column is-layout-flow wp-block-column-is-layout-flow\">\n<div class=\"wp-block-getwid-advanced-heading has-custom-font-size\" style=\"font-size:20px;margin-bottom:52px\"><span class=\"wp-block-getwid-advanced-heading__content has-text-color has-white-color\">LATEST NEWS<\/span><\/div>\n\n\n<div style=\"color:#ffffff; font-size:24px;text-transform:uppercase;\" class=\"has-link-color wp-elements-ba2c8ec68db11dacf7c8fddeddc62990 wp-block-post-date has-text-color\"><time datetime=\"2026-04-22T11:23:30+00:00\">22 abril<\/time><\/div>\n\n\n<h3 style=\"font-size: 24px;\" class=\"wp-block-getwid-template-post-title has-text-color has-white-color\"><a class=\"wp-block-getwid-template-post-title__link\" href=\"https:\/\/globaltaxjustice.org\/es\/noticias\/ffd-forum-2026-intervention\/\">Reparar y fortalecer las bases del multilateralismo democr\u00e1tico y mantener viva la promesa del Financiamiento para el Desarrollo<\/a><\/h3><\/div>\n\n\n\n<div class=\"wp-block-column is-layout-flow wp-block-column-is-layout-flow\">\n<div class=\"wp-block-getwid-template-post-featured-image\" >\n            <a href=\"https:\/\/globaltaxjustice.org\/es\/noticias\/ffd-forum-2026-intervention\/\">\n        <img loading=\"lazy\" decoding=\"async\" width=\"1024\" height=\"643\" src=\"https:\/\/globaltaxjustice.org\/wp-content\/uploads\/2026\/04\/Screenshot-2026-04-22-at-1.17.55-PM-1024x643.png\" class=\"attachment-large size-large wp-post-image\" alt=\"Reparar y fortalecer las bases del multilateralismo democr\u00e1tico y mantener viva la promesa del Financiamiento para el Desarrollo\" srcset=\"https:\/\/globaltaxjustice.org\/wp-content\/uploads\/2026\/04\/Screenshot-2026-04-22-at-1.17.55-PM-1024x643.png 1024w, https:\/\/globaltaxjustice.org\/wp-content\/uploads\/2026\/04\/Screenshot-2026-04-22-at-1.17.55-PM-300x188.png 300w, https:\/\/globaltaxjustice.org\/wp-content\/uploads\/2026\/04\/Screenshot-2026-04-22-at-1.17.55-PM-768x482.png 768w, https:\/\/globaltaxjustice.org\/wp-content\/uploads\/2026\/04\/Screenshot-2026-04-22-at-1.17.55-PM-1536x964.png 1536w, https:\/\/globaltaxjustice.org\/wp-content\/uploads\/2026\/04\/Screenshot-2026-04-22-at-1.17.55-PM-2048x1286.png 2048w, https:\/\/globaltaxjustice.org\/wp-content\/uploads\/2026\/04\/Screenshot-2026-04-22-at-1.17.55-PM-938x589.png 938w, https:\/\/globaltaxjustice.org\/wp-content\/uploads\/2026\/04\/Screenshot-2026-04-22-at-1.17.55-PM-1130x709.png 1130w\" sizes=\"auto, (max-width: 1024px) 100vw, 1024px\" \/>            <\/a>\n    <\/div>\n<\/div>\n<\/div>\n\n\n\n\n\t\t\t\t\t\t\t<\/div>\n\t\t\t\t\t\t\t\t\t\t\t\t\t<div class=\"wp-block-getwid-post-slider__slide\" style=\"\">\n\t\t\t\t\t\t\t\t\n<div class=\"wp-block-columns is-layout-flex wp-container-core-columns-is-layout-9d6595d7 wp-block-columns-is-layout-flex\">\n<div class=\"wp-block-column is-layout-flow wp-block-column-is-layout-flow\">\n<div class=\"wp-block-getwid-advanced-heading has-custom-font-size\" style=\"font-size:20px;margin-bottom:52px\"><span class=\"wp-block-getwid-advanced-heading__content has-text-color has-white-color\">LATEST NEWS<\/span><\/div>\n\n\n<div style=\"color:#ffffff; font-size:24px;text-transform:uppercase;\" class=\"has-link-color wp-elements-ba2c8ec68db11dacf7c8fddeddc62990 wp-block-post-date has-text-color\"><time datetime=\"2026-03-11T17:58:55+00:00\">11 marzo<\/time><\/div>\n\n\n<h3 style=\"font-size: 24px;\" class=\"wp-block-getwid-template-post-title has-text-color has-white-color\"><a class=\"wp-block-getwid-template-post-title__link\" href=\"https:\/\/globaltaxjustice.org\/es\/noticias\/gdoa-highlights\/\">Destacados de los D\u00edas Globales de Acci\u00f3n por la Justicia Fiscal para los Derechos de las Mujeres 2026<\/a><\/h3><\/div>\n\n\n\n<div class=\"wp-block-column is-layout-flow wp-block-column-is-layout-flow\">\n<div class=\"wp-block-getwid-template-post-featured-image\" >\n            <a href=\"https:\/\/globaltaxjustice.org\/es\/noticias\/gdoa-highlights\/\">\n        <img loading=\"lazy\" decoding=\"async\" width=\"1024\" height=\"449\" src=\"https:\/\/globaltaxjustice.org\/wp-content\/uploads\/2026\/02\/Cover-facebook_EN-1024x449.jpg\" class=\"attachment-large size-large wp-post-image\" alt=\"Destacados de los D\u00edas Globales de Acci\u00f3n por la Justicia Fiscal para los Derechos de las Mujeres 2026\" srcset=\"https:\/\/globaltaxjustice.org\/wp-content\/uploads\/2026\/02\/Cover-facebook_EN-1024x449.jpg 1024w, https:\/\/globaltaxjustice.org\/wp-content\/uploads\/2026\/02\/Cover-facebook_EN-300x132.jpg 300w, https:\/\/globaltaxjustice.org\/wp-content\/uploads\/2026\/02\/Cover-facebook_EN-768x337.jpg 768w, https:\/\/globaltaxjustice.org\/wp-content\/uploads\/2026\/02\/Cover-facebook_EN-1536x674.jpg 1536w, https:\/\/globaltaxjustice.org\/wp-content\/uploads\/2026\/02\/Cover-facebook_EN-2048x898.jpg 2048w, https:\/\/globaltaxjustice.org\/wp-content\/uploads\/2026\/02\/Cover-facebook_EN-938x411.jpg 938w, https:\/\/globaltaxjustice.org\/wp-content\/uploads\/2026\/02\/Cover-facebook_EN-1130x496.jpg 1130w\" sizes=\"auto, (max-width: 1024px) 100vw, 1024px\" \/>            <\/a>\n    <\/div>\n<\/div>\n<\/div>\n\n\n\n\n\t\t\t\t\t\t\t<\/div>\n\t\t\t\t\t\t\t\t\t\t\t\t\t<div class=\"wp-block-getwid-post-slider__slide\" style=\"\">\n\t\t\t\t\t\t\t\t\n<div class=\"wp-block-columns is-layout-flex wp-container-core-columns-is-layout-9d6595d7 wp-block-columns-is-layout-flex\">\n<div class=\"wp-block-column is-layout-flow wp-block-column-is-layout-flow\">\n<div class=\"wp-block-getwid-advanced-heading has-custom-font-size\" style=\"font-size:20px;margin-bottom:52px\"><span class=\"wp-block-getwid-advanced-heading__content has-text-color has-white-color\">LATEST NEWS<\/span><\/div>\n\n\n<div style=\"color:#ffffff; font-size:24px;text-transform:uppercase;\" class=\"has-link-color wp-elements-ba2c8ec68db11dacf7c8fddeddc62990 wp-block-post-date has-text-color\"><time datetime=\"2026-03-06T04:41:36+00:00\">6 marzo<\/time><\/div>\n\n\n<h3 style=\"font-size: 24px;\" class=\"wp-block-getwid-template-post-title has-text-color has-white-color\"><a class=\"wp-block-getwid-template-post-title__link\" href=\"https:\/\/globaltaxjustice.org\/es\/noticias\/towards-a-feminist-fiscal-system\/\">Hacia un sistema fiscal feminista: las negociaciones para una Convenci\u00f3n Fiscal de las Naciones Unidas<\/a><\/h3><\/div>\n\n\n\n<div class=\"wp-block-column is-layout-flow wp-block-column-is-layout-flow\">\n<div class=\"wp-block-getwid-template-post-featured-image\" >\n            <a href=\"https:\/\/globaltaxjustice.org\/es\/noticias\/towards-a-feminist-fiscal-system\/\">\n        <img loading=\"lazy\" decoding=\"async\" width=\"1024\" height=\"576\" src=\"https:\/\/globaltaxjustice.org\/wp-content\/uploads\/2026\/03\/Youtube-Closing-Event_GDOA-2026-ES-1024x576.jpg\" class=\"attachment-large size-large wp-post-image\" alt=\"Hacia un sistema fiscal feminista: las negociaciones para una Convenci\u00f3n Fiscal de las Naciones Unidas\" srcset=\"https:\/\/globaltaxjustice.org\/wp-content\/uploads\/2026\/03\/Youtube-Closing-Event_GDOA-2026-ES-1024x576.jpg 1024w, https:\/\/globaltaxjustice.org\/wp-content\/uploads\/2026\/03\/Youtube-Closing-Event_GDOA-2026-ES-300x169.jpg 300w, https:\/\/globaltaxjustice.org\/wp-content\/uploads\/2026\/03\/Youtube-Closing-Event_GDOA-2026-ES-768x432.jpg 768w, https:\/\/globaltaxjustice.org\/wp-content\/uploads\/2026\/03\/Youtube-Closing-Event_GDOA-2026-ES-1536x864.jpg 1536w, https:\/\/globaltaxjustice.org\/wp-content\/uploads\/2026\/03\/Youtube-Closing-Event_GDOA-2026-ES-2048x1152.jpg 2048w, https:\/\/globaltaxjustice.org\/wp-content\/uploads\/2026\/03\/Youtube-Closing-Event_GDOA-2026-ES-938x528.jpg 938w, https:\/\/globaltaxjustice.org\/wp-content\/uploads\/2026\/03\/Youtube-Closing-Event_GDOA-2026-ES-1130x636.jpg 1130w\" sizes=\"auto, (max-width: 1024px) 100vw, 1024px\" \/>            <\/a>\n    <\/div>\n<\/div>\n<\/div>\n\n\n\n\n\t\t\t\t\t\t\t<\/div>\n\t\t\t\t\t\t            <\/div>\n        <\/div>\n        <\/div><\/div><\/div><\/div><\/div>\n<\/div><\/div><\/div><\/div><\/div>\n\n\n\n<div class=\"wp-block-columns home-about is-layout-flex wp-container-core-columns-is-layout-9d6595d7 wp-block-columns-is-layout-flex\">\n<div class=\"wp-block-column is-layout-flow wp-block-column-is-layout-flow\">\n<div class=\"wp-block-getwid-section home-about-image\"><div class=\"wp-block-getwid-section__wrapper getwid-padding-top-none getwid-padding-bottom-none getwid-padding-left-none getwid-padding-right-none\"><div class=\"wp-block-getwid-section__inner-wrapper\"><div class=\"wp-block-getwid-section__background-holder\"><div class=\"wp-block-getwid-section__background\"><\/div><div class=\"wp-block-getwid-section__foreground\"><\/div><\/div><div class=\"wp-block-getwid-section__content\"><div class=\"wp-block-getwid-section__inner-content\">\n<figure class=\"wp-block-image size-large is-resized is-style-default wp-duotone-grayscale\"><img loading=\"lazy\" decoding=\"async\" width=\"1024\" height=\"768\" src=\"https:\/\/globaltaxjustice.org\/wp-content\/uploads\/2024\/10\/IMG_6711-1024x768.jpg\" alt=\"\" class=\"wp-image-14751\" style=\"object-fit:cover;width:496px;height:531px\" srcset=\"https:\/\/globaltaxjustice.org\/wp-content\/uploads\/2024\/10\/IMG_6711-1024x768.jpg 1024w, https:\/\/globaltaxjustice.org\/wp-content\/uploads\/2024\/10\/IMG_6711-300x225.jpg 300w, https:\/\/globaltaxjustice.org\/wp-content\/uploads\/2024\/10\/IMG_6711-768x576.jpg 768w, https:\/\/globaltaxjustice.org\/wp-content\/uploads\/2024\/10\/IMG_6711-1536x1152.jpg 1536w, https:\/\/globaltaxjustice.org\/wp-content\/uploads\/2024\/10\/IMG_6711-2048x1536.jpg 2048w, https:\/\/globaltaxjustice.org\/wp-content\/uploads\/2024\/10\/IMG_6711-938x704.jpg 938w, https:\/\/globaltaxjustice.org\/wp-content\/uploads\/2024\/10\/IMG_6711-1130x848.jpg 1130w\" sizes=\"auto, (max-width: 1024px) 100vw, 1024px\" \/><\/figure>\n\n\n\n<div style=\"height:440px\" aria-hidden=\"true\" class=\"wp-block-spacer triangle\"><\/div>\n<\/div><\/div><\/div><\/div><\/div>\n<\/div>\n\n\n\n<div class=\"wp-block-column is-layout-flow wp-block-column-is-layout-flow\">\n<div class=\"wp-block-getwid-section home-about-text getwid-margin-top-none\"><div class=\"wp-block-getwid-section__wrapper getwid-padding-top-none\" style=\"margin-left:40px\"><div class=\"wp-block-getwid-section__inner-wrapper\"><div class=\"wp-block-getwid-section__background-holder\"><div class=\"wp-block-getwid-section__background\"><\/div><div class=\"wp-block-getwid-section__foreground\"><\/div><\/div><div class=\"wp-block-getwid-section__content\"><div class=\"wp-block-getwid-section__inner-content\">\n<figure class=\"wp-block-image size-full is-resized\"><img loading=\"lazy\" decoding=\"async\" width=\"206\" height=\"192\" src=\"https:\/\/globaltaxjustice.org\/wp-content\/uploads\/2024\/10\/Image-3@2x.png\" alt=\"\" class=\"wp-image-14603\" style=\"object-fit:cover;width:103px;height:96px\"\/><\/figure>\n\n\n\n<h2 class=\"wp-block-heading has-text-color has-link-color wp-elements-a76e843d0399473dbf5f52f8423647c1\" style=\"color:#000000;font-size:34px\">Acerca de Global Alliance for Tax Justice<\/h2>\n\n\n\n<p class=\"has-text-color has-link-color wp-elements-ad1ab08c679e3f1e5304583bf28f5a35\" style=\"color:#000000;font-size:24px\">La Alianza Global por la Justicia Fiscal (GATJ) es una coalici\u00f3n global liderada por el Sur y dirigida por sus redes regionales aut\u00f3nomas. L\u00edder en el movimiento de justicia fiscal, la GATJ hace campa\u00f1a por una gobernanza fiscal global transparente, inclusiva y representativa.<\/p>\n<\/div><\/div><\/div><\/div><\/div>\n<\/div>\n<\/div>\n\n\n\n<div class=\"wp-block-getwid-section home-movement alignfull getwid-section-content-full-width\"><div class=\"wp-block-getwid-section__wrapper getwid-padding-top-none getwid-padding-bottom-none getwid-padding-left-none getwid-padding-right-none getwid-align-items-flex-start\"><div class=\"wp-block-getwid-section__inner-wrapper\"><div class=\"wp-block-getwid-section__background-holder\"><div class=\"wp-block-getwid-section__background has-background has-base-2-background-color\" style=\"background-image:url('https:\/\/globaltaxjustice.org\/wp-content\/uploads\/2024\/08\/7taxbody-2-1-scaled.jpg')\"><div class=\"wp-block-getwid-section__background-image-wrapper\"><img decoding=\"async\" class=\"wp-block-getwid-section__background-image\" src=\"https:\/\/globaltaxjustice.org\/wp-content\/uploads\/2024\/08\/7taxbody-2-1-scaled.jpg\" alt=\"\"\/><\/div><\/div><div class=\"wp-block-getwid-section__foreground\" style=\"opacity:0.85;background-color:#10437b\"><\/div><\/div><div class=\"wp-block-getwid-section__content\"><div class=\"wp-block-getwid-section__inner-content\">\n<div class=\"wp-block-getwid-section\" style=\"margin-top:180px;margin-bottom:180px\"><div class=\"wp-block-getwid-section__wrapper\"><div class=\"wp-block-getwid-section__inner-wrapper has-dividers-over\"><div class=\"wp-block-getwid-section__background-holder\"><div class=\"wp-block-getwid-section__background\"><\/div><div class=\"wp-block-getwid-section__foreground\"><\/div><\/div><div class=\"wp-block-getwid-section__content\"><div class=\"wp-block-getwid-section__inner-content\">\n<h2 class=\"wp-block-heading is-style-default has-text-color has-link-color wp-elements-de58e69dfc28149666b37e62a8be1eb7\" style=\"color:#ffffff;font-size:45px\">El movimiento de justicia fiscal<\/h2>\n\n\n\n<p class=\"has-accent-3-background-color has-text-color has-background has-link-color has-body-font-family wp-elements-0b53792529f471732632d301b3ad0b4a\" style=\"color:#ffffff;padding-top:0;padding-right:0;padding-bottom:0;padding-left:0;font-size:30px;line-height:1.3\">GATJ se compone por cinco redes regionales en Asia (Tax and Fiscal Justice Asia), Africa (Tax Justice Network Africa), Am\u00e9rica Latina (Red de Justicia Fiscal de Am\u00e9rica Latina y el Caribe), Europa (Tax Justice-Europe) y Am\u00e9rica del Norte (Canadians for Tax Fairness &amp; FACT Coalition), que colectivamente representan cientos de organizaciones.<\/p>\n<\/div><\/div><\/div><\/div><\/div>\n<\/div><\/div><\/div><\/div><\/div>\n\n\n\n<div class=\"wp-block-getwid-section home-campaigns\"><div class=\"wp-block-getwid-section__wrapper\"><div class=\"wp-block-getwid-section__inner-wrapper\"><div class=\"wp-block-getwid-section__background-holder\"><div class=\"wp-block-getwid-section__background\"><\/div><div class=\"wp-block-getwid-section__foreground\"><\/div><\/div><div class=\"wp-block-getwid-section__content\"><div class=\"wp-block-getwid-section__inner-content\">\n<h2 class=\"wp-block-heading\" style=\"font-size:34px;text-transform:uppercase\">Nuestras Campa\u00f1as<\/h2>\n\n\n        <div class=\"wp-block-getwid-custom-post-type custom-post-type-campaign has-layout-grid three-columns\">\n            <div class=\"wp-block-getwid-custom-post-type__wrapper getwid-columns getwid-columns-3\">\n                \t\t\t\t\t\t\t\t<div class='wp-block-getwid-custom-post-type__post'>\n\t\t\t\t\t\t\t\t\t\n<div class=\"wp-block-getwid-section\"><div class=\"wp-block-getwid-section__wrapper getwid-padding-top-normal getwid-padding-bottom-normal getwid-padding-left-normal getwid-padding-right-normal getwid-align-items-flex-start\" style=\"min-height:100%\"><div class=\"wp-block-getwid-section__inner-wrapper\"><div class=\"wp-block-getwid-section__background-holder\"><div class=\"wp-block-getwid-section__background has-background\" style=\"background-color:#546e7a\"><\/div><div class=\"wp-block-getwid-section__foreground\"><\/div><\/div><div class=\"wp-block-getwid-section__content\"><div class=\"wp-block-getwid-section__inner-content\">\n<div class=\"wp-block-getwid-template-post-featured-image\" >\n            <a href=\"https:\/\/globaltaxjustice.org\/es\/campanas\/convencion-fiscal-de-la-onu-ahora\/\">\n        <img loading=\"lazy\" decoding=\"async\" width=\"938\" height=\"518\" src=\"https:\/\/globaltaxjustice.org\/wp-content\/uploads\/2025\/01\/7taxbody-2-938x518.jpg\" class=\"attachment-post-thumbnail size-post-thumbnail wp-post-image\" alt=\"Convenci\u00f3n fiscal de la ONU ahora\" srcset=\"https:\/\/globaltaxjustice.org\/wp-content\/uploads\/2025\/01\/7taxbody-2-938x518.jpg 938w, https:\/\/globaltaxjustice.org\/wp-content\/uploads\/2025\/01\/7taxbody-2-300x166.jpg 300w, https:\/\/globaltaxjustice.org\/wp-content\/uploads\/2025\/01\/7taxbody-2-1024x565.jpg 1024w, https:\/\/globaltaxjustice.org\/wp-content\/uploads\/2025\/01\/7taxbody-2-768x424.jpg 768w, https:\/\/globaltaxjustice.org\/wp-content\/uploads\/2025\/01\/7taxbody-2-1536x848.jpg 1536w, https:\/\/globaltaxjustice.org\/wp-content\/uploads\/2025\/01\/7taxbody-2-2048x1130.jpg 2048w, https:\/\/globaltaxjustice.org\/wp-content\/uploads\/2025\/01\/7taxbody-2-1130x624.jpg 1130w\" sizes=\"auto, (max-width: 938px) 100vw, 938px\" \/>            <\/a>\n    <\/div>\n\n\n\n<h3 style=\"font-size: 30px;\" class=\"wp-block-getwid-template-post-title has-text-color has-light-gray-color\"><a class=\"wp-block-getwid-template-post-title__link\" href=\"https:\/\/globaltaxjustice.org\/es\/campanas\/convencion-fiscal-de-la-onu-ahora\/\">Convenci\u00f3n fiscal de la ONU ahora<\/a><\/h3>\n\n\n<div class=\"wp-block-getwid-template-post-link has-text-color has-light-gray-color\" >\n    <a href=\"https:\/\/globaltaxjustice.org\/es\/campanas\/convencion-fiscal-de-la-onu-ahora\/\">Lea M\u00e1s \u2014<\/a>\n<\/div>\n<\/div><\/div><\/div><\/div><\/div>\n\t\t\t\t\t\t\t\t<\/div>\n\t\t\t\t\t\t\t\t\t\t\t\t\t\t\t<div class='wp-block-getwid-custom-post-type__post'>\n\t\t\t\t\t\t\t\t\t\n<div class=\"wp-block-getwid-section\"><div class=\"wp-block-getwid-section__wrapper getwid-padding-top-normal getwid-padding-bottom-normal getwid-padding-left-normal getwid-padding-right-normal getwid-align-items-flex-start\" style=\"min-height:100%\"><div class=\"wp-block-getwid-section__inner-wrapper\"><div class=\"wp-block-getwid-section__background-holder\"><div class=\"wp-block-getwid-section__background has-background\" style=\"background-color:#546e7a\"><\/div><div class=\"wp-block-getwid-section__foreground\"><\/div><\/div><div class=\"wp-block-getwid-section__content\"><div class=\"wp-block-getwid-section__inner-content\">\n<div class=\"wp-block-getwid-template-post-featured-image\" >\n            <a href=\"https:\/\/globaltaxjustice.org\/es\/campanas\/justicia-fiscal-en-el-sector-extractivo\/\">\n        <img loading=\"lazy\" decoding=\"async\" width=\"731\" height=\"412\" src=\"https:\/\/globaltaxjustice.org\/wp-content\/uploads\/2022\/08\/2021-11-24-25-26-Nov-Dias-de-accion-global-por-justicia-fiscal-en-la-industria-extractiva-ES-IMAGEM.png\" class=\"attachment-post-thumbnail size-post-thumbnail wp-post-image\" alt=\"Justicia fiscal en el sector extractivo\" srcset=\"https:\/\/globaltaxjustice.org\/wp-content\/uploads\/2022\/08\/2021-11-24-25-26-Nov-Dias-de-accion-global-por-justicia-fiscal-en-la-industria-extractiva-ES-IMAGEM.png 731w, https:\/\/globaltaxjustice.org\/wp-content\/uploads\/2022\/08\/2021-11-24-25-26-Nov-Dias-de-accion-global-por-justicia-fiscal-en-la-industria-extractiva-ES-IMAGEM-300x169.png 300w\" sizes=\"auto, (max-width: 731px) 100vw, 731px\" \/>            <\/a>\n    <\/div>\n\n\n\n<h3 style=\"font-size: 30px;\" class=\"wp-block-getwid-template-post-title has-text-color has-light-gray-color\"><a class=\"wp-block-getwid-template-post-title__link\" href=\"https:\/\/globaltaxjustice.org\/es\/campanas\/justicia-fiscal-en-el-sector-extractivo\/\">Justicia fiscal en el sector extractivo<\/a><\/h3>\n\n\n<div class=\"wp-block-getwid-template-post-link has-text-color has-light-gray-color\" >\n    <a href=\"https:\/\/globaltaxjustice.org\/es\/campanas\/justicia-fiscal-en-el-sector-extractivo\/\">Lea M\u00e1s \u2014<\/a>\n<\/div>\n<\/div><\/div><\/div><\/div><\/div>\n\t\t\t\t\t\t\t\t<\/div>\n\t\t\t\t\t\t\t\t\t\t\t\t\t\t\t<div class='wp-block-getwid-custom-post-type__post'>\n\t\t\t\t\t\t\t\t\t\n<div class=\"wp-block-getwid-section\"><div class=\"wp-block-getwid-section__wrapper getwid-padding-top-normal getwid-padding-bottom-normal getwid-padding-left-normal getwid-padding-right-normal getwid-align-items-flex-start\" style=\"min-height:100%\"><div class=\"wp-block-getwid-section__inner-wrapper\"><div class=\"wp-block-getwid-section__background-holder\"><div class=\"wp-block-getwid-section__background has-background\" style=\"background-color:#546e7a\"><\/div><div class=\"wp-block-getwid-section__foreground\"><\/div><\/div><div class=\"wp-block-getwid-section__content\"><div class=\"wp-block-getwid-section__inner-content\">\n<div class=\"wp-block-getwid-template-post-featured-image\" >\n            <a href=\"https:\/\/globaltaxjustice.org\/es\/campanas\/hagamos-que-los-impuestos-trabajen-por-las-mujeres\/\">\n        <img loading=\"lazy\" decoding=\"async\" width=\"938\" height=\"400\" src=\"https:\/\/globaltaxjustice.org\/wp-content\/uploads\/2025\/02\/GATJ-GDOA-2025-V03-scaled-e1741334290769-938x400.jpg\" class=\"attachment-post-thumbnail size-post-thumbnail wp-post-image\" alt=\"Por un sistema fiscal feminista\" srcset=\"https:\/\/globaltaxjustice.org\/wp-content\/uploads\/2025\/02\/GATJ-GDOA-2025-V03-scaled-e1741334290769-938x400.jpg 938w, https:\/\/globaltaxjustice.org\/wp-content\/uploads\/2025\/02\/GATJ-GDOA-2025-V03-scaled-e1741334290769-300x128.jpg 300w, https:\/\/globaltaxjustice.org\/wp-content\/uploads\/2025\/02\/GATJ-GDOA-2025-V03-scaled-e1741334290769-1024x436.jpg 1024w, https:\/\/globaltaxjustice.org\/wp-content\/uploads\/2025\/02\/GATJ-GDOA-2025-V03-scaled-e1741334290769-768x327.jpg 768w, https:\/\/globaltaxjustice.org\/wp-content\/uploads\/2025\/02\/GATJ-GDOA-2025-V03-scaled-e1741334290769-1130x481.jpg 1130w, https:\/\/globaltaxjustice.org\/wp-content\/uploads\/2025\/02\/GATJ-GDOA-2025-V03-scaled-e1741334290769.jpg 1502w\" sizes=\"auto, (max-width: 938px) 100vw, 938px\" \/>            <\/a>\n    <\/div>\n\n\n\n<h3 style=\"font-size: 30px;\" class=\"wp-block-getwid-template-post-title has-text-color has-light-gray-color\"><a class=\"wp-block-getwid-template-post-title__link\" href=\"https:\/\/globaltaxjustice.org\/es\/campanas\/hagamos-que-los-impuestos-trabajen-por-las-mujeres\/\">Por un sistema fiscal feminista<\/a><\/h3>\n\n\n<div class=\"wp-block-getwid-template-post-link has-text-color has-light-gray-color\" >\n    <a href=\"https:\/\/globaltaxjustice.org\/es\/campanas\/hagamos-que-los-impuestos-trabajen-por-las-mujeres\/\">Lea M\u00e1s \u2014<\/a>\n<\/div>\n<\/div><\/div><\/div><\/div><\/div>\n\t\t\t\t\t\t\t\t<\/div>\n\t\t\t\t\t\t\t            <\/div>\n\n                    <\/div>\n        <\/div><\/div><\/div><\/div><\/div>\n\n\n\n<div class=\"wp-block-getwid-section home-latest\"><div class=\"wp-block-getwid-section__wrapper\"><div class=\"wp-block-getwid-section__inner-wrapper\"><div class=\"wp-block-getwid-section__background-holder\"><div class=\"wp-block-getwid-section__background\"><\/div><div class=\"wp-block-getwid-section__foreground\"><\/div><\/div><div class=\"wp-block-getwid-section__content\"><div class=\"wp-block-getwid-section__inner-content\">\n<h2 class=\"wp-block-heading\" style=\"font-size:34px;text-transform:uppercase\">\u00daltimas Noticias<\/h2>\n\n\n        <div class=\"wp-block-getwid-custom-post-type custom-post-type-news has-layout-grid\">\n            <div class=\"wp-block-getwid-custom-post-type__wrapper getwid-columns getwid-columns-2\">\n                \t\t\t\t\t\t\t\t<div class='wp-block-getwid-custom-post-type__post'>\n\t\t\t\t\t\t\t\t\t\n<div class=\"wp-block-getwid-template-post-featured-image\" >\n            <a href=\"https:\/\/globaltaxjustice.org\/es\/noticias\/sindicatos-del-cono-sur-se-articulan-por-una-agenda-de-justicia-fiscal-y-aduanera-en-encuentro-regional\/\">\n        <img loading=\"lazy\" decoding=\"async\" width=\"768\" height=\"432\" src=\"https:\/\/globaltaxjustice.org\/wp-content\/uploads\/2026\/04\/WhatsApp-Image-2026-04-23-at-2.23.55-PM-2-768x432.jpg\" class=\"attachment-medium_large size-medium_large wp-post-image\" alt=\"Sindicatos del Cono Sur se articulan por una agenda de justicia fiscal y aduanera en encuentro regional\" srcset=\"https:\/\/globaltaxjustice.org\/wp-content\/uploads\/2026\/04\/WhatsApp-Image-2026-04-23-at-2.23.55-PM-2-768x432.jpg 768w, https:\/\/globaltaxjustice.org\/wp-content\/uploads\/2026\/04\/WhatsApp-Image-2026-04-23-at-2.23.55-PM-2-300x169.jpg 300w, https:\/\/globaltaxjustice.org\/wp-content\/uploads\/2026\/04\/WhatsApp-Image-2026-04-23-at-2.23.55-PM-2-1024x576.jpg 1024w, https:\/\/globaltaxjustice.org\/wp-content\/uploads\/2026\/04\/WhatsApp-Image-2026-04-23-at-2.23.55-PM-2-1536x864.jpg 1536w, https:\/\/globaltaxjustice.org\/wp-content\/uploads\/2026\/04\/WhatsApp-Image-2026-04-23-at-2.23.55-PM-2-938x528.jpg 938w, https:\/\/globaltaxjustice.org\/wp-content\/uploads\/2026\/04\/WhatsApp-Image-2026-04-23-at-2.23.55-PM-2-1130x636.jpg 1130w, https:\/\/globaltaxjustice.org\/wp-content\/uploads\/2026\/04\/WhatsApp-Image-2026-04-23-at-2.23.55-PM-2.jpg 1600w\" sizes=\"auto, (max-width: 768px) 100vw, 768px\" \/>            <\/a>\n    <\/div>\n\n\n<div style=\"color:#616161; font-size:22px;\" class=\"has-link-color wp-elements-d516baeafb267977779d6a68a276f5e2 wp-block-post-date has-text-color\"><time datetime=\"2026-04-28T07:50:03+00:00\">28 abril<\/time><\/div>\n\n\n<h3 style=\"font-size: 24px;color:#3471b4;\" class=\"wp-block-getwid-template-post-title has-text-color\"><a class=\"wp-block-getwid-template-post-title__link\" href=\"https:\/\/globaltaxjustice.org\/es\/noticias\/sindicatos-del-cono-sur-se-articulan-por-una-agenda-de-justicia-fiscal-y-aduanera-en-encuentro-regional\/\">Sindicatos del Cono Sur se articulan por una agenda de justicia fiscal y aduanera en encuentro regional<\/a><\/h3>\n\n\n\n\t\t\t\t\t\t\t\t<\/div>\n\t\t\t\t\t\t\t\t\t\t\t\t\t\t\t<div class='wp-block-getwid-custom-post-type__post'>\n\t\t\t\t\t\t\t\t\t\n<div class=\"wp-block-getwid-template-post-featured-image\" >\n            <a href=\"https:\/\/globaltaxjustice.org\/es\/noticias\/ffd-forum-2026-intervention\/\">\n        <img loading=\"lazy\" decoding=\"async\" width=\"768\" height=\"482\" src=\"https:\/\/globaltaxjustice.org\/wp-content\/uploads\/2026\/04\/Screenshot-2026-04-22-at-1.17.55-PM-768x482.png\" class=\"attachment-medium_large size-medium_large wp-post-image\" alt=\"Reparar y fortalecer las bases del multilateralismo democr\u00e1tico y mantener viva la promesa del Financiamiento para el Desarrollo\" srcset=\"https:\/\/globaltaxjustice.org\/wp-content\/uploads\/2026\/04\/Screenshot-2026-04-22-at-1.17.55-PM-768x482.png 768w, https:\/\/globaltaxjustice.org\/wp-content\/uploads\/2026\/04\/Screenshot-2026-04-22-at-1.17.55-PM-300x188.png 300w, https:\/\/globaltaxjustice.org\/wp-content\/uploads\/2026\/04\/Screenshot-2026-04-22-at-1.17.55-PM-1024x643.png 1024w, https:\/\/globaltaxjustice.org\/wp-content\/uploads\/2026\/04\/Screenshot-2026-04-22-at-1.17.55-PM-1536x964.png 1536w, https:\/\/globaltaxjustice.org\/wp-content\/uploads\/2026\/04\/Screenshot-2026-04-22-at-1.17.55-PM-2048x1286.png 2048w, https:\/\/globaltaxjustice.org\/wp-content\/uploads\/2026\/04\/Screenshot-2026-04-22-at-1.17.55-PM-938x589.png 938w, https:\/\/globaltaxjustice.org\/wp-content\/uploads\/2026\/04\/Screenshot-2026-04-22-at-1.17.55-PM-1130x709.png 1130w\" sizes=\"auto, (max-width: 768px) 100vw, 768px\" \/>            <\/a>\n    <\/div>\n\n\n<div style=\"color:#616161; font-size:22px;\" class=\"has-link-color wp-elements-d516baeafb267977779d6a68a276f5e2 wp-block-post-date has-text-color\"><time datetime=\"2026-04-22T11:23:30+00:00\">22 abril<\/time><\/div>\n\n\n<h3 style=\"font-size: 24px;color:#3471b4;\" class=\"wp-block-getwid-template-post-title has-text-color\"><a class=\"wp-block-getwid-template-post-title__link\" href=\"https:\/\/globaltaxjustice.org\/es\/noticias\/ffd-forum-2026-intervention\/\">Reparar y fortalecer las bases del multilateralismo democr\u00e1tico y mantener viva la promesa del Financiamiento para el Desarrollo<\/a><\/h3>\n\n\n\n\t\t\t\t\t\t\t\t<\/div>\n\t\t\t\t\t\t\t\t\t\t\t\t\t\t\t<div class='wp-block-getwid-custom-post-type__post'>\n\t\t\t\t\t\t\t\t\t\n<div class=\"wp-block-getwid-template-post-featured-image\" >\n            <a href=\"https:\/\/globaltaxjustice.org\/es\/noticias\/gdoa-highlights\/\">\n        <img loading=\"lazy\" decoding=\"async\" width=\"768\" height=\"337\" src=\"https:\/\/globaltaxjustice.org\/wp-content\/uploads\/2026\/02\/Cover-facebook_EN-768x337.jpg\" class=\"attachment-medium_large size-medium_large wp-post-image\" alt=\"Destacados de los D\u00edas Globales de Acci\u00f3n por la Justicia Fiscal para los Derechos de las Mujeres 2026\" srcset=\"https:\/\/globaltaxjustice.org\/wp-content\/uploads\/2026\/02\/Cover-facebook_EN-768x337.jpg 768w, https:\/\/globaltaxjustice.org\/wp-content\/uploads\/2026\/02\/Cover-facebook_EN-300x132.jpg 300w, https:\/\/globaltaxjustice.org\/wp-content\/uploads\/2026\/02\/Cover-facebook_EN-1024x449.jpg 1024w, https:\/\/globaltaxjustice.org\/wp-content\/uploads\/2026\/02\/Cover-facebook_EN-1536x674.jpg 1536w, https:\/\/globaltaxjustice.org\/wp-content\/uploads\/2026\/02\/Cover-facebook_EN-2048x898.jpg 2048w, https:\/\/globaltaxjustice.org\/wp-content\/uploads\/2026\/02\/Cover-facebook_EN-938x411.jpg 938w, https:\/\/globaltaxjustice.org\/wp-content\/uploads\/2026\/02\/Cover-facebook_EN-1130x496.jpg 1130w\" sizes=\"auto, (max-width: 768px) 100vw, 768px\" \/>            <\/a>\n    <\/div>\n\n\n<div style=\"color:#616161; font-size:22px;\" class=\"has-link-color wp-elements-d516baeafb267977779d6a68a276f5e2 wp-block-post-date has-text-color\"><time datetime=\"2026-03-11T17:58:55+00:00\">11 marzo<\/time><\/div>\n\n\n<h3 style=\"font-size: 24px;color:#3471b4;\" class=\"wp-block-getwid-template-post-title has-text-color\"><a class=\"wp-block-getwid-template-post-title__link\" href=\"https:\/\/globaltaxjustice.org\/es\/noticias\/gdoa-highlights\/\">Destacados de los D\u00edas Globales de Acci\u00f3n por la Justicia Fiscal para los Derechos de las Mujeres 2026<\/a><\/h3>\n\n\n\n\t\t\t\t\t\t\t\t<\/div>\n\t\t\t\t\t\t\t\t\t\t\t\t\t\t\t<div class='wp-block-getwid-custom-post-type__post'>\n\t\t\t\t\t\t\t\t\t\n<div class=\"wp-block-getwid-template-post-featured-image\" >\n            <a href=\"https:\/\/globaltaxjustice.org\/es\/noticias\/towards-a-feminist-fiscal-system\/\">\n        <img loading=\"lazy\" decoding=\"async\" width=\"768\" height=\"432\" src=\"https:\/\/globaltaxjustice.org\/wp-content\/uploads\/2026\/03\/Youtube-Closing-Event_GDOA-2026-ES-768x432.jpg\" class=\"attachment-medium_large size-medium_large wp-post-image\" alt=\"Hacia un sistema fiscal feminista: las negociaciones para una Convenci\u00f3n Fiscal de las Naciones Unidas\" srcset=\"https:\/\/globaltaxjustice.org\/wp-content\/uploads\/2026\/03\/Youtube-Closing-Event_GDOA-2026-ES-768x432.jpg 768w, https:\/\/globaltaxjustice.org\/wp-content\/uploads\/2026\/03\/Youtube-Closing-Event_GDOA-2026-ES-300x169.jpg 300w, https:\/\/globaltaxjustice.org\/wp-content\/uploads\/2026\/03\/Youtube-Closing-Event_GDOA-2026-ES-1024x576.jpg 1024w, https:\/\/globaltaxjustice.org\/wp-content\/uploads\/2026\/03\/Youtube-Closing-Event_GDOA-2026-ES-1536x864.jpg 1536w, https:\/\/globaltaxjustice.org\/wp-content\/uploads\/2026\/03\/Youtube-Closing-Event_GDOA-2026-ES-2048x1152.jpg 2048w, https:\/\/globaltaxjustice.org\/wp-content\/uploads\/2026\/03\/Youtube-Closing-Event_GDOA-2026-ES-938x528.jpg 938w, https:\/\/globaltaxjustice.org\/wp-content\/uploads\/2026\/03\/Youtube-Closing-Event_GDOA-2026-ES-1130x636.jpg 1130w\" sizes=\"auto, (max-width: 768px) 100vw, 768px\" \/>            <\/a>\n    <\/div>\n\n\n<div style=\"color:#616161; font-size:22px;\" class=\"has-link-color wp-elements-d516baeafb267977779d6a68a276f5e2 wp-block-post-date has-text-color\"><time datetime=\"2026-03-06T04:41:36+00:00\">6 marzo<\/time><\/div>\n\n\n<h3 style=\"font-size: 24px;color:#3471b4;\" class=\"wp-block-getwid-template-post-title has-text-color\"><a class=\"wp-block-getwid-template-post-title__link\" href=\"https:\/\/globaltaxjustice.org\/es\/noticias\/towards-a-feminist-fiscal-system\/\">Hacia un sistema fiscal feminista: las negociaciones para una Convenci\u00f3n Fiscal de las Naciones Unidas<\/a><\/h3>\n\n\n\n\t\t\t\t\t\t\t\t<\/div>\n\t\t\t\t\t\t\t\t\t\t\t\t\t\t\t<div class='wp-block-getwid-custom-post-type__post'>\n\t\t\t\t\t\t\t\t\t\n<div class=\"wp-block-getwid-template-post-featured-image\" >\n            <a href=\"https:\/\/globaltaxjustice.org\/es\/noticias\/fftg3\/\">\n        <img loading=\"lazy\" decoding=\"async\" width=\"768\" height=\"432\" src=\"https:\/\/globaltaxjustice.org\/wp-content\/uploads\/2026\/03\/Youtube-FFTG-Event_GDOA-2026_ES-768x432.jpg\" class=\"attachment-medium_large size-medium_large wp-post-image\" alt=\"Enmarcando la tributaci\u00f3n feminista, volumen 3\" srcset=\"https:\/\/globaltaxjustice.org\/wp-content\/uploads\/2026\/03\/Youtube-FFTG-Event_GDOA-2026_ES-768x432.jpg 768w, https:\/\/globaltaxjustice.org\/wp-content\/uploads\/2026\/03\/Youtube-FFTG-Event_GDOA-2026_ES-300x169.jpg 300w, https:\/\/globaltaxjustice.org\/wp-content\/uploads\/2026\/03\/Youtube-FFTG-Event_GDOA-2026_ES-1024x576.jpg 1024w, https:\/\/globaltaxjustice.org\/wp-content\/uploads\/2026\/03\/Youtube-FFTG-Event_GDOA-2026_ES-1536x864.jpg 1536w, https:\/\/globaltaxjustice.org\/wp-content\/uploads\/2026\/03\/Youtube-FFTG-Event_GDOA-2026_ES-2048x1152.jpg 2048w, https:\/\/globaltaxjustice.org\/wp-content\/uploads\/2026\/03\/Youtube-FFTG-Event_GDOA-2026_ES-938x528.jpg 938w, https:\/\/globaltaxjustice.org\/wp-content\/uploads\/2026\/03\/Youtube-FFTG-Event_GDOA-2026_ES-1130x636.jpg 1130w\" sizes=\"auto, (max-width: 768px) 100vw, 768px\" \/>            <\/a>\n    <\/div>\n\n\n<div style=\"color:#616161; font-size:22px;\" class=\"has-link-color wp-elements-d516baeafb267977779d6a68a276f5e2 wp-block-post-date has-text-color\"><time datetime=\"2026-03-05T15:57:54+00:00\">5 marzo<\/time><\/div>\n\n\n<h3 style=\"font-size: 24px;color:#3471b4;\" class=\"wp-block-getwid-template-post-title has-text-color\"><a class=\"wp-block-getwid-template-post-title__link\" href=\"https:\/\/globaltaxjustice.org\/es\/noticias\/fftg3\/\">Enmarcando la tributaci\u00f3n feminista, volumen 3<\/a><\/h3>\n\n\n\n\t\t\t\t\t\t\t\t<\/div>\n\t\t\t\t\t\t\t\t\t\t\t\t\t\t\t<div class='wp-block-getwid-custom-post-type__post'>\n\t\t\t\t\t\t\t\t\t\n<div class=\"wp-block-getwid-template-post-featured-image\" >\n            <a href=\"https:\/\/globaltaxjustice.org\/es\/noticias\/launch-of-the-10th-global-days-of-action-on-tax-justice-for-womens-rights\/\">\n        <img loading=\"lazy\" decoding=\"async\" width=\"768\" height=\"432\" src=\"https:\/\/globaltaxjustice.org\/wp-content\/uploads\/2026\/03\/Youtube-Launch-Event_GDOA-2026_ES-768x432.jpg\" class=\"attachment-medium_large size-medium_large wp-post-image\" alt=\"Lanzamiento de la 10.\u00aa edici\u00f3n de los D\u00edas Mundiales de Acci\u00f3n por la Justicia Fiscal para los Derechos de las Mujeres\" srcset=\"https:\/\/globaltaxjustice.org\/wp-content\/uploads\/2026\/03\/Youtube-Launch-Event_GDOA-2026_ES-768x432.jpg 768w, https:\/\/globaltaxjustice.org\/wp-content\/uploads\/2026\/03\/Youtube-Launch-Event_GDOA-2026_ES-300x169.jpg 300w, https:\/\/globaltaxjustice.org\/wp-content\/uploads\/2026\/03\/Youtube-Launch-Event_GDOA-2026_ES-1024x576.jpg 1024w, https:\/\/globaltaxjustice.org\/wp-content\/uploads\/2026\/03\/Youtube-Launch-Event_GDOA-2026_ES-1536x864.jpg 1536w, https:\/\/globaltaxjustice.org\/wp-content\/uploads\/2026\/03\/Youtube-Launch-Event_GDOA-2026_ES-2048x1152.jpg 2048w, https:\/\/globaltaxjustice.org\/wp-content\/uploads\/2026\/03\/Youtube-Launch-Event_GDOA-2026_ES-938x528.jpg 938w, https:\/\/globaltaxjustice.org\/wp-content\/uploads\/2026\/03\/Youtube-Launch-Event_GDOA-2026_ES-1130x636.jpg 1130w\" sizes=\"auto, (max-width: 768px) 100vw, 768px\" \/>            <\/a>\n    <\/div>\n\n\n<div style=\"color:#616161; font-size:22px;\" class=\"has-link-color wp-elements-d516baeafb267977779d6a68a276f5e2 wp-block-post-date has-text-color\"><time datetime=\"2026-03-02T20:19:30+00:00\">2 marzo<\/time><\/div>\n\n\n<h3 style=\"font-size: 24px;color:#3471b4;\" class=\"wp-block-getwid-template-post-title has-text-color\"><a class=\"wp-block-getwid-template-post-title__link\" href=\"https:\/\/globaltaxjustice.org\/es\/noticias\/launch-of-the-10th-global-days-of-action-on-tax-justice-for-womens-rights\/\">Lanzamiento de la 10.\u00aa edici\u00f3n de los D\u00edas Mundiales de Acci\u00f3n por la Justicia Fiscal para los Derechos de las Mujeres<\/a><\/h3>\n\n\n\n\t\t\t\t\t\t\t\t<\/div>\n\t\t\t\t\t\t\t            <\/div>\n\n                    <\/div>\n        <\/div><\/div><\/div><\/div><\/div>\n","protected":false},"excerpt":{"rendered":"","protected":false},"author":3,"featured_media":0,"parent":0,"menu_order":0,"comment_status":"closed","ping_status":"closed","template":"template-front-page.php","meta":{"_acf_changed":false,"footnotes":""},"class_list":["post-14456","page","type-page","status-publish","hentry"],"acf":[],"yoast_head":"<!-- This site is optimized with the Yoast SEO plugin v27.2 - https:\/\/yoast.com\/product\/yoast-seo-wordpress\/ -->\n<title>P\u00e1gina principal - Global Tax Justice<\/title>\n<meta name=\"robots\" content=\"index, follow, max-snippet:-1, max-image-preview:large, max-video-preview:-1\" \/>\n<link rel=\"canonical\" href=\"https:\/\/globaltaxjustice.org\/es\/\" \/>\n<meta property=\"og:locale\" content=\"es_ES\" \/>\n<meta property=\"og:type\" content=\"article\" \/>\n<meta property=\"og:title\" content=\"P\u00e1gina principal - Global Tax Justice\" \/>\n<meta property=\"og:url\" content=\"https:\/\/globaltaxjustice.org\/es\/\" \/>\n<meta property=\"og:site_name\" content=\"Global Tax Justice\" \/>\n<meta property=\"article:modified_time\" content=\"2026-01-27T22:45:08+00:00\" \/>\n<meta property=\"og:image\" content=\"https:\/\/globaltaxjustice.org\/wp-content\/uploads\/2024\/10\/IMG_6711-1024x768.jpg\" \/>\n<meta name=\"twitter:card\" content=\"summary_large_image\" \/>\n<meta name=\"twitter:label1\" content=\"Est. reading time\" \/>\n\t<meta name=\"twitter:data1\" content=\"2 minutos\" \/>\n<script type=\"application\/ld+json\" class=\"yoast-schema-graph\">{\"@context\":\"https:\/\/schema.org\",\"@graph\":[{\"@type\":\"WebPage\",\"@id\":\"https:\/\/globaltaxjustice.org\/es\/\",\"url\":\"https:\/\/globaltaxjustice.org\/es\/\",\"name\":\"P\u00e1gina principal - Global Tax Justice\",\"isPartOf\":{\"@id\":\"https:\/\/globaltaxjustice.org\/es\/#website\"},\"primaryImageOfPage\":{\"@id\":\"https:\/\/globaltaxjustice.org\/es\/#primaryimage\"},\"image\":{\"@id\":\"https:\/\/globaltaxjustice.org\/es\/#primaryimage\"},\"thumbnailUrl\":\"https:\/\/globaltaxjustice.org\/wp-content\/uploads\/2024\/10\/IMG_6711-1024x768.jpg\",\"datePublished\":\"2024-09-24T12:11:03+00:00\",\"dateModified\":\"2026-01-27T22:45:08+00:00\",\"breadcrumb\":{\"@id\":\"https:\/\/globaltaxjustice.org\/es\/#breadcrumb\"},\"inLanguage\":\"es\",\"potentialAction\":[{\"@type\":\"ReadAction\",\"target\":[\"https:\/\/globaltaxjustice.org\/es\/\"]}]},{\"@type\":\"ImageObject\",\"inLanguage\":\"es\",\"@id\":\"https:\/\/globaltaxjustice.org\/es\/#primaryimage\",\"url\":\"https:\/\/globaltaxjustice.org\/wp-content\/uploads\/2024\/10\/IMG_6711-1024x768.jpg\",\"contentUrl\":\"https:\/\/globaltaxjustice.org\/wp-content\/uploads\/2024\/10\/IMG_6711-1024x768.jpg\"},{\"@type\":\"BreadcrumbList\",\"@id\":\"https:\/\/globaltaxjustice.org\/es\/#breadcrumb\",\"itemListElement\":[{\"@type\":\"ListItem\",\"position\":1,\"name\":\"Home\",\"item\":\"https:\/\/globaltaxjustice.org\/es\/\"},{\"@type\":\"ListItem\",\"position\":2,\"name\":\"P\u00e1gina principal\"}]},{\"@type\":\"WebSite\",\"@id\":\"https:\/\/globaltaxjustice.org\/es\/#website\",\"url\":\"https:\/\/globaltaxjustice.org\/es\/\",\"name\":\"Global Tax Justice\",\"description\":\"Just another WordPress site\",\"publisher\":{\"@id\":\"https:\/\/globaltaxjustice.org\/es\/#organization\"},\"potentialAction\":[{\"@type\":\"SearchAction\",\"target\":{\"@type\":\"EntryPoint\",\"urlTemplate\":\"https:\/\/globaltaxjustice.org\/es\/?s={search_term_string}\"},\"query-input\":{\"@type\":\"PropertyValueSpecification\",\"valueRequired\":true,\"valueName\":\"search_term_string\"}}],\"inLanguage\":\"es\"},{\"@type\":\"Organization\",\"@id\":\"https:\/\/globaltaxjustice.org\/es\/#organization\",\"name\":\"Global Tax Justice\",\"url\":\"https:\/\/globaltaxjustice.org\/es\/\",\"logo\":{\"@type\":\"ImageObject\",\"inLanguage\":\"es\",\"@id\":\"https:\/\/globaltaxjustice.org\/es\/#\/schema\/logo\/image\/\",\"url\":\"https:\/\/globaltaxjustice.org\/wp-content\/uploads\/2024\/10\/logo_header.svg\",\"contentUrl\":\"https:\/\/globaltaxjustice.org\/wp-content\/uploads\/2024\/10\/logo_header.svg\",\"width\":229,\"height\":40,\"caption\":\"Global Tax Justice\"},\"image\":{\"@id\":\"https:\/\/globaltaxjustice.org\/es\/#\/schema\/logo\/image\/\"}}]}<\/script>\n<!-- \/ Yoast SEO plugin. -->","yoast_head_json":{"title":"P\u00e1gina principal - Global Tax Justice","robots":{"index":"index","follow":"follow","max-snippet":"max-snippet:-1","max-image-preview":"max-image-preview:large","max-video-preview":"max-video-preview:-1"},"canonical":"https:\/\/globaltaxjustice.org\/es\/","og_locale":"es_ES","og_type":"article","og_title":"P\u00e1gina principal - Global Tax Justice","og_url":"https:\/\/globaltaxjustice.org\/es\/","og_site_name":"Global Tax Justice","article_modified_time":"2026-01-27T22:45:08+00:00","og_image":[{"url":"https:\/\/globaltaxjustice.org\/wp-content\/uploads\/2024\/10\/IMG_6711-1024x768.jpg","type":"","width":"","height":""}],"twitter_card":"summary_large_image","twitter_misc":{"Est. reading time":"2 minutos"},"schema":{"@context":"https:\/\/schema.org","@graph":[{"@type":"WebPage","@id":"https:\/\/globaltaxjustice.org\/es\/","url":"https:\/\/globaltaxjustice.org\/es\/","name":"P\u00e1gina principal - Global Tax Justice","isPartOf":{"@id":"https:\/\/globaltaxjustice.org\/es\/#website"},"primaryImageOfPage":{"@id":"https:\/\/globaltaxjustice.org\/es\/#primaryimage"},"image":{"@id":"https:\/\/globaltaxjustice.org\/es\/#primaryimage"},"thumbnailUrl":"https:\/\/globaltaxjustice.org\/wp-content\/uploads\/2024\/10\/IMG_6711-1024x768.jpg","datePublished":"2024-09-24T12:11:03+00:00","dateModified":"2026-01-27T22:45:08+00:00","breadcrumb":{"@id":"https:\/\/globaltaxjustice.org\/es\/#breadcrumb"},"inLanguage":"es","potentialAction":[{"@type":"ReadAction","target":["https:\/\/globaltaxjustice.org\/es\/"]}]},{"@type":"ImageObject","inLanguage":"es","@id":"https:\/\/globaltaxjustice.org\/es\/#primaryimage","url":"https:\/\/globaltaxjustice.org\/wp-content\/uploads\/2024\/10\/IMG_6711-1024x768.jpg","contentUrl":"https:\/\/globaltaxjustice.org\/wp-content\/uploads\/2024\/10\/IMG_6711-1024x768.jpg"},{"@type":"BreadcrumbList","@id":"https:\/\/globaltaxjustice.org\/es\/#breadcrumb","itemListElement":[{"@type":"ListItem","position":1,"name":"Home","item":"https:\/\/globaltaxjustice.org\/es\/"},{"@type":"ListItem","position":2,"name":"P\u00e1gina principal"}]},{"@type":"WebSite","@id":"https:\/\/globaltaxjustice.org\/es\/#website","url":"https:\/\/globaltaxjustice.org\/es\/","name":"Global Tax Justice","description":"Just another WordPress site","publisher":{"@id":"https:\/\/globaltaxjustice.org\/es\/#organization"},"potentialAction":[{"@type":"SearchAction","target":{"@type":"EntryPoint","urlTemplate":"https:\/\/globaltaxjustice.org\/es\/?s={search_term_string}"},"query-input":{"@type":"PropertyValueSpecification","valueRequired":true,"valueName":"search_term_string"}}],"inLanguage":"es"},{"@type":"Organization","@id":"https:\/\/globaltaxjustice.org\/es\/#organization","name":"Global Tax Justice","url":"https:\/\/globaltaxjustice.org\/es\/","logo":{"@type":"ImageObject","inLanguage":"es","@id":"https:\/\/globaltaxjustice.org\/es\/#\/schema\/logo\/image\/","url":"https:\/\/globaltaxjustice.org\/wp-content\/uploads\/2024\/10\/logo_header.svg","contentUrl":"https:\/\/globaltaxjustice.org\/wp-content\/uploads\/2024\/10\/logo_header.svg","width":229,"height":40,"caption":"Global Tax Justice"},"image":{"@id":"https:\/\/globaltaxjustice.org\/es\/#\/schema\/logo\/image\/"}}]}},"_links":{"self":[{"href":"https:\/\/globaltaxjustice.org\/es\/wp-json\/wp\/v2\/pages\/14456","targetHints":{"allow":["GET"]}}],"collection":[{"href":"https:\/\/globaltaxjustice.org\/es\/wp-json\/wp\/v2\/pages"}],"about":[{"href":"https:\/\/globaltaxjustice.org\/es\/wp-json\/wp\/v2\/types\/page"}],"author":[{"embeddable":true,"href":"https:\/\/globaltaxjustice.org\/es\/wp-json\/wp\/v2\/users\/3"}],"replies":[{"embeddable":true,"href":"https:\/\/globaltaxjustice.org\/es\/wp-json\/wp\/v2\/comments?post=14456"}],"version-history":[{"count":0,"href":"https:\/\/globaltaxjustice.org\/es\/wp-json\/wp\/v2\/pages\/14456\/revisions"}],"wp:attachment":[{"href":"https:\/\/globaltaxjustice.org\/es\/wp-json\/wp\/v2\/media?parent=14456"}],"curies":[{"name":"wp","href":"https:\/\/api.w.org\/{rel}","templated":true}]}}